{"id":7336,"date":"2019-05-27T12:52:21","date_gmt":"2019-05-27T12:52:21","guid":{"rendered":"https:\/\/www.andamur.com\/?page_id=7336"},"modified":"2025-07-24T06:38:56","modified_gmt":"2025-07-24T05:38:56","slug":"aviso-legal","status":"publish","type":"page","link":"https:\/\/www.andamur.com\/pt-pt\/aviso-legal\/","title":{"rendered":"Aviso Legal"},"content":{"rendered":"<ol>\n<li><strong>Introdu\u00e7\u00e3o.<\/strong><\/li>\n<\/ol>\n<p>A fim de cumprir a Lei 34\/2002 de Servi\u00e7os da Sociedade da Informa\u00e7\u00e3o e do Com\u00e9rcio Eletr\u00f3nico (LSSICE), informamos os utilizadores e visitantes da p\u00e1gina web dos presentes termos e condi\u00e7\u00f5es que s\u00e3o de car\u00e1ter vinculativo.<\/p>\n<p>O presente Aviso Legal foi revisto em julho de 2025, pelo que podem existir varia\u00e7\u00f5es at\u00e9 \u00e0 sua pr\u00f3xima revis\u00e3o.<\/p>\n<ol start=\"2\">\n<li><strong>Identifica\u00e7\u00e3o do respons\u00e1vel da p\u00e1gina web.<\/strong><\/li>\n<\/ol>\n<ul>\n<li><strong>Nome:<\/strong> GP LIMITE ANDAMUR S.L.<\/li>\n<li><strong>NIPC:<\/strong> B30424162<\/li>\n<li><strong>Morada:<\/strong> IND. SAPRELORCA, CENTRO DE NEGOCIOS ANDAMUR. 30817 LORCA (MURCIA) Espanha.<\/li>\n<li><strong>Telefone:<\/strong> +34 968102000<\/li>\n<li><strong>E-mail: <\/strong>info@andamur.com<\/li>\n<li><strong>Dados de registo: <\/strong>Inscrito no Registo Comercial de MURCIA, Tomo 2400, F\u00f3lio 62, sec\u00e7\u00e3o 8, Folha MU-23158.<\/li>\n<\/ul>\n<p><strong>\u00a0<\/strong><\/p>\n<ol start=\"3\">\n<li><strong>Objeto e aceita\u00e7\u00e3o.<\/strong><\/li>\n<\/ol>\n<p>O presente Aviso Legal regula a utiliza\u00e7\u00e3o da p\u00e1gina web www.andamur.com, titularidade do respons\u00e1vel indicado no ponto anterior ao qual doravante nos vamos referir como \u201crespons\u00e1vel\u201d ou \u201cempresa\u201d.<\/p>\n<p>A navega\u00e7\u00e3o pela p\u00e1gina web da empresa atribui a condi\u00e7\u00e3o de utilizador da mesma e implica a aceita\u00e7\u00e3o plena e sem reservas de todas e cada uma das disposi\u00e7\u00f5es inclu\u00eddas neste Aviso Legal que podem sofrer modifica\u00e7\u00f5es.<\/p>\n<p>O utilizador obriga-se a fazer uma utiliza\u00e7\u00e3o correta da p\u00e1gina web em conformidade com as leis, a boa-f\u00e9, a ordem p\u00fablica, as utiliza\u00e7\u00f5es de tr\u00e1fego e o presente Aviso Legal.<\/p>\n<p>O utilizador responder\u00e1 perante a empresa ou perante terceiros por quaisquer danos ou preju\u00edzos que possam ocorrer em consequ\u00eancia do incumprimento da referida obriga\u00e7\u00e3o.<\/p>\n<ol start=\"4\">\n<li><strong>Condi\u00e7\u00f5es de acesso e utiliza\u00e7\u00e3o.<\/strong><\/li>\n<\/ol>\n<p>A p\u00e1gina web e os seus servi\u00e7os s\u00e3o de acesso livre e gratuito, salvo no que concerne aos custos de liga\u00e7\u00e3o e acesso \u00e0 Internet correspondentes, contratados pelo utilizador. N\u00e3o obstante, a empresa pode condicionar a utiliza\u00e7\u00e3o de alguns dos servi\u00e7os oferecidos na sua p\u00e1gina web com base no pr\u00e9vio preenchimento do correspondente formul\u00e1rio ou na autoriza\u00e7\u00e3o pr\u00e9via por parte da empresa.<\/p>\n<p>No caso de ser menor de idade, para a utiliza\u00e7\u00e3o dos servi\u00e7os dever\u00e1 obter sempre o consentimento pr\u00e9vio dos pais, tutores ou representantes legais, respons\u00e1veis finais por todos os atos realizados pelos menores a seu cargo.<\/p>\n<p>A responsabilidade na determina\u00e7\u00e3o de conte\u00fados espec\u00edficos aos quais os menores acedem corresponde aos mesmos e, por isso, se os menores acederem a conte\u00fados n\u00e3o adequados atrav\u00e9s da Internet, ter-se-\u00e3o de definir nos seus computadores mecanismos, em particular programas inform\u00e1ticos, filtros e bloqueios que permitam limitar os conte\u00fados dispon\u00edveis e, apesar de n\u00e3o serem infal\u00edveis, s\u00e3o de especial utilidade para controlar e restringir os materiais aos quais os menores podem aceder.<\/p>\n<p>O utilizador garante a autenticidade e atualidade de todos os dados que comunique \u00e0 empresa e ser\u00e1 o \u00fanico respons\u00e1vel por manifesta\u00e7\u00f5es inexatas ou falsas que realize.<\/p>\n<p>\u00c9 responsabilidade do utilizador manter sempre atualizadas as suas informa\u00e7\u00f5es fornecidas \u00e0 empresa.<\/p>\n<p>O utilizador far\u00e1 uma utiliza\u00e7\u00e3o adequada dos conte\u00fados e servi\u00e7os da empresa. Utilizar\u00e1 a p\u00e1gina web em conformidade com a Lei, com o presente Aviso Legal, bem como com a moral e os bons costumes.<\/p>\n<p>Para esse efeito, o utilizador n\u00e3o utilizar\u00e1 a p\u00e1gina web para fins proibidos ou il\u00edcitos, n\u00e3o tornar\u00e1 vulner\u00e1veis direitos e interesses de terceiros e evitar\u00e1 qualquer forma ou a\u00e7\u00e3o que possa danificar ou provocar preju\u00edzos \u00e0 empresa e\/ou a terceiros.<\/p>\n<p>Deste modo, o utilizador compromete-se a n\u00e3o levar a cabo nenhuma das seguintes atividades ou a\u00e7\u00f5es:<\/p>\n<ol>\n<li>Divulgar conte\u00fados il\u00edcitos, violentos, ofensivos, desrespeitosos e, em geral, contr\u00e1rios \u00e0 lei ou \u00e0 ordem p\u00fablica.<\/li>\n<li>Introduzir na rede v\u00edrus inform\u00e1ticos ou realizar atua\u00e7\u00f5es suscet\u00edveis de alterar, danificar, interromper ou gerar erros ou danos nos documentos eletr\u00f3nicos, dados ou sistemas f\u00edsicos e l\u00f3gicos da empresa, ou de terceiros; bem como impedir no acesso a outros utilizadores \u00e0 p\u00e1gina web e aos seus servi\u00e7os mediante o consumo em massa dos recursos inform\u00e1ticos atrav\u00e9s dos quais a empresa presta os seus servi\u00e7os.<\/li>\n<li>Tentar aceder \u00e0s contas e\/ou perfis de outros utilizadores ou a \u00e1reas restringidas dos sistemas inform\u00e1ticos da empresa ou de terceiros e, se for o caso, extrair informa\u00e7\u00f5es.<\/li>\n<li>Tornar vulner\u00e1veis os direitos de propriedade intelectual ou industrial, bem como violar a confidencialidade das informa\u00e7\u00f5es da empresa ou de terceiros.<\/li>\n<li>Substituir a identidade de outro utilizador, das administra\u00e7\u00f5es p\u00fablicas ou de um terceiro.<\/li>\n<li>Reproduzir, copiar, distribuir, colocar \u00e0 disposi\u00e7\u00e3o ou de qualquer outra forma comunicar publicamente, transformar ou modificar os conte\u00fados, salvo se existir autoriza\u00e7\u00e3o do titular dos correspondentes direitos ou tal for legalmente permitido.<\/li>\n<li>Recolher dados com finalidade publicit\u00e1ria e remeter publicidade de qualquer tipo e comunica\u00e7\u00f5es com fins de venda ou outras de natureza comercial sem que seja necess\u00e1rio um pedido ou consentimento pr\u00e9vio.<\/li>\n<li>N\u00e3o transmitir, divulgar ou colocar \u00e0 disposi\u00e7\u00e3o de terceiros: informa\u00e7\u00f5es, dados, conte\u00fados, mensagens, gr\u00e1ficos, desenhos, ficheiros de som ou imagem, fotografias, grava\u00e7\u00f5es, software e, em geral, qualquer tipo de material que:<\/li>\n<li>atente, desrespeite ou seja contr\u00e1rio aos direitos fundamentais e \u00e0s liberdades p\u00fablicas reconhecidas constitucionalmente, em tratados internacionais e outras normas vigentes;<\/li>\n<li>induza, incite ou promova atua\u00e7\u00f5es il\u00edcitas, denegridoras, difamat\u00f3rias, violentas ou, em geral, contr\u00e1rias \u00e0 lei, \u00e0 moral e \u00e0 ordem p\u00fablica;<\/li>\n<\/ol>\n<ul>\n<li>induza, incite ou promova atua\u00e7\u00f5es, atitudes ou pensamentos discriminat\u00f3rios quest\u00f5es de de g\u00e9nero, ra\u00e7a, religi\u00e3o, cren\u00e7as, idade ou condi\u00e7\u00e3o;<\/li>\n<\/ul>\n<ol>\n<li>seja contr\u00e1rio ao direito \u00e0 honra, \u00e0 intimidade pessoal ou familiar ou \u00e0 pr\u00f3pria imagem das pessoas;<\/li>\n<li>de qualquer forma, prejudique a credibilidade do prestador ou de terceiros e constitua publicidade il\u00edcita, enganosa ou desleal.<\/li>\n<\/ol>\n<ol start=\"5\">\n<li><strong>Propriedade intelectual.<\/strong><\/li>\n<\/ol>\n<p>A p\u00e1gina web e todos os seus conte\u00fados necess\u00e1rios ou impl\u00edcitos no seu funcionamento: textos, fotografias, gr\u00e1ficos, imagens, \u00edcones, tecnologia, software, bem como o seu design gr\u00e1fico e c\u00f3digos-fonte, constituem uma obra cuja propriedade pertence \u00e0 empresa ou aos seus respetivos titulares, sem que possam entender-se como cedidos ao utilizador qualquer um dos direitos de explora\u00e7\u00e3o sobre os mesmos al\u00e9m do estritamente necess\u00e1rio para a correta utiliza\u00e7\u00e3o da web.<\/p>\n<p>Todos os conte\u00fados anteriormente indicados, a t\u00edtulo enunciativo, mas n\u00e3o limitativo, encontram-se sob a prote\u00e7\u00e3o da norma de propriedade intelectual e industrial. Qualquer reprodu\u00e7\u00e3o, utiliza\u00e7\u00e3o, distribui\u00e7\u00e3o e comunica\u00e7\u00e3o, quer seja de forma parcial ou total, requerem previamente a autoriza\u00e7\u00e3o por parte da empresa ou, conforme o caso, dos respetivos titulares.<\/p>\n<p>De forma pr\u00e9-determinada, os utilizadores da p\u00e1gina web s\u00f3 podem visualizar e utilizar os seus conte\u00fados de forma privada, para as a\u00e7\u00f5es l\u00edcitas e impl\u00edcitas da p\u00e1gina web e servi\u00e7os da empresa; sem que possam ser objeto de qualquer tipo de explora\u00e7\u00e3o nem cess\u00e3o a terceiros.<\/p>\n<p>Assim, todas as marcas, nomes comerciais, log\u00f3tipos, gr\u00e1ficos ou sinais distintivos de qualquer tipo que possam aparecer na p\u00e1gina web s\u00e3o propriedade dos seus respetivos donos, sem que se possa entender que a utiliza\u00e7\u00e3o ou acesso ao mesmo atribui ao utilizador direito algum sobre os mesmos.<\/p>\n<p>A empresa reconhece, a favor dos correspondentes titulares, os seus direitos de propriedade industrial e intelectual. A men\u00e7\u00e3o ou surgimento na p\u00e1gina web de nomes e marcas de terceiros n\u00e3o implica qualquer direito ou responsabilidade da empresa sobre os mesmos, nem sequer apoio, patroc\u00ednio ou recomenda\u00e7\u00e3o por parte destes.<\/p>\n<p>A incorpora\u00e7\u00e3o de log\u00f3tipos, sinais, dados ou conte\u00fados que identificam clientes realiza-se no enquadramento de pr\u00e1ticas legais em mat\u00e9ria industrial ou comercial, estando a sua exposi\u00e7\u00e3o limitada a indicar que a empresa lhes prestou um servi\u00e7o ou manteve uma rela\u00e7\u00e3o profissional ou comercial em algum momento.<\/p>\n<p>A distribui\u00e7\u00e3o, modifica\u00e7\u00e3o, cess\u00e3o ou comunica\u00e7\u00e3o p\u00fablica dos conte\u00fados e qualquer outro ato que n\u00e3o tenha sido expressamente autorizado pelo correspondente titular dos direitos de explora\u00e7\u00e3o s\u00e3o proibidos.<\/p>\n<p>A empresa n\u00e3o se responsabiliza pela utiliza\u00e7\u00e3o que cada utilizador fa\u00e7a dos materiais colocados \u00e0 disposi\u00e7\u00e3o desta p\u00e1gina web, nem pelas atua\u00e7\u00f5es que realize com base nos mesmos.<\/p>\n<ol start=\"6\">\n<li><strong>Liga\u00e7\u00f5es (hiperliga\u00e7\u00f5es ou links) e endere\u00e7os IP.<\/strong><\/li>\n<\/ol>\n<p>O estabelecimento de uma hiperliga\u00e7\u00e3o n\u00e3o implica, em caso algum, a exist\u00eancia de rela\u00e7\u00f5es entre a empresa e o propriet\u00e1rio da p\u00e1gina web na qual se estabele\u00e7a, nem a aceita\u00e7\u00e3o e aprova\u00e7\u00e3o por parte da empresa dos seus conte\u00fados ou servi\u00e7os.<\/p>\n<p>As pessoas que se proponham estabelecer uma hiperliga\u00e7\u00e3o para a p\u00e1gina web da empresa dever\u00e3o, previamente, solicitar autoriza\u00e7\u00e3o por escrito da mesma. Em qualquer caso, a hiperliga\u00e7\u00e3o s\u00f3 permitir\u00e1 o acesso \u00e0 p\u00e1gina de in\u00edcio da nossa p\u00e1gina web.<\/p>\n<p>Abster-se-\u00e1 de realizar manifesta\u00e7\u00f5es ou indica\u00e7\u00f5es falsas ou imprecisas sobre a empresa ou incluir conte\u00fados il\u00edcitos, contr\u00e1rios aos bons costumes e \u00e0 ordem p\u00fablica.<\/p>\n<p>A empresa n\u00e3o se responsabiliza pela utiliza\u00e7\u00e3o que cada utilizador fa\u00e7a dos materiais colocados \u00e0 disposi\u00e7\u00e3o desta p\u00e1gina web, nem pelas atua\u00e7\u00f5es que realize com base nos mesmos.<\/p>\n<ol start=\"7\">\n<li><strong>Exclus\u00e3o de garantias e responsabilidades.<\/strong><\/li>\n<\/ol>\n<p>O conte\u00fado da presente p\u00e1gina web \u00e9 de car\u00e1ter geral e tem uma finalidade meramente informativa, sem que se garanta plenamente o acesso a todos os conte\u00fados, nem a sua exaustividade, corre\u00e7\u00e3o, vig\u00eancia ou atualidade, nem a sua idoneidade ou utilidade para um objetivo espec\u00edfico.<\/p>\n<p>A empresa n\u00e3o se responsabiliza pelas informa\u00e7\u00f5es e conte\u00fados armazenados, a t\u00edtulo enunciativo, mas n\u00e3o limitativo, em f\u00f3runs, chats, geradores de blogues, coment\u00e1rios, redes sociais ou qualquer outro meio que permita a terceiros publicar conte\u00fados de forma independente \u00e0 p\u00e1gina web da empresa.<\/p>\n<p>No entanto, e no cumprimento do disposto na LSSICE, a empresa coloca-se \u00e0 disposi\u00e7\u00e3o de todos os utilizadores, autoridades e for\u00e7as de seguran\u00e7a e colabora de forma ativa na retirada ou, quando for necess\u00e1rio, no bloqueio de todos os conte\u00fados que possam afetar ou infringir a legisla\u00e7\u00e3o nacional ou internacional, direitos de terceiros ou a moral e a ordem p\u00fablica.<\/p>\n<p>No caso de o utilizador considerar que pode existir algum conte\u00fado que possa ser suscet\u00edvel desta classifica\u00e7\u00e3o, pedimos que notifique, de forma imediata, a empresa atrav\u00e9s de qualquer meio de contacto dos indicados no in\u00edcio do presente Aviso Legal.<\/p>\n<p>A empresa exclui, at\u00e9 onde o ordenamento jur\u00eddico o permitir, qualquer responsabilidade pelos danos e preju\u00edzos de toda a natureza derivados de:<\/p>\n<ol>\n<li>A impossibilidade de acesso \u00e0 p\u00e1gina web ou a falta de veracidade, exatid\u00e3o, exaustividade e\/ou atualidade dos conte\u00fados, bem como a exist\u00eancia de v\u00edcios e defeitos de todo o tipo de conte\u00fados transmitidos, divulgados, armazenados, colocados \u00e0 disposi\u00e7\u00e3o aos quais se tenha acedido atrav\u00e9s da p\u00e1gina web ou dos servi\u00e7os que s\u00e3o oferecidos.<\/li>\n<li>A presen\u00e7a de v\u00edrus ou de outros elementos maliciosos (malware) nos conte\u00fados que possam produzir altera\u00e7\u00f5es e preju\u00edzos nos sistemas inform\u00e1ticos, documentos eletr\u00f3nicos ou dados dos utilizadores.<\/li>\n<li>O incumprimento das leis, da boa-f\u00e9, da ordem p\u00fablica, das utiliza\u00e7\u00f5es de tr\u00e1fego e do presente Aviso Legal como consequ\u00eancia da utiliza\u00e7\u00e3o incorreta da p\u00e1gina web. Em particular, e a t\u00edtulo de exemplo, a empresa n\u00e3o se responsabiliza pelas atua\u00e7\u00f5es de terceiros que vulnerabilizem os direitos de propriedade intelectual e industrial, direitos de honra, a intimidade pessoal e familiar e \u00e0 pr\u00f3pria imagem.<\/li>\n<li>Quaisquer informa\u00e7\u00f5es que se encontrem fora desta p\u00e1gina web e n\u00e3o sejam geridas diretamente pela empresa, incluindo qualquer liga\u00e7\u00e3o ou hiperliga\u00e7\u00e3o existente, cuja fun\u00e7\u00e3o exclusiva seja a de informar o utilizador de outras fontes suscet\u00edveis de aumentar as informa\u00e7\u00f5es e conte\u00fados oferecidos na p\u00e1gina web.<\/li>\n<\/ol>\n<p>A empresa reserva-se o direito de modificar qualquer tipo de informa\u00e7\u00f5es ou conte\u00fados que possam aparecer na p\u00e1gina web, sem que exista a obriga\u00e7\u00e3o de pr\u00e9-avisar ou dar conhecimento aos utilizadores.<\/p>\n<p>Os utilizadores t\u00eam a responsabilidade de ler o Aviso Legal em qualquer uma das ocasi\u00f5es que visitem a p\u00e1gina web, dado que os termos podem sofrer altera\u00e7\u00f5es sem que exista a obriga\u00e7\u00e3o de pr\u00e9-avisar ou dar conhecimento aos utilizadores destas condi\u00e7\u00f5es, sendo suficiente a publica\u00e7\u00e3o na p\u00e1gina web da empresa.<\/p>\n<ol start=\"8\">\n<li><strong>Privacidade e cookies.<\/strong><\/li>\n<\/ol>\n<p>A empresa tem um elevado compromisso com o cumprimento da normativa de prote\u00e7\u00e3o de dados pessoais para garantir a privacidade das pessoas e o correto tratamento dos dados pessoais, cumprindo, na \u00edntegra, as suas obriga\u00e7\u00f5es e as medidas de seguran\u00e7a correspondentes.<\/p>\n<p>Para mais informa\u00e7\u00f5es, consulte a <a href=\"https:\/\/www.andamur.com\/pt-pt\/politica-de-privacidade\/\">Pol\u00edtica de Privacidade<\/a> da p\u00e1gina web.<\/p>\n<p>A p\u00e1gina web pode utilizar cookies (ficheiros com informa\u00e7\u00f5es que o servidor envia para o computador do utilizador) para levar a cabo determinadas fun\u00e7\u00f5es da p\u00e1gina web que podem ser necess\u00e1rias para o seu correto funcionamento ou opcionais para melhorar o funcionamento e levar a cabo outras fun\u00e7\u00f5es.<\/p>\n<p>No caso da exist\u00eancia de cookies n\u00e3o necess\u00e1rios poder\u00e1 existir o requisito pr\u00e9vio do consentimento informado do utilizador.<\/p>\n<p>Em todo o caso, pode consultar a <a href=\"https:\/\/www.andamur.com\/pt-pt\/politica-de-cookies\/\">Pol\u00edtica de Cookies<\/a> da p\u00e1gina web.<\/p>\n<ol start=\"9\">\n<li><strong>Procedimento no caso de atividades de car\u00e1ter il\u00edcito.<\/strong><\/li>\n<\/ol>\n<p>No caso de qualquer utilizador ou um terceiro considerar que existem factos ou circunst\u00e2ncias que revelem o car\u00e1ter il\u00edcito da utiliza\u00e7\u00e3o de quaisquer conte\u00fados e\/ou a realiza\u00e7\u00e3o de qualquer atividade das p\u00e1ginas web inclu\u00eddas ou acess\u00edveis atrav\u00e9s da p\u00e1gina web da empresa, dever\u00e1 enviar uma notifica\u00e7\u00e3o atrav\u00e9s de qualquer um dos meios de contacto indicados no in\u00edcio do presente Aviso Legal, identificando-se devidamente, especificando as supostas infra\u00e7\u00f5es e declarando expressamente e sob sua responsabilidade que as informa\u00e7\u00f5es fornecidas na notifica\u00e7\u00e3o s\u00e3o exatas.<\/p>\n<ol start=\"10\">\n<li><strong>Notifica\u00e7\u00f5es, legisla\u00e7\u00e3o aplic\u00e1vel e jurisdi\u00e7\u00e3o.<\/strong><\/li>\n<\/ol>\n<p>Todas as notifica\u00e7\u00f5es e comunica\u00e7\u00f5es entre os utilizadores considerar-se-\u00e3o eficazes quando se realizarem atrav\u00e9s dos meios de contacto indicados no in\u00edcio do presente Aviso Legal. Os utilizadores dever-se-\u00e3o dirigir \u00e0 empresa mediante qualquer um destes meios.<\/p>\n<p>Se algum ponto ou disposi\u00e7\u00e3o de quaisquer termos, condi\u00e7\u00f5es ou pol\u00edticas presentes na p\u00e1gina web for inv\u00e1lido ou inaplic\u00e1vel, os restantes termos permanecer\u00e3o v\u00e1lidos e em vigor.<\/p>\n<p>Para todas as quest\u00f5es litigiosas correspondentes \u00e0 p\u00e1gina web da empresa, ser\u00e1 aplic\u00e1vel a legisla\u00e7\u00e3o espanhola, sendo competentes os Julgados e Tribunais do domic\u00edlio da empresa.<\/p>\n","protected":false},"excerpt":{"rendered":"<p>Introdu\u00e7\u00e3o. A fim de cumprir a Lei 34\/2002 de Servi\u00e7os da Sociedade da Informa\u00e7\u00e3o e do Com\u00e9rcio Eletr\u00f3nico (LSSICE), informamos os utilizadores e visitantes da p\u00e1gina web dos presentes termos e condi\u00e7\u00f5es que s\u00e3o de car\u00e1ter vinculativo. O presente Aviso Legal foi revisto em julho de 2025, pelo que podem existir varia\u00e7\u00f5es at\u00e9 \u00e0 sua [&hellip;]<\/p>\n","protected":false},"author":1,"featured_media":0,"parent":0,"menu_order":0,"comment_status":"closed","ping_status":"closed","template":"","meta":{"_acf_changed":false,"footnotes":""},"class_list":["post-7336","page","type-page","status-publish","hentry"],"acf":[],"yoast_head":"<!-- This site is optimized with the Yoast SEO plugin v25.4 - https:\/\/yoast.com\/wordpress\/plugins\/seo\/ -->\n<title>Aviso Legal - Andamur<\/title>\n<meta name=\"robots\" content=\"index, follow, max-snippet:-1, max-image-preview:large, max-video-preview:-1\" \/>\n<link rel=\"canonical\" href=\"https:\/\/www.andamur.com\/pt-pt\/aviso-legal\/\" \/>\n<meta property=\"og:locale\" content=\"pt_PT\" \/>\n<meta property=\"og:type\" content=\"article\" \/>\n<meta property=\"og:title\" content=\"Aviso Legal - Andamur\" \/>\n<meta property=\"og:description\" content=\"Introdu\u00e7\u00e3o. A fim de cumprir a Lei 34\/2002 de Servi\u00e7os da Sociedade da Informa\u00e7\u00e3o e do Com\u00e9rcio Eletr\u00f3nico (LSSICE), informamos os utilizadores e visitantes da p\u00e1gina web dos presentes termos e condi\u00e7\u00f5es que s\u00e3o de car\u00e1ter vinculativo. O presente Aviso Legal foi revisto em julho de 2025, pelo que podem existir varia\u00e7\u00f5es at\u00e9 \u00e0 sua [&hellip;]\" \/>\n<meta property=\"og:url\" content=\"https:\/\/www.andamur.com\/pt-pt\/aviso-legal\/\" \/>\n<meta property=\"og:site_name\" content=\"Andamur\" \/>\n<meta property=\"article:publisher\" content=\"https:\/\/www.facebook.com\/AndamurEurope\/\" \/>\n<meta property=\"article:modified_time\" content=\"2025-07-24T05:38:56+00:00\" \/>\n<meta property=\"og:image\" content=\"https:\/\/www.andamur.com\/wp-content\/uploads\/2024\/02\/andamurogpic.jpg\" \/>\n\t<meta property=\"og:image:width\" content=\"1200\" \/>\n\t<meta property=\"og:image:height\" content=\"630\" \/>\n\t<meta property=\"og:image:type\" content=\"image\/jpeg\" \/>\n<meta name=\"twitter:card\" content=\"summary_large_image\" \/>\n<meta name=\"twitter:site\" content=\"@andamur_es\" \/>\n<meta name=\"twitter:label1\" content=\"Est. reading time\" \/>\n\t<meta name=\"twitter:data1\" content=\"10 minutes\" \/>\n<script type=\"application\/ld+json\" class=\"yoast-schema-graph\">{\"@context\":\"https:\/\/schema.org\",\"@graph\":[{\"@type\":\"WebPage\",\"@id\":\"https:\/\/www.andamur.com\/pt-pt\/aviso-legal\/\",\"url\":\"https:\/\/www.andamur.com\/pt-pt\/aviso-legal\/\",\"name\":\"Aviso Legal - Andamur\",\"isPartOf\":{\"@id\":\"https:\/\/www.andamur.com\/#website\"},\"datePublished\":\"2019-05-27T12:52:21+00:00\",\"dateModified\":\"2025-07-24T05:38:56+00:00\",\"breadcrumb\":{\"@id\":\"https:\/\/www.andamur.com\/pt-pt\/aviso-legal\/#breadcrumb\"},\"inLanguage\":\"pt-PT\",\"potentialAction\":[{\"@type\":\"ReadAction\",\"target\":[\"https:\/\/www.andamur.com\/pt-pt\/aviso-legal\/\"]}]},{\"@type\":\"BreadcrumbList\",\"@id\":\"https:\/\/www.andamur.com\/pt-pt\/aviso-legal\/#breadcrumb\",\"itemListElement\":[{\"@type\":\"ListItem\",\"position\":1,\"name\":\"Portada\",\"item\":\"https:\/\/www.andamur.com\/pt-pt\/\"},{\"@type\":\"ListItem\",\"position\":2,\"name\":\"Aviso Legal\"}]},{\"@type\":\"WebSite\",\"@id\":\"https:\/\/www.andamur.com\/#website\",\"url\":\"https:\/\/www.andamur.com\/\",\"name\":\"Andamur\",\"description\":\"Cada viaje importa\",\"publisher\":{\"@id\":\"https:\/\/www.andamur.com\/#organization\"},\"inLanguage\":\"pt-PT\"},{\"@type\":\"Organization\",\"@id\":\"https:\/\/www.andamur.com\/#organization\",\"name\":\"Andamur\",\"url\":\"https:\/\/www.andamur.com\/\",\"logo\":{\"@type\":\"ImageObject\",\"inLanguage\":\"pt-PT\",\"@id\":\"https:\/\/www.andamur.com\/#\/schema\/logo\/image\/\",\"url\":\"https:\/\/www.andamur.com\/wp-content\/uploads\/2024\/02\/andamurogpic.jpg\",\"contentUrl\":\"https:\/\/www.andamur.com\/wp-content\/uploads\/2024\/02\/andamurogpic.jpg\",\"width\":1200,\"height\":630,\"caption\":\"Andamur\"},\"image\":{\"@id\":\"https:\/\/www.andamur.com\/#\/schema\/logo\/image\/\"},\"sameAs\":[\"https:\/\/www.facebook.com\/AndamurEurope\/\",\"https:\/\/x.com\/andamur_es\",\"https:\/\/www.instagram.com\/andamureurope\/\",\"https:\/\/www.youtube.com\/channel\/UCWP1SBl8J8SjUCcWBo_Uu1w\"]}]}<\/script>\n<!-- \/ Yoast SEO plugin. -->","yoast_head_json":{"title":"Aviso Legal - Andamur","robots":{"index":"index","follow":"follow","max-snippet":"max-snippet:-1","max-image-preview":"max-image-preview:large","max-video-preview":"max-video-preview:-1"},"canonical":"https:\/\/www.andamur.com\/pt-pt\/aviso-legal\/","og_locale":"pt_PT","og_type":"article","og_title":"Aviso Legal - Andamur","og_description":"Introdu\u00e7\u00e3o. A fim de cumprir a Lei 34\/2002 de Servi\u00e7os da Sociedade da Informa\u00e7\u00e3o e do Com\u00e9rcio Eletr\u00f3nico (LSSICE), informamos os utilizadores e visitantes da p\u00e1gina web dos presentes termos e condi\u00e7\u00f5es que s\u00e3o de car\u00e1ter vinculativo. O presente Aviso Legal foi revisto em julho de 2025, pelo que podem existir varia\u00e7\u00f5es at\u00e9 \u00e0 sua [&hellip;]","og_url":"https:\/\/www.andamur.com\/pt-pt\/aviso-legal\/","og_site_name":"Andamur","article_publisher":"https:\/\/www.facebook.com\/AndamurEurope\/","article_modified_time":"2025-07-24T05:38:56+00:00","og_image":[{"width":1200,"height":630,"url":"https:\/\/www.andamur.com\/wp-content\/uploads\/2024\/02\/andamurogpic.jpg","type":"image\/jpeg"}],"twitter_card":"summary_large_image","twitter_site":"@andamur_es","twitter_misc":{"Est. reading time":"10 minutes"},"schema":{"@context":"https:\/\/schema.org","@graph":[{"@type":"WebPage","@id":"https:\/\/www.andamur.com\/pt-pt\/aviso-legal\/","url":"https:\/\/www.andamur.com\/pt-pt\/aviso-legal\/","name":"Aviso Legal - Andamur","isPartOf":{"@id":"https:\/\/www.andamur.com\/#website"},"datePublished":"2019-05-27T12:52:21+00:00","dateModified":"2025-07-24T05:38:56+00:00","breadcrumb":{"@id":"https:\/\/www.andamur.com\/pt-pt\/aviso-legal\/#breadcrumb"},"inLanguage":"pt-PT","potentialAction":[{"@type":"ReadAction","target":["https:\/\/www.andamur.com\/pt-pt\/aviso-legal\/"]}]},{"@type":"BreadcrumbList","@id":"https:\/\/www.andamur.com\/pt-pt\/aviso-legal\/#breadcrumb","itemListElement":[{"@type":"ListItem","position":1,"name":"Portada","item":"https:\/\/www.andamur.com\/pt-pt\/"},{"@type":"ListItem","position":2,"name":"Aviso Legal"}]},{"@type":"WebSite","@id":"https:\/\/www.andamur.com\/#website","url":"https:\/\/www.andamur.com\/","name":"Andamur","description":"Cada viaje importa","publisher":{"@id":"https:\/\/www.andamur.com\/#organization"},"inLanguage":"pt-PT"},{"@type":"Organization","@id":"https:\/\/www.andamur.com\/#organization","name":"Andamur","url":"https:\/\/www.andamur.com\/","logo":{"@type":"ImageObject","inLanguage":"pt-PT","@id":"https:\/\/www.andamur.com\/#\/schema\/logo\/image\/","url":"https:\/\/www.andamur.com\/wp-content\/uploads\/2024\/02\/andamurogpic.jpg","contentUrl":"https:\/\/www.andamur.com\/wp-content\/uploads\/2024\/02\/andamurogpic.jpg","width":1200,"height":630,"caption":"Andamur"},"image":{"@id":"https:\/\/www.andamur.com\/#\/schema\/logo\/image\/"},"sameAs":["https:\/\/www.facebook.com\/AndamurEurope\/","https:\/\/x.com\/andamur_es","https:\/\/www.instagram.com\/andamureurope\/","https:\/\/www.youtube.com\/channel\/UCWP1SBl8J8SjUCcWBo_Uu1w"]}]}},"_links":{"self":[{"href":"https:\/\/www.andamur.com\/pt-pt\/wp-json\/wp\/v2\/pages\/7336","targetHints":{"allow":["GET"]}}],"collection":[{"href":"https:\/\/www.andamur.com\/pt-pt\/wp-json\/wp\/v2\/pages"}],"about":[{"href":"https:\/\/www.andamur.com\/pt-pt\/wp-json\/wp\/v2\/types\/page"}],"author":[{"embeddable":true,"href":"https:\/\/www.andamur.com\/pt-pt\/wp-json\/wp\/v2\/users\/1"}],"replies":[{"embeddable":true,"href":"https:\/\/www.andamur.com\/pt-pt\/wp-json\/wp\/v2\/comments?post=7336"}],"version-history":[{"count":0,"href":"https:\/\/www.andamur.com\/pt-pt\/wp-json\/wp\/v2\/pages\/7336\/revisions"}],"wp:attachment":[{"href":"https:\/\/www.andamur.com\/pt-pt\/wp-json\/wp\/v2\/media?parent=7336"}],"curies":[{"name":"wp","href":"https:\/\/api.w.org\/{rel}","templated":true}]}}