{"id":34210,"date":"2022-09-30T07:42:02","date_gmt":"2022-09-30T06:42:02","guid":{"rendered":"https:\/\/www.andamur.com\/?page_id=34210"},"modified":"2023-10-20T18:33:44","modified_gmt":"2023-10-20T17:33:44","slug":"pessoas","status":"publish","type":"page","link":"https:\/\/www.andamur.com\/pt-pt\/responsabilidade-social\/pessoas\/","title":{"rendered":"Pessoas"},"content":{"rendered":"<p>[av_submenu which_menu=&#8221; menu=&#8217;257&#8242; position=&#8217;right&#8217; sticky=&#8217;aviaTBsticky&#8217; color=&#8217;header_color&#8217; mobile=&#8217;disabled&#8217; mobile_switch=&#8217;av-switch-768&#8242; alb_description=&#8221; id=&#8221; custom_class=&#8221; template_class=&#8221; av_uid=&#8221; sc_version=&#8217;1.0&#8242;]<br \/>\n[av_submenu_item title=&#8217;airCODE&#8217; link=&#8217;page,6703&#8242; linktarget=&#8221; button_style=&#8221; av_uid=&#8221; sc_version=&#8217;1.0&#8242;]<br \/>\n[av_submenu_item title=&#8217;<strong>Tarjetas de Combustible<\/strong>&#8216; link=&#8217;page,4130&#8242; linktarget=&#8221; button_style=&#8221; av_uid=&#8221; sc_version=&#8217;1.0&#8242;]<br \/>\n[av_submenu_item title=&#8217;Peajes&#8217; link=&#8217;page,4546&#8242; linktarget=&#8221; button_style=&#8221; av_uid=&#8221; sc_version=&#8217;1.0&#8242;]<br \/>\n[av_submenu_item title=&#8217;Recuperaci\u00f3n de impuestos&#8217; link=&#8217;page,3966&#8242; linktarget=&#8221; button_style=&#8221; av_uid=&#8221; sc_version=&#8217;1.0&#8242;]<br \/>\n[\/av_submenu]<\/p>\n<p>[av_section min_height=&#8221; min_height_pc=&#8217;25&#8217; min_height_px=&#8217;500px&#8217; padding=&#8217;large&#8217; margin=&#8217;aviaTBmargin&#8217; custom_margin=&#8217;-20px,0&#8242; svg_div_top=&#8221; svg_div_top_color=&#8217;#333333&#8242; svg_div_top_width=&#8217;100&#8242; svg_div_top_height=&#8217;50&#8217; svg_div_top_max_height=&#8217;none&#8217; svg_div_top_opacity=&#8221; svg_div_bottom=&#8221; svg_div_bottom_color=&#8217;#333333&#8242; svg_div_bottom_width=&#8217;100&#8242; svg_div_bottom_height=&#8217;50&#8217; svg_div_bottom_max_height=&#8217;none&#8217; svg_div_bottom_opacity=&#8221; color=&#8217;main_color&#8217; background=&#8217;bg_color&#8217; custom_bg=&#8217;#ffffff&#8217; background_gradient_direction=&#8217;vertical&#8217; background_gradient_color1=&#8217;#000000&#8242; background_gradient_color2=&#8217;#ffffff&#8217; background_gradient_color3=&#8221; src=&#8217;https:\/\/www.andamur.com\/wp-content\/uploads\/2023\/09\/andamur-rsc-2022-personas-2-1030&#215;340.jpg&#8217; attachment=&#8217;43482&#8242; attachment_size=&#8217;large&#8217; attach=&#8217;fixed&#8217; position=&#8217;center center&#8217; repeat=&#8217;contain&#8217; video=&#8221; video_ratio=&#8217;16:9&#8242; video_mobile_disabled=&#8217;aviaTBvideo_mobile_disabled&#8217; overlay_opacity=&#8217;0.3&#8242; overlay_color=&#8221; overlay_pattern=&#8221; overlay_custom_pattern=&#8221; shadow=&#8217;no-border-styling&#8217; bottom_border=&#8217;no-border-styling&#8217; bottom_border_diagonal_color=&#8217;#333333&#8242; bottom_border_diagonal_direction=&#8221; bottom_border_style=&#8221; scroll_down=&#8217;aviaTBscroll_down&#8217; custom_arrow_bg=&#8217;#001975&#8242; id=&#8221; custom_class=&#8221; template_class=&#8221; aria_label=&#8221; av_element_hidden_in_editor=&#8217;0&#8242; av_uid=&#8221; sc_version=&#8217;1.0&#8242;]<\/p>\n<p>[av_one_half first min_height=&#8221; vertical_alignment=&#8217;av-align-top&#8217; space=&#8221; row_boxshadow=&#8221; row_boxshadow_color=&#8221; row_boxshadow_width=&#8217;10&#8217; custom_margin=&#8221; margin=&#8217;0px&#8217; mobile_breaking=&#8221; min_col_height=&#8221; padding=&#8221; svg_div_top=&#8221; svg_div_top_color=&#8217;#333333&#8242; svg_div_top_width=&#8217;100&#8242; svg_div_top_height=&#8217;50&#8217; svg_div_top_max_height=&#8217;none&#8217; svg_div_top_flip=&#8221; svg_div_top_invert=&#8221; svg_div_top_front=&#8221; svg_div_top_opacity=&#8221; svg_div_top_preview=&#8221; svg_div_bottom=&#8221; svg_div_bottom_color=&#8217;#333333&#8242; svg_div_bottom_width=&#8217;100&#8242; svg_div_bottom_height=&#8217;50&#8217; svg_div_bottom_max_height=&#8217;none&#8217; svg_div_bottom_flip=&#8221; svg_div_bottom_invert=&#8221; svg_div_bottom_front=&#8221; svg_div_bottom_opacity=&#8221; svg_div_bottom_preview=&#8221; border=&#8221; border_style=&#8217;solid&#8217; border_color=&#8221; radius=&#8221; column_boxshadow=&#8221; column_boxshadow_color=&#8221; column_boxshadow_width=&#8217;10&#8217; background=&#8217;bg_color&#8217; background_color=&#8221; background_gradient_direction=&#8217;vertical&#8217; background_gradient_color1=&#8217;#000000&#8242; background_gradient_color2=&#8217;#ffffff&#8217; background_gradient_color3=&#8221; src=&#8221; background_position=&#8217;top left&#8217; background_repeat=&#8217;no-repeat&#8217; highlight=&#8221; highlight_size=&#8221; animation=&#8221; link=&#8221; linktarget=&#8221; link_hover=&#8221; title_attr=&#8221; alt_attr=&#8221; mobile_display=&#8221; id=&#8221; custom_class=&#8221; template_class=&#8221; aria_label=&#8221; av_uid=&#8221; sc_version=&#8217;1.0&#8242;]<\/p>\n<p>[av_image src=&#8217;https:\/\/www.andamur.com\/wp-content\/uploads\/2023\/09\/personas-sombra-180&#215;180.png&#8217; attachment=&#8217;43455&#8242; attachment_size=&#8217;square&#8217; copyright=&#8221; caption=&#8221; styling=&#8221; align=&#8217;left&#8217; font_size=&#8221; overlay_opacity=&#8217;0.4&#8242; overlay_color=&#8217;#000000&#8242; overlay_text_color=&#8217;#ffffff&#8217; animation=&#8217;no-animation&#8217; hover=&#8221; appearance=&#8221; link=&#8221; target=&#8221; title_attr=&#8221; alt_attr=&#8221; lazy_loading=&#8217;disabled&#8217; id=&#8221; custom_class=&#8221; template_class=&#8221; av_element_hidden_in_editor=&#8217;0&#8242; av_uid=&#8221; sc_version=&#8217;1.0&#8242; admin_preview_bg=&#8221;][\/av_image]<\/p>\n<p>[av_heading heading=&#8217;Conseguir e manter emprego e trabalho de qualidade, com uma m\u00e3o-de-obra empenhada e satisfeita.&#8217; tag=&#8217;h1&#8242; style=&#8217;blockquote modern-quote&#8217; subheading_active=&#8217;subheading_below&#8217; show_icon=&#8221; icon=&#8217;ue800&#8242; font=&#8217;entypo-fontello&#8217; size=&#8217;37&#8217; av-medium-font-size-title=&#8221; av-small-font-size-title=&#8221; av-mini-font-size-title=&#8221; subheading_size=&#8217;19&#8217; av-medium-font-size=&#8221; av-small-font-size=&#8221; av-mini-font-size=&#8221; icon_size=&#8221; av-medium-font-size-1=&#8221; av-small-font-size-1=&#8221; av-mini-font-size-1=&#8221; color=&#8217;custom-color-heading&#8217; custom_font=&#8217;#162862&#8242; subheading_color=&#8221; seperator_color=&#8221; icon_color=&#8221; margin=&#8221; margin_sync=&#8217;true&#8217; padding=&#8217;0&#8242; icon_padding=&#8217;10&#8217; link=&#8221; link_target=&#8221; id=&#8221; custom_class=&#8221; template_class=&#8221; av_uid=&#8217;av-lnyw3uae&#8217; sc_version=&#8217;1.0&#8242; admin_preview_bg=&#8217;rgb(34, 34, 34)&#8217;][\/av_heading]<\/p>\n<p>[\/av_one_half][\/av_section][av_section min_height=&#8221; min_height_px=&#8217;500px&#8217; padding=&#8217;default&#8217; shadow=&#8217;no-shadow&#8217; bottom_border=&#8217;no-border-styling&#8217; bottom_border_diagonal_color=&#8217;#333333&#8242; bottom_border_diagonal_direction=&#8221; bottom_border_style=&#8221; scroll_down=&#8217;aviaTBscroll_down&#8217; id=&#8221; color=&#8217;alternate_color&#8217; custom_bg=&#8221; src=&#8221; attachment=&#8221; attachment_size=&#8221; attach=&#8217;scroll&#8217; position=&#8217;top left&#8217; repeat=&#8217;no-repeat&#8217; video=&#8221; video_ratio=&#8217;16:9&#8242; overlay_opacity=&#8217;0.5&#8242; overlay_color=&#8221; overlay_pattern=&#8221; overlay_custom_pattern=&#8221; av_element_hidden_in_editor=&#8217;0&#8242; av_uid=&#8221;]<br \/>\n[av_heading heading=&#8217;Ac\u00e7\u00f5es implementadas durante 2022 com base nos SDGs:&#8217; tag=&#8217;h2&#8242; style=&#8217;blockquote modern-quote modern-centered&#8217; subheading_active=&#8221; show_icon=&#8221; icon=&#8217;ue800&#8242; font=&#8217;entypo-fontello&#8217; size=&#8221; av-medium-font-size-title=&#8221; av-small-font-size-title=&#8221; av-mini-font-size-title=&#8221; subheading_size=&#8217;15&#8217; av-medium-font-size=&#8221; av-small-font-size=&#8221; av-mini-font-size=&#8221; icon_size=&#8221; av-medium-font-size-1=&#8221; av-small-font-size-1=&#8221; av-mini-font-size-1=&#8221; color=&#8217;custom-color-heading&#8217; custom_font=&#8217;#ffffff&#8217; subheading_color=&#8221; seperator_color=&#8221; icon_color=&#8221; margin=&#8221; margin_sync=&#8217;true&#8217; padding=&#8217;15&#8217; icon_padding=&#8217;10&#8217; link=&#8221; link_target=&#8221; id=&#8221; custom_class=&#8221; template_class=&#8221; av_uid=&#8217;av-l8ob6u1m&#8217; sc_version=&#8217;1.0&#8242; admin_preview_bg=&#8221;][\/av_heading]<br \/>\n[\/av_section]<\/p>\n<p>[av_tab_section initial=&#8217;1&#8242; tab_pos=&#8217;av-tab-above-content&#8217; content_height=&#8221; tab_arrows=&#8221; tab_padding=&#8217;default&#8217; padding=&#8217;default&#8217; bg_color=&#8217;#dbdbdb&#8217; color=&#8221; transition=&#8217;av-tab-no-transition&#8217; id=&#8221; custom_class=&#8221; template_class=&#8221; aria_label=&#8221; av_element_hidden_in_editor=&#8217;0&#8242; av_admin_tab_active=&#8217;1&#8242; av_uid=&#8221; sc_version=&#8217;1.0&#8242;]<br \/>\n[av_tab_sub_section tab_title=&#8221; icon_select=&#8217;image_top&#8217; icon=&#8217;ue800&#8242; font=&#8217;entypo-fontello&#8217; tab_image=&#8217;43496&#8242; tab_image_style=&#8221; vertical_align=&#8217;top&#8217; color=&#8221; background_color=&#8221; src=&#8221; attachment=&#8221; attachment_size=&#8221; background_attachment=&#8217;scroll&#8217; background_position=&#8217;top left&#8217; background_repeat=&#8217;no-repeat&#8217; custom_class=&#8221; template_class=&#8221; av_uid=&#8221; sc_version=&#8217;1.0&#8242;]<\/p>\n<p>[av_one_fourth first min_height=&#8217;av-equal-height-column&#8217; vertical_alignment=&#8217;av-align-top&#8217; space=&#8221; row_boxshadow_color=&#8221; row_boxshadow_width=&#8217;10&#8217; margin=&#8217;0px&#8217; margin_sync=&#8217;true&#8217; mobile_breaking=&#8221; min_col_height=&#8221; padding=&#8217;0px&#8217; padding_sync=&#8217;true&#8217; svg_div_top=&#8221; svg_div_top_color=&#8217;#333333&#8242; svg_div_top_width=&#8217;100&#8242; svg_div_top_height=&#8217;50&#8217; svg_div_top_max_height=&#8217;none&#8217; svg_div_top_opacity=&#8221; svg_div_bottom=&#8221; svg_div_bottom_color=&#8217;#333333&#8242; svg_div_bottom_width=&#8217;100&#8242; svg_div_bottom_height=&#8217;50&#8217; svg_div_bottom_max_height=&#8217;none&#8217; svg_div_bottom_opacity=&#8221; border=&#8221; border_style=&#8217;solid&#8217; border_color=&#8221; radius=&#8217;0px&#8217; radius_sync=&#8217;true&#8217; column_boxshadow_color=&#8221; column_boxshadow_width=&#8217;10&#8217; background=&#8217;bg_color&#8217; background_color=&#8221; background_gradient_direction=&#8217;vertical&#8217; background_gradient_color1=&#8217;#000000&#8242; background_gradient_color2=&#8217;#ffffff&#8217; background_gradient_color3=&#8221; src=&#8221; attachment=&#8221; attachment_size=&#8221; background_position=&#8217;top left&#8217; background_repeat=&#8217;no-repeat&#8217; highlight_size=&#8217;1.1&#8242; animation=&#8221; link=&#8221; linktarget=&#8221; link_hover=&#8221; title_attr=&#8221; alt_attr=&#8221; mobile_display=&#8221; id=&#8221; custom_class=&#8221; template_class=&#8221; aria_label=&#8221; av_uid=&#8221; sc_version=&#8217;1.0&#8242;]<\/p>\n<p>[av_image src=&#8217;https:\/\/www.andamur.com\/wp-content\/uploads\/2023\/10\/andamur-entorno-laboral-saludable-y-seguro.jpg&#8217; attachment=&#8217;44265&#8242; attachment_size=&#8217;full&#8217; copyright=&#8221; caption=&#8221; styling=&#8221; align=&#8217;center&#8217; font_size=&#8221; overlay_opacity=&#8217;0.4&#8242; overlay_color=&#8217;#000000&#8242; overlay_text_color=&#8217;#ffffff&#8217; animation=&#8217;no-animation&#8217; hover=&#8221; appearance=&#8221; link=&#8221; target=&#8221; title_attr=&#8221; alt_attr=&#8221; lazy_loading=&#8217;disabled&#8217; id=&#8221; custom_class=&#8221; template_class=&#8221; av_element_hidden_in_editor=&#8217;0&#8242; av_uid=&#8221; sc_version=&#8217;1.0&#8242; admin_preview_bg=&#8221;][\/av_image]<\/p>\n<p>[av_heading heading=&#8217;Ambiente de trabalho saud\u00e1vel e seguro&#8217; tag=&#8217;h3&#8242; style=&#8217;blockquote modern-quote&#8217; subheading_active=&#8221; show_icon=&#8221; icon=&#8217;ue800&#8242; font=&#8217;entypo-fontello&#8217; size=&#8217;30&#8217; av-medium-font-size-title=&#8221; av-small-font-size-title=&#8221; av-mini-font-size-title=&#8221; subheading_size=&#8217;15&#8217; av-medium-font-size=&#8221; av-small-font-size=&#8221; av-mini-font-size=&#8221; icon_size=&#8221; av-medium-font-size-1=&#8221; av-small-font-size-1=&#8221; av-mini-font-size-1=&#8221; color=&#8221; custom_font=&#8221; subheading_color=&#8221; seperator_color=&#8221; icon_color=&#8221; margin=&#8221; margin_sync=&#8217;true&#8217; padding=&#8217;0&#8242; icon_padding=&#8217;10&#8217; link=&#8221; link_target=&#8221; id=&#8221; custom_class=&#8221; template_class=&#8221; av_uid=&#8217;av-lnya5byp&#8217; sc_version=&#8217;1.0&#8242; admin_preview_bg=&#8217;rgb(255, 255, 255)&#8217;][\/av_heading]<\/p>\n<p>[av_textblock size=&#8221; av-medium-font-size=&#8221; av-small-font-size=&#8221; av-mini-font-size=&#8221; font_color=&#8221; color=&#8221; id=&#8221; custom_class=&#8221; template_class=&#8221; av_uid=&#8217;av-lnya5k9k&#8217; sc_version=&#8217;1.0&#8242; admin_preview_bg=&#8221;]<\/p>\n<p class=\"p1\">Garantir que a nossa equipa ao completo trabalha num ambiente seguro e saud\u00e1vel \u00e9 um dos nossos principais compromissos.<\/p>\n<p>[\/av_textblock]<\/p>\n<p>[\/av_one_fourth][av_one_fourth min_height=&#8221; vertical_alignment=&#8221; space=&#8221; custom_margin=&#8221; margin=&#8217;0px&#8217; padding=&#8217;0px&#8217; border=&#8221; border_color=&#8221; radius=&#8217;0px&#8217; background_color=&#8221; src=&#8221; background_position=&#8217;top left&#8217; background_repeat=&#8217;no-repeat&#8217; animation=&#8221; mobile_display=&#8221; av_uid=&#8221;]<\/p>\n<p>[av_heading heading=&#8217;O Plano de Preven\u00e7\u00e3o de Riscos Laborais&#8217; tag=&#8217;h3&#8242; style=&#8217;blockquote modern-quote&#8217; subheading_active=&#8221; show_icon=&#8221; icon=&#8217;ue800&#8242; font=&#8217;entypo-fontello&#8217; size=&#8217;30&#8217; av-medium-font-size-title=&#8221; av-small-font-size-title=&#8221; av-mini-font-size-title=&#8221; subheading_size=&#8217;15&#8217; av-medium-font-size=&#8221; av-small-font-size=&#8221; av-mini-font-size=&#8221; icon_size=&#8221; av-medium-font-size-1=&#8221; av-small-font-size-1=&#8221; av-mini-font-size-1=&#8221; color=&#8221; custom_font=&#8221; subheading_color=&#8221; seperator_color=&#8221; icon_color=&#8221; margin=&#8221; margin_sync=&#8217;true&#8217; padding=&#8217;0&#8242; icon_padding=&#8217;10&#8217; link=&#8221; link_target=&#8221; id=&#8221; custom_class=&#8221; template_class=&#8221; av_uid=&#8217;av-lnya5tkn&#8217; sc_version=&#8217;1.0&#8242; admin_preview_bg=&#8217;rgb(255, 255, 255)&#8217;][\/av_heading]<\/p>\n<p>[av_textblock size=&#8221; av-medium-font-size=&#8221; av-small-font-size=&#8221; av-mini-font-size=&#8221; font_color=&#8221; color=&#8221; id=&#8221; custom_class=&#8221; template_class=&#8221; av_uid=&#8217;av-lnya65m7&#8242; sc_version=&#8217;1.0&#8242; admin_preview_bg=&#8221;]<\/p>\n<p class=\"p1\">\u00c9 gerido atrav\u00e9s de servi\u00e7os de preven\u00e7\u00e3o externos e com a coordena\u00e7\u00e3o de todas as especialidades necess\u00e1rias: seguran\u00e7a no trabalho, higiene, medicina do trabalho, ergonomia e psicossociologia aplicada.<\/p>\n<p>[\/av_textblock]<\/p>\n<p>[\/av_one_fourth][av_one_fourth min_height=&#8217;av-equal-height-column&#8217; vertical_alignment=&#8217;av-align-middle&#8217; space=&#8221; margin=&#8217;0px&#8217; margin_sync=&#8217;true&#8217; padding=&#8217;0px&#8217; padding_sync=&#8217;true&#8217; border=&#8221; border_color=&#8221; radius=&#8217;0px&#8217; radius_sync=&#8217;true&#8217; background_color=&#8221; src=&#8221; attachment=&#8221; attachment_size=&#8221; background_position=&#8217;top left&#8217; background_repeat=&#8217;no-repeat&#8217; animation=&#8221; mobile_display=&#8221; av_uid=&#8221;]<\/p>\n<p>[av_heading heading=&#8217;Auditoria de acompanhamento da certifica\u00e7\u00e3o ISO 45001&#8242; tag=&#8217;h3&#8242; style=&#8217;blockquote modern-quote&#8217; subheading_active=&#8221; show_icon=&#8221; icon=&#8217;ue800&#8242; font=&#8217;entypo-fontello&#8217; size=&#8217;30&#8217; av-medium-font-size-title=&#8221; av-small-font-size-title=&#8221; av-mini-font-size-title=&#8221; subheading_size=&#8217;15&#8217; av-medium-font-size=&#8221; av-small-font-size=&#8221; av-mini-font-size=&#8221; icon_size=&#8221; av-medium-font-size-1=&#8221; av-small-font-size-1=&#8221; av-mini-font-size-1=&#8221; color=&#8221; custom_font=&#8221; subheading_color=&#8221; seperator_color=&#8221; icon_color=&#8221; margin=&#8221; margin_sync=&#8217;true&#8217; padding=&#8217;0&#8242; icon_padding=&#8217;10&#8217; link=&#8221; link_target=&#8221; id=&#8221; custom_class=&#8221; template_class=&#8221; av_uid=&#8217;av-lnya6gwa&#8217; sc_version=&#8217;1.0&#8242; admin_preview_bg=&#8217;rgb(255, 255, 255)&#8217;][\/av_heading]<\/p>\n<p>[av_textblock size=&#8221; av-medium-font-size=&#8221; av-small-font-size=&#8221; av-mini-font-size=&#8221; font_color=&#8221; color=&#8221; id=&#8221; custom_class=&#8221; template_class=&#8221; av_uid=&#8217;av-lnya6quv&#8217; sc_version=&#8217;1.0&#8242; admin_preview_bg=&#8221;]<\/p>\n<p class=\"p1\">Foram verificados os padr\u00f5es do Sistema de Gest\u00e3o de Seguran\u00e7a e Sa\u00fade no Trabalho.<\/p>\n<p>[\/av_textblock]<\/p>\n<p>[\/av_one_fourth][av_one_fourth min_height=&#8221; vertical_alignment=&#8221; space=&#8221; custom_margin=&#8221; margin=&#8217;0px&#8217; padding=&#8217;0px&#8217; border=&#8221; border_color=&#8221; radius=&#8217;0px&#8217; background_color=&#8221; src=&#8221; background_position=&#8217;top left&#8217; background_repeat=&#8217;no-repeat&#8217; animation=&#8221; mobile_display=&#8221; av_uid=&#8221;]<\/p>\n<p>[av_heading heading=&#8217;O Comit\u00e9 de Seguran\u00e7a e Sa\u00fade no Trabalho&#8217; tag=&#8217;h3&#8242; style=&#8217;blockquote modern-quote&#8217; subheading_active=&#8221; show_icon=&#8221; icon=&#8217;ue800&#8242; font=&#8217;entypo-fontello&#8217; size=&#8217;30&#8217; av-medium-font-size-title=&#8221; av-small-font-size-title=&#8221; av-mini-font-size-title=&#8221; subheading_size=&#8217;15&#8217; av-medium-font-size=&#8221; av-small-font-size=&#8221; av-mini-font-size=&#8221; icon_size=&#8221; av-medium-font-size-1=&#8221; av-small-font-size-1=&#8221; av-mini-font-size-1=&#8221; color=&#8221; custom_font=&#8221; subheading_color=&#8221; seperator_color=&#8221; icon_color=&#8221; margin=&#8221; margin_sync=&#8217;true&#8217; padding=&#8217;0&#8242; icon_padding=&#8217;10&#8217; link=&#8221; link_target=&#8221; id=&#8221; custom_class=&#8221; template_class=&#8221; av_uid=&#8217;av-lnya71hw&#8217; sc_version=&#8217;1.0&#8242; admin_preview_bg=&#8217;rgb(255, 255, 255)&#8217;][\/av_heading]<\/p>\n<p>[av_textblock size=&#8221; av-medium-font-size=&#8221; av-small-font-size=&#8221; av-mini-font-size=&#8221; font_color=&#8221; color=&#8221; id=&#8221; custom_class=&#8221; template_class=&#8221; av_uid=&#8217;av-lnya7ipo&#8217; sc_version=&#8217;1.0&#8242; admin_preview_bg=&#8221;]<\/p>\n<p class=\"p1\">(Comit\u00e9 SST), que zela pelo cumprimento das a\u00e7\u00f5es em mat\u00e9ria de seguran\u00e7a e sa\u00fade, manteve uma s\u00e9rie de reuni\u00f5es ao longo do ano para realizar o acompanhamento dos objetivos estabelecidos em mat\u00e9ria de seguran\u00e7a e sa\u00fade.<\/p>\n<p>[\/av_textblock]<\/p>\n<p>[\/av_one_fourth][\/av_tab_sub_section][av_tab_sub_section tab_title=&#8221; icon_select=&#8217;image_top&#8217; icon=&#8217;ue800&#8242; font=&#8217;entypo-fontello&#8217; tab_image=&#8217;43501&#8242; tab_image_style=&#8221; vertical_align=&#8217;top&#8217; color=&#8221; background_color=&#8221; src=&#8221; attachment=&#8221; attachment_size=&#8221; background_attachment=&#8217;scroll&#8217; background_position=&#8217;top left&#8217; background_repeat=&#8217;no-repeat&#8217; custom_class=&#8221; template_class=&#8221; av_uid=&#8221; sc_version=&#8217;1.0&#8242;]<\/p>\n<p>[av_one_fourth first min_height=&#8221; vertical_alignment=&#8221; space=&#8221; custom_margin=&#8221; margin=&#8217;0px&#8217; padding=&#8217;0px&#8217; border=&#8221; border_color=&#8221; radius=&#8217;0px&#8217; background_color=&#8221; src=&#8221; background_position=&#8217;top left&#8217; background_repeat=&#8217;no-repeat&#8217; animation=&#8221; mobile_display=&#8221; av_uid=&#8221;]<\/p>\n<p>[av_image src=&#8217;https:\/\/www.andamur.com\/wp-content\/uploads\/2023\/10\/andamur-formacion.jpg&#8217; attachment=&#8217;44259&#8242; attachment_size=&#8217;full&#8217; copyright=&#8221; caption=&#8221; styling=&#8221; align=&#8217;center&#8217; font_size=&#8221; overlay_opacity=&#8217;0.4&#8242; overlay_color=&#8217;#000000&#8242; overlay_text_color=&#8217;#ffffff&#8217; animation=&#8217;no-animation&#8217; hover=&#8221; appearance=&#8221; link=&#8221; target=&#8221; title_attr=&#8221; alt_attr=&#8221; lazy_loading=&#8217;disabled&#8217; id=&#8221; custom_class=&#8221; template_class=&#8221; av_element_hidden_in_editor=&#8217;0&#8242; av_uid=&#8221; sc_version=&#8217;1.0&#8242; admin_preview_bg=&#8221;][\/av_image]<\/p>\n<p>[\/av_one_fourth][av_one_half min_height=&#8221; vertical_alignment=&#8221; space=&#8221; custom_margin=&#8221; margin=&#8217;0px&#8217; padding=&#8217;0px&#8217; border=&#8221; border_color=&#8221; radius=&#8217;0px&#8217; background_color=&#8221; src=&#8221; background_position=&#8217;top left&#8217; background_repeat=&#8217;no-repeat&#8217; animation=&#8221; mobile_display=&#8221; av_uid=&#8221;]<\/p>\n<p>[av_heading heading=&#8217;Forma\u00e7\u00e3o&#8217; tag=&#8217;h3&#8242; style=&#8217;blockquote modern-quote&#8217; subheading_active=&#8221; show_icon=&#8221; icon=&#8217;ue800&#8242; font=&#8217;entypo-fontello&#8217; size=&#8217;30&#8217; av-medium-font-size-title=&#8221; av-small-font-size-title=&#8221; av-mini-font-size-title=&#8221; subheading_size=&#8217;15&#8217; av-medium-font-size=&#8221; av-small-font-size=&#8221; av-mini-font-size=&#8221; icon_size=&#8221; av-medium-font-size-1=&#8221; av-small-font-size-1=&#8221; av-mini-font-size-1=&#8221; color=&#8221; custom_font=&#8221; subheading_color=&#8221; seperator_color=&#8221; icon_color=&#8221; margin=&#8221; margin_sync=&#8217;true&#8217; padding=&#8217;0&#8242; icon_padding=&#8217;10&#8217; link=&#8221; link_target=&#8221; id=&#8221; custom_class=&#8221; template_class=&#8221; av_uid=&#8217;av-lnya4qi8&#8242; sc_version=&#8217;1.0&#8242; admin_preview_bg=&#8217;rgb(255, 255, 255)&#8217;][\/av_heading]<\/p>\n<p>[av_textblock size=&#8221; av-medium-font-size=&#8221; av-small-font-size=&#8221; av-mini-font-size=&#8221; font_color=&#8221; color=&#8221; id=&#8221; custom_class=&#8221; template_class=&#8221; av_uid=&#8217;av-lnya4yfs&#8217; sc_version=&#8217;1.0&#8242; admin_preview_bg=&#8221;]<\/p>\n<p class=\"p1\">Valorizamos a forma\u00e7\u00e3o como um eixo fundamental para o desenvolvimento pessoal e profissional dos nossos empregados.<\/p>\n<p class=\"p1\">Reconhecemos que a capacita\u00e7\u00e3o \u00e9 um investimento em conhecimento acumulado na organiza\u00e7\u00e3o, ao encontro de dois objetivos principais: garantir um servi\u00e7o de excel\u00eancia aos clientes e promover o desenvolvimento do talento como parte do nosso plano de Responsabilidade Social Corporativa.<\/p>\n<p class=\"p2\">A equipa completou mais de 3500 de forma\u00e7\u00e3o em v\u00e1rias mat\u00e9rias.<\/p>\n<p>[\/av_textblock]<\/p>\n<p>[\/av_one_half][av_one_fourth min_height=&#8221; vertical_alignment=&#8221; space=&#8221; custom_margin=&#8221; margin=&#8217;0px&#8217; padding=&#8217;0px&#8217; border=&#8221; border_color=&#8221; radius=&#8217;0px&#8217; background_color=&#8221; src=&#8221; background_position=&#8217;top left&#8217; background_repeat=&#8217;no-repeat&#8217; animation=&#8221; mobile_display=&#8221; av_uid=&#8221;]<\/p>\n<p>[\/av_one_fourth][\/av_tab_sub_section][av_tab_sub_section tab_title=&#8221; icon_select=&#8217;image_top&#8217; icon=&#8217;ue800&#8242; font=&#8217;entypo-fontello&#8217; tab_image=&#8217;43506&#8242; tab_image_style=&#8221; vertical_align=&#8217;top&#8217; color=&#8221; background_color=&#8221; src=&#8221; attachment=&#8221; attachment_size=&#8221; background_attachment=&#8217;scroll&#8217; background_position=&#8217;top left&#8217; background_repeat=&#8217;no-repeat&#8217; custom_class=&#8221; template_class=&#8221; av_uid=&#8221; sc_version=&#8217;1.0&#8242;]<\/p>\n<p>[av_one_fourth first min_height=&#8221; vertical_alignment=&#8221; space=&#8221; custom_margin=&#8221; margin=&#8217;0px&#8217; padding=&#8217;0px&#8217; border=&#8221; border_color=&#8221; radius=&#8217;0px&#8217; background_color=&#8221; src=&#8221; background_position=&#8217;top left&#8217; background_repeat=&#8217;no-repeat&#8217; animation=&#8221; mobile_display=&#8221; av_uid=&#8221;]<\/p>\n<p>[av_image src=&#8217;https:\/\/www.andamur.com\/wp-content\/uploads\/2023\/10\/Andamur-igualdad-de-oportunidades.jpg&#8217; attachment=&#8217;44253&#8242; attachment_size=&#8217;full&#8217; copyright=&#8221; caption=&#8221; styling=&#8221; align=&#8217;center&#8217; font_size=&#8221; overlay_opacity=&#8217;0.4&#8242; overlay_color=&#8217;#000000&#8242; overlay_text_color=&#8217;#ffffff&#8217; animation=&#8217;no-animation&#8217; hover=&#8221; appearance=&#8221; link=&#8221; target=&#8221; title_attr=&#8221; alt_attr=&#8221; lazy_loading=&#8217;disabled&#8217; id=&#8221; custom_class=&#8221; template_class=&#8221; av_element_hidden_in_editor=&#8217;0&#8242; av_uid=&#8221; sc_version=&#8217;1.0&#8242; admin_preview_bg=&#8221;][\/av_image]<\/p>\n<p>[\/av_one_fourth][av_one_half min_height=&#8221; vertical_alignment=&#8221; space=&#8221; custom_margin=&#8221; margin=&#8217;0px&#8217; padding=&#8217;0px&#8217; border=&#8221; border_color=&#8221; radius=&#8217;0px&#8217; background_color=&#8221; src=&#8221; background_position=&#8217;top left&#8217; background_repeat=&#8217;no-repeat&#8217; animation=&#8221; mobile_display=&#8221; av_uid=&#8221;]<\/p>\n<p>[av_heading heading=&#8217;Igualdade de oportunidades&#8217; tag=&#8217;h3&#8242; style=&#8217;blockquote modern-quote&#8217; subheading_active=&#8221; show_icon=&#8221; icon=&#8217;ue800&#8242; font=&#8217;entypo-fontello&#8217; size=&#8217;30&#8217; av-medium-font-size-title=&#8221; av-small-font-size-title=&#8221; av-mini-font-size-title=&#8221; subheading_size=&#8217;15&#8217; av-medium-font-size=&#8221; av-small-font-size=&#8221; av-mini-font-size=&#8221; icon_size=&#8221; av-medium-font-size-1=&#8221; av-small-font-size-1=&#8221; av-mini-font-size-1=&#8221; color=&#8221; custom_font=&#8221; subheading_color=&#8221; seperator_color=&#8221; icon_color=&#8221; margin=&#8221; margin_sync=&#8217;true&#8217; padding=&#8217;0&#8242; icon_padding=&#8217;10&#8217; link=&#8221; link_target=&#8221; id=&#8221; custom_class=&#8221; template_class=&#8221; av_uid=&#8217;av-lnya4199&#8242; sc_version=&#8217;1.0&#8242; admin_preview_bg=&#8217;rgb(255, 255, 255)&#8217;][\/av_heading]<\/p>\n<p>[av_textblock size=&#8221; av-medium-font-size=&#8221; av-small-font-size=&#8221; av-mini-font-size=&#8221; font_color=&#8221; color=&#8221; id=&#8221; custom_class=&#8221; template_class=&#8221; av_uid=&#8217;av-lnya4dyy&#8217; sc_version=&#8217;1.0&#8242; admin_preview_bg=&#8221;]<\/p>\n<p class=\"p1\">Somos uma empresa comprometida com a igualdade de oportunidades entre homens e mulheres; trabalhamos constantemente na promo\u00e7\u00e3o da igualdade de oportunidades para homens e mulheres em todos os n\u00edveis da organiza\u00e7\u00e3o.<\/p>\n<p class=\"p1\">A nossa vis\u00e3o \u00e9 construir uma cultura empresarial inclusiva e livre de preconceitos, onde todas as vozes sejam ouvidas e avaliadas em igualdade.<\/p>\n<p>[\/av_textblock]<\/p>\n<p>[\/av_one_half][av_one_fourth min_height=&#8221; vertical_alignment=&#8221; space=&#8221; custom_margin=&#8221; margin=&#8217;0px&#8217; padding=&#8217;0px&#8217; border=&#8221; border_color=&#8221; radius=&#8217;0px&#8217; background_color=&#8221; src=&#8221; background_position=&#8217;top left&#8217; background_repeat=&#8217;no-repeat&#8217; animation=&#8221; mobile_display=&#8221; av_uid=&#8221;]<\/p>\n<p>[\/av_one_fourth][\/av_tab_sub_section][av_tab_sub_section tab_title=&#8221; icon_select=&#8217;image_top&#8217; icon=&#8217;ue800&#8242; font=&#8217;entypo-fontello&#8217; tab_image=&#8217;43511&#8242; tab_image_style=&#8221; vertical_align=&#8217;top&#8217; color=&#8221; background_color=&#8221; src=&#8221; attachment=&#8221; attachment_size=&#8221; background_attachment=&#8217;scroll&#8217; background_position=&#8217;top left&#8217; background_repeat=&#8217;no-repeat&#8217; custom_class=&#8221; template_class=&#8221; av_uid=&#8221; sc_version=&#8217;1.0&#8242;]<\/p>\n<p>[av_one_fourth first min_height=&#8217;av-equal-height-column&#8217; vertical_alignment=&#8217;av-align-middle&#8217; space=&#8221; margin=&#8217;0px&#8217; margin_sync=&#8217;true&#8217; padding=&#8217;0px&#8217; padding_sync=&#8217;true&#8217; border=&#8221; border_color=&#8221; radius=&#8217;0px&#8217; radius_sync=&#8217;true&#8217; background_color=&#8221; src=&#8221; attachment=&#8221; attachment_size=&#8221; background_position=&#8217;top left&#8217; background_repeat=&#8217;no-repeat&#8217; animation=&#8221; mobile_display=&#8221; av_uid=&#8221;]<\/p>\n<p>[av_image src=&#8217;https:\/\/www.andamur.com\/wp-content\/uploads\/2023\/10\/andamur-empleo.jpg&#8217; attachment=&#8217;44277&#8242; attachment_size=&#8217;full&#8217; copyright=&#8221; caption=&#8221; styling=&#8221; align=&#8217;center&#8217; font_size=&#8221; overlay_opacity=&#8217;0.4&#8242; overlay_color=&#8217;#000000&#8242; overlay_text_color=&#8217;#ffffff&#8217; animation=&#8217;no-animation&#8217; hover=&#8221; appearance=&#8221; link=&#8221; target=&#8221; title_attr=&#8221; alt_attr=&#8221; lazy_loading=&#8217;disabled&#8217; id=&#8221; custom_class=&#8221; template_class=&#8221; av_element_hidden_in_editor=&#8217;0&#8242; av_uid=&#8221; sc_version=&#8217;1.0&#8242; admin_preview_bg=&#8221;][\/av_image]<\/p>\n<p>[\/av_one_fourth][av_one_fourth min_height=&#8217;av-equal-height-column&#8217; vertical_alignment=&#8217;av-align-middle&#8217; space=&#8221; margin=&#8217;0px&#8217; margin_sync=&#8217;true&#8217; padding=&#8217;0px&#8217; padding_sync=&#8217;true&#8217; border=&#8221; border_color=&#8221; radius=&#8217;0px&#8217; radius_sync=&#8217;true&#8217; background_color=&#8221; src=&#8221; attachment=&#8221; attachment_size=&#8221; background_position=&#8217;top left&#8217; background_repeat=&#8217;no-repeat&#8217; animation=&#8221; mobile_display=&#8221; av_uid=&#8221;]<\/p>\n<p>[av_heading heading=&#8217;Emprego&#8217; tag=&#8217;h3&#8242; style=&#8217;blockquote modern-quote&#8217; subheading_active=&#8221; show_icon=&#8221; icon=&#8217;ue800&#8242; font=&#8217;entypo-fontello&#8217; size=&#8217;30&#8217; av-medium-font-size-title=&#8221; av-small-font-size-title=&#8221; av-mini-font-size-title=&#8221; subheading_size=&#8217;15&#8217; av-medium-font-size=&#8221; av-small-font-size=&#8221; av-mini-font-size=&#8221; icon_size=&#8221; av-medium-font-size-1=&#8221; av-small-font-size-1=&#8221; av-mini-font-size-1=&#8221; color=&#8221; custom_font=&#8221; subheading_color=&#8221; seperator_color=&#8221; icon_color=&#8221; margin=&#8221; margin_sync=&#8217;true&#8217; padding=&#8217;0&#8242; icon_padding=&#8217;10&#8217; link=&#8221; link_target=&#8221; id=&#8221; custom_class=&#8221; template_class=&#8221; av_uid=&#8217;av-lnya2u55&#8242; sc_version=&#8217;1.0&#8242; admin_preview_bg=&#8217;rgb(255, 255, 255)&#8217;][\/av_heading]<\/p>\n<p>[av_textblock size=&#8221; av-medium-font-size=&#8221; av-small-font-size=&#8221; av-mini-font-size=&#8221; font_color=&#8221; color=&#8221; id=&#8221; custom_class=&#8221; template_class=&#8221; av_uid=&#8217;av-lnya3436&#8242; sc_version=&#8217;1.0&#8242; admin_preview_bg=&#8221;]<\/p>\n<p class=\"p1\">Na Andamur, apostamos na estabilidade laboral dos nossos trabalhadores.<\/p>\n<p class=\"p1\">94% das contrata\u00e7\u00f5es realizadas em 2022 na empresa foram contratos sem termo, o que revela uma abordagem na estabilidade laboral para os novos empregados.<\/p>\n<p class=\"p1\">Cabe salientar ainda que, 96% das jornadas laborais, s\u00e3o a tempo inteiro. Isto pode ser favor\u00e1vel tanto para os empregados, que gozam de maior estabilidade financeira, como para a pr\u00f3pria empresa.<\/p>\n<p class=\"p1\">Relativamente ao exerc\u00edcio correspons\u00e1vel dos direitos da vida pessoal, familiar e laboral, na Andamur a nossa pol\u00edtica \u00e9 garantir aos nossos quadros que possam gozar de medidas de concilia\u00e7\u00e3o como, por exemplo, a flexibilidade hor\u00e1ria e o teletrabalho.<\/p>\n<p>[\/av_textblock]<\/p>\n<p>[\/av_one_fourth][av_one_fourth min_height=&#8221; vertical_alignment=&#8221; space=&#8221; custom_margin=&#8221; margin=&#8217;0px&#8217; padding=&#8217;0px&#8217; border=&#8221; border_color=&#8221; radius=&#8217;0px&#8217; background_color=&#8221; src=&#8221; background_position=&#8217;top left&#8217; background_repeat=&#8217;no-repeat&#8217; animation=&#8221; mobile_display=&#8221; av_uid=&#8221;]<\/p>\n<p>[av_image src=&#8217;https:\/\/www.andamur.com\/wp-content\/uploads\/2023\/10\/mas-equipo-andamur.jpg&#8217; attachment=&#8217;44271&#8242; attachment_size=&#8217;full&#8217; copyright=&#8221; caption=&#8221; styling=&#8221; align=&#8217;center&#8217; font_size=&#8221; overlay_opacity=&#8217;0.4&#8242; overlay_color=&#8217;#000000&#8242; overlay_text_color=&#8217;#ffffff&#8217; animation=&#8217;no-animation&#8217; hover=&#8221; appearance=&#8221; link=&#8221; target=&#8221; title_attr=&#8221; alt_attr=&#8221; lazy_loading=&#8217;disabled&#8217; id=&#8221; custom_class=&#8221; template_class=&#8221; av_element_hidden_in_editor=&#8217;0&#8242; av_uid=&#8221; sc_version=&#8217;1.0&#8242; admin_preview_bg=&#8221;][\/av_image]<\/p>\n<p>[\/av_one_fourth][av_one_fourth min_height=&#8221; vertical_alignment=&#8221; space=&#8221; custom_margin=&#8221; margin=&#8217;0px&#8217; padding=&#8217;0px&#8217; border=&#8221; border_color=&#8221; radius=&#8217;0px&#8217; background_color=&#8221; src=&#8221; background_position=&#8217;top left&#8217; background_repeat=&#8217;no-repeat&#8217; animation=&#8221; mobile_display=&#8221; av_uid=&#8221;]<\/p>\n<p>[av_heading heading=&#8217;Mais equipa Andamur&#8217; tag=&#8217;h3&#8242; style=&#8217;blockquote modern-quote&#8217; subheading_active=&#8221; show_icon=&#8221; icon=&#8217;ue800&#8242; font=&#8217;entypo-fontello&#8217; size=&#8217;30&#8217; av-medium-font-size-title=&#8221; av-small-font-size-title=&#8221; av-mini-font-size-title=&#8221; subheading_size=&#8217;15&#8217; av-medium-font-size=&#8221; av-small-font-size=&#8221; av-mini-font-size=&#8221; icon_size=&#8221; av-medium-font-size-1=&#8221; av-small-font-size-1=&#8221; av-mini-font-size-1=&#8221; color=&#8221; custom_font=&#8221; subheading_color=&#8221; seperator_color=&#8221; icon_color=&#8221; margin=&#8221; margin_sync=&#8217;true&#8217; padding=&#8217;0&#8242; icon_padding=&#8217;10&#8217; link=&#8221; link_target=&#8221; id=&#8221; custom_class=&#8221; template_class=&#8221; av_uid=&#8217;av-lnya3cml&#8217; sc_version=&#8217;1.0&#8242; admin_preview_bg=&#8217;rgb(255, 255, 255)&#8217;][\/av_heading]<\/p>\n<p>[av_textblock size=&#8221; av-medium-font-size=&#8221; av-small-font-size=&#8221; av-mini-font-size=&#8221; font_color=&#8221; color=&#8221; id=&#8221; custom_class=&#8221; template_class=&#8221; av_uid=&#8217;av-lnya3lbr&#8217; sc_version=&#8217;1.0&#8242; admin_preview_bg=&#8221;]<\/p>\n<p class=\"p1\">Organizamos m\u00faltiplos conv\u00edvios e encontros para incentivar a uni\u00e3o e sentido de perten\u00e7a da nossa equipa:<\/p>\n<p class=\"p1\">Comida anual de empresa e Pr\u00e9mios Maria Dolores.<\/p>\n<p class=\"p1\">Jornadas para a coes\u00e3o da equipa Dia das Crian\u00e7as.<\/p>\n<p>[\/av_textblock]<\/p>\n<p>[\/av_one_fourth][\/av_tab_sub_section][av_tab_sub_section tab_title=&#8221; icon_select=&#8217;image_top&#8217; icon=&#8217;ue800&#8242; font=&#8217;entypo-fontello&#8217; tab_image=&#8217;43656&#8242; tab_image_style=&#8221; vertical_align=&#8217;top&#8217; color=&#8221; background_color=&#8221; src=&#8221; attachment=&#8221; attachment_size=&#8221; background_attachment=&#8217;scroll&#8217; background_position=&#8217;top left&#8217; background_repeat=&#8217;no-repeat&#8217; custom_class=&#8221; template_class=&#8221; av_uid=&#8221; sc_version=&#8217;1.0&#8242;]<\/p>\n<p>[av_one_fourth first min_height=&#8221; vertical_alignment=&#8221; space=&#8221; custom_margin=&#8221; margin=&#8217;0px&#8217; padding=&#8217;0px&#8217; border=&#8221; border_color=&#8221; radius=&#8217;0px&#8217; background_color=&#8221; src=&#8221; background_position=&#8217;top left&#8217; background_repeat=&#8217;no-repeat&#8217; animation=&#8221; mobile_display=&#8221; av_uid=&#8221;]<\/p>\n<p>[av_image src=&#8217;https:\/\/www.andamur.com\/wp-content\/uploads\/2023\/10\/andamur-entorno-laboral-diverso-e-inclusivo.jpg&#8217; attachment=&#8217;44285&#8242; attachment_size=&#8217;full&#8217; copyright=&#8221; caption=&#8221; styling=&#8221; align=&#8217;center&#8217; font_size=&#8221; overlay_opacity=&#8217;0.4&#8242; overlay_color=&#8217;#000000&#8242; overlay_text_color=&#8217;#ffffff&#8217; animation=&#8217;no-animation&#8217; hover=&#8221; appearance=&#8221; link=&#8221; target=&#8221; title_attr=&#8221; alt_attr=&#8221; lazy_loading=&#8217;disabled&#8217; id=&#8221; custom_class=&#8221; template_class=&#8221; av_element_hidden_in_editor=&#8217;0&#8242; av_uid=&#8221; sc_version=&#8217;1.0&#8242; admin_preview_bg=&#8221;][\/av_image]<\/p>\n<p>[\/av_one_fourth][av_one_half min_height=&#8221; vertical_alignment=&#8221; space=&#8221; custom_margin=&#8221; margin=&#8217;0px&#8217; padding=&#8217;0px&#8217; border=&#8221; border_color=&#8221; radius=&#8217;0px&#8217; background_color=&#8221; src=&#8221; background_position=&#8217;top left&#8217; background_repeat=&#8217;no-repeat&#8217; animation=&#8221; mobile_display=&#8221; av_uid=&#8221;]<\/p>\n<p>[av_heading heading=&#8217;Diversidade e ambiente de trabalho inclusivo&#8217; tag=&#8217;h3&#8242; style=&#8217;blockquote modern-quote&#8217; subheading_active=&#8221; show_icon=&#8221; icon=&#8217;ue800&#8242; font=&#8217;entypo-fontello&#8217; size=&#8217;30&#8217; av-medium-font-size-title=&#8221; av-small-font-size-title=&#8221; av-mini-font-size-title=&#8221; subheading_size=&#8217;15&#8217; av-medium-font-size=&#8221; av-small-font-size=&#8221; av-mini-font-size=&#8221; icon_size=&#8221; av-medium-font-size-1=&#8221; av-small-font-size-1=&#8221; av-mini-font-size-1=&#8221; color=&#8221; custom_font=&#8221; subheading_color=&#8221; seperator_color=&#8221; icon_color=&#8221; margin=&#8221; margin_sync=&#8217;true&#8217; padding=&#8217;0&#8242; icon_padding=&#8217;10&#8217; link=&#8221; link_target=&#8221; id=&#8221; custom_class=&#8221; template_class=&#8221; av_uid=&#8217;av-lnya2b7t&#8217; sc_version=&#8217;1.0&#8242; admin_preview_bg=&#8217;rgb(255, 255, 255)&#8217;][\/av_heading]<\/p>\n<p>[av_textblock size=&#8221; av-medium-font-size=&#8221; av-small-font-size=&#8221; av-mini-font-size=&#8221; font_color=&#8221; color=&#8221; id=&#8221; custom_class=&#8221; template_class=&#8221; av_uid=&#8217;av-lnya2iy4&#8242; sc_version=&#8217;1.0&#8242; admin_preview_bg=&#8221;]<\/p>\n<p class=\"p1\">A n\u00e3o discrimina\u00e7\u00e3o e o respeito pela diversidade s\u00e3o os princ\u00edpios fundamentais que regulam as rela\u00e7\u00f5es laborais na Andamur.<\/p>\n<p class=\"p1\">Valorizamos o acesso igualit\u00e1rio ao emprego, \u00e0 forma\u00e7\u00e3o, \u00e0 promo\u00e7\u00e3o profissional, \u00e0 concilia\u00e7\u00e3o e \u00e0s mesmas condi\u00e7\u00f5es de trabalho como elementos-chave para atingir a plena igualdade no nosso ambiente laboral.<\/p>\n<p>[\/av_textblock]<\/p>\n<p>[\/av_one_half][av_one_fourth min_height=&#8221; vertical_alignment=&#8221; space=&#8221; custom_margin=&#8221; margin=&#8217;0px&#8217; padding=&#8217;0px&#8217; border=&#8221; border_color=&#8221; radius=&#8217;0px&#8217; background_color=&#8221; src=&#8221; background_position=&#8217;top left&#8217; background_repeat=&#8217;no-repeat&#8217; animation=&#8221; mobile_display=&#8221; av_uid=&#8221;]<\/p>\n<p>[\/av_one_fourth][\/av_tab_sub_section]<br \/>\n[\/av_tab_section]<\/p>\n<p>[av_section min_height=&#8221; min_height_px=&#8217;500px&#8217; padding=&#8217;default&#8217; shadow=&#8217;no-border-styling&#8217; bottom_border=&#8217;border-extra-arrow-down&#8217; bottom_border_diagonal_color=&#8217;#333333&#8242; bottom_border_diagonal_direction=&#8221; bottom_border_style=&#8221; id=&#8221; color=&#8217;main_color&#8217; custom_bg=&#8217;#162862&#8242; src=&#8221; attachment=&#8221; attachment_size=&#8221; attach=&#8217;scroll&#8217; position=&#8217;top left&#8217; repeat=&#8217;no-repeat&#8217; video=&#8221; video_ratio=&#8217;16:9&#8242; overlay_opacity=&#8217;0.5&#8242; overlay_color=&#8221; overlay_pattern=&#8221; overlay_custom_pattern=&#8221; av_element_hidden_in_editor=&#8217;0&#8242; av_uid=&#8221;]<br \/>\n[av_hr class=&#8217;invisible&#8217; height=&#8217;5&#8242; shadow=&#8217;no-shadow&#8217; position=&#8217;center&#8217; custom_border=&#8217;av-border-thin&#8217; custom_width=&#8217;50px&#8217; custom_border_color=&#8221; custom_margin_top=&#8217;30px&#8217; custom_margin_bottom=&#8217;30px&#8217; icon_select=&#8217;yes&#8217; custom_icon_color=&#8221; icon=&#8217;ue808&#8242; font=&#8217;entypo-fontello&#8217; admin_preview_bg=&#8221; av_uid=&#8221;]<\/p>\n<p>[av_heading heading=&#8217;<strong>\u00daLTIMAS AC\u00c7\u00d5ES DO CSR<\/strong>&#8216; tag=&#8217;h1&#8242; style=&#8217;blockquote modern-quote modern-centered&#8217; subheading_active=&#8217;subheading_below&#8217; show_icon=&#8221; icon=&#8217;ue800&#8242; font=&#8217;entypo-fontello&#8217; size=&#8221; av-medium-font-size-title=&#8221; av-small-font-size-title=&#8221; av-mini-font-size-title=&#8221; subheading_size=&#8217;15&#8217; av-medium-font-size=&#8221; av-small-font-size=&#8221; av-mini-font-size=&#8221; icon_size=&#8221; av-medium-font-size-1=&#8221; av-small-font-size-1=&#8221; av-mini-font-size-1=&#8221; color=&#8217;custom-color-heading&#8217; custom_font=&#8217;#ffffff&#8217; subheading_color=&#8221; seperator_color=&#8221; icon_color=&#8221; margin=&#8221; margin_sync=&#8217;true&#8217; padding=&#8217;10&#8217; icon_padding=&#8217;10&#8217; link=&#8221; link_target=&#8221; id=&#8221; custom_class=&#8221; template_class=&#8221; av_uid=&#8217;av-l8obffhe&#8217; sc_version=&#8217;1.0&#8242; admin_preview_bg=&#8221;]<br \/>\nSocialmente empenhados, em Andamur cuidamos do que importa e envolvemo-nos num mundo melhor para todos os que nos rodeiam.<br \/>\n[\/av_heading]<\/p>\n<p>[av_hr class=&#8217;invisible&#8217; height=&#8217;20&#8217; shadow=&#8217;no-shadow&#8217; position=&#8217;center&#8217; custom_border=&#8217;av-border-thin&#8217; custom_width=&#8217;50px&#8217; custom_border_color=&#8221; custom_margin_top=&#8217;30px&#8217; custom_margin_bottom=&#8217;30px&#8217; icon_select=&#8217;yes&#8217; custom_icon_color=&#8221; icon=&#8217;ue808&#8242; font=&#8217;entypo-fontello&#8217; admin_preview_bg=&#8221; av_uid=&#8221;]<br \/>\n[\/av_section]<\/p>\n<p>[av_postslider link=&#8217;category,53&#8242; columns=&#8217;3&#8242; items=&#8217;6&#8242; offset=&#8217;0&#8242; contents=&#8217;title&#8217; preview_mode=&#8217;auto&#8217; image_size=&#8217;portfolio&#8217; autoplay=&#8217;yes&#8217; interval=&#8217;10&#8217; av_uid=&#8221;]<\/p>\n<p>[av_submenu which_menu=&#8221; menu=&#8217;257&#8242; position=&#8217;right&#8217; sticky=&#8217;aviaTBsticky&#8217; color=&#8217;header_color&#8217; mobile=&#8217;disabled&#8217; mobile_switch=&#8217;av-switch-768&#8242; alb_description=&#8221; id=&#8221; custom_class=&#8221; template_class=&#8221; av_uid=&#8221; sc_version=&#8217;1.0&#8242;]<br \/>\n[av_submenu_item title=&#8217;airCODE&#8217; link=&#8217;page,6703&#8242; linktarget=&#8221; button_style=&#8221; av_uid=&#8221; sc_version=&#8217;1.0&#8242;]<br \/>\n[av_submenu_item title=&#8217;<strong>Tarjetas de Combustible<\/strong>&#8216; link=&#8217;page,4130&#8242; linktarget=&#8221; button_style=&#8221; av_uid=&#8221; sc_version=&#8217;1.0&#8242;]<br \/>\n[av_submenu_item title=&#8217;Peajes&#8217; link=&#8217;page,4546&#8242; linktarget=&#8221; button_style=&#8221; av_uid=&#8221; sc_version=&#8217;1.0&#8242;]<br \/>\n[av_submenu_item title=&#8217;Recuperaci\u00f3n de impuestos&#8217; link=&#8217;page,3966&#8242; linktarget=&#8221; button_style=&#8221; av_uid=&#8221; sc_version=&#8217;1.0&#8242;]<br \/>\n[\/av_submenu]<\/p>\n<p>[av_section min_height=&#8221; min_height_px=&#8217;500px&#8217; padding=&#8217;default&#8217; shadow=&#8217;no-shadow&#8217; bottom_border=&#8217;no-border-styling&#8217; bottom_border_diagonal_color=&#8217;#333333&#8242; bottom_border_diagonal_direction=&#8221; bottom_border_style=&#8221; scroll_down=&#8217;aviaTBscroll_down&#8217; id=&#8221; color=&#8217;alternate_color&#8217; custom_bg=&#8221; src=&#8221; attachment=&#8221; attachment_size=&#8221; attach=&#8217;scroll&#8217; position=&#8217;top left&#8217; repeat=&#8217;no-repeat&#8217; video=&#8221; video_ratio=&#8217;16:9&#8242; overlay_opacity=&#8217;0.5&#8242; overlay_color=&#8221; overlay_pattern=&#8221; overlay_custom_pattern=&#8221; av_element_hidden_in_editor=&#8217;0&#8242; av_uid=&#8221;]<br \/>\n[av_heading heading=&#8217;Acciones realizadas durante 2022 en relaci\u00f3n con los ODS:&#8217; tag=&#8217;h2&#8242; style=&#8217;blockquote modern-quote modern-centered&#8217; subheading_active=&#8221; show_icon=&#8221; icon=&#8217;ue800&#8242; font=&#8217;entypo-fontello&#8217; size=&#8221; av-medium-font-size-title=&#8221; av-small-font-size-title=&#8221; av-mini-font-size-title=&#8221; subheading_size=&#8217;15&#8217; av-medium-font-size=&#8221; av-small-font-size=&#8221; av-mini-font-size=&#8221; icon_size=&#8221; av-medium-font-size-1=&#8221; av-small-font-size-1=&#8221; av-mini-font-size-1=&#8221; color=&#8217;custom-color-heading&#8217; custom_font=&#8217;#ffffff&#8217; subheading_color=&#8221; seperator_color=&#8221; icon_color=&#8221; margin=&#8221; margin_sync=&#8217;true&#8217; padding=&#8217;15&#8217; icon_padding=&#8217;10&#8217; link=&#8221; link_target=&#8221; id=&#8221; custom_class=&#8221; template_class=&#8221; av_uid=&#8221; sc_version=&#8217;1.0&#8242; admin_preview_bg=&#8221;][\/av_heading]<br \/>\n[\/av_section]<\/p>\n<p>[av_tab_section transition=&#8217;av-tab-no-transition&#8217; padding=&#8217;default&#8217; tab_pos=&#8217;av-tab-above-content&#8217; content_height=&#8221; tab_padding=&#8217;default&#8217; initial=&#8217;1&#8242; id=&#8221; av_element_hidden_in_editor=&#8217;0&#8242; av_admin_tab_active=&#8217;4&#8242; bg_color=&#8217;#dbdbdb&#8217; color=&#8221; av_uid=&#8221;]<br \/>\n[av_tab_sub_section tab_title=&#8221; icon_select=&#8217;image_top&#8217; icon=&#8217;ue800&#8242; font=&#8217;entypo-fontello&#8217; tab_image=&#8217;43496&#8242; tab_image_style=&#8221; vertical_align=&#8217;top&#8217; color=&#8221; background_color=&#8221; src=&#8221; attachment=&#8221; attachment_size=&#8221; background_attachment=&#8217;scroll&#8217; background_position=&#8217;top left&#8217; background_repeat=&#8217;no-repeat&#8217; custom_class=&#8221; template_class=&#8221; av_uid=&#8221; sc_version=&#8217;1.0&#8242;]<\/p>\n<p>[av_one_fourth first min_height=&#8217;av-equal-height-column&#8217; vertical_alignment=&#8217;av-align-top&#8217; space=&#8221; row_boxshadow_color=&#8221; row_boxshadow_width=&#8217;10&#8217; margin=&#8217;0px&#8217; margin_sync=&#8217;true&#8217; mobile_breaking=&#8221; min_col_height=&#8221; padding=&#8217;0px&#8217; padding_sync=&#8217;true&#8217; svg_div_top=&#8221; svg_div_top_color=&#8217;#333333&#8242; svg_div_top_width=&#8217;100&#8242; svg_div_top_height=&#8217;50&#8217; svg_div_top_max_height=&#8217;none&#8217; svg_div_top_opacity=&#8221; svg_div_bottom=&#8221; svg_div_bottom_color=&#8217;#333333&#8242; svg_div_bottom_width=&#8217;100&#8242; svg_div_bottom_height=&#8217;50&#8217; svg_div_bottom_max_height=&#8217;none&#8217; svg_div_bottom_opacity=&#8221; border=&#8221; border_style=&#8217;solid&#8217; border_color=&#8221; radius=&#8217;0px&#8217; radius_sync=&#8217;true&#8217; column_boxshadow_color=&#8221; column_boxshadow_width=&#8217;10&#8217; background=&#8217;bg_color&#8217; background_color=&#8221; background_gradient_direction=&#8217;vertical&#8217; background_gradient_color1=&#8217;#000000&#8242; background_gradient_color2=&#8217;#ffffff&#8217; background_gradient_color3=&#8221; src=&#8221; attachment=&#8221; attachment_size=&#8221; background_position=&#8217;top left&#8217; background_repeat=&#8217;no-repeat&#8217; highlight_size=&#8217;1.1&#8242; animation=&#8221; link=&#8221; linktarget=&#8221; link_hover=&#8221; title_attr=&#8221; alt_attr=&#8221; mobile_display=&#8221; id=&#8221; custom_class=&#8221; template_class=&#8221; aria_label=&#8221; av_uid=&#8221; sc_version=&#8217;1.0&#8242;]<\/p>\n<p>[av_heading heading=&#8217;Entorno de trabajo saludable y seguro&#8217; tag=&#8217;h3&#8242; style=&#8217;blockquote modern-quote&#8217; subheading_active=&#8221; show_icon=&#8221; icon=&#8217;ue800&#8242; font=&#8217;entypo-fontello&#8217; size=&#8217;30&#8217; av-medium-font-size-title=&#8221; av-small-font-size-title=&#8221; av-mini-font-size-title=&#8221; subheading_size=&#8217;15&#8217; av-medium-font-size=&#8221; av-small-font-size=&#8221; av-mini-font-size=&#8221; icon_size=&#8221; av-medium-font-size-1=&#8221; av-small-font-size-1=&#8221; av-mini-font-size-1=&#8221; color=&#8221; custom_font=&#8221; subheading_color=&#8221; seperator_color=&#8221; icon_color=&#8221; margin=&#8221; margin_sync=&#8217;true&#8217; padding=&#8217;0&#8242; icon_padding=&#8217;10&#8217; link=&#8221; link_target=&#8221; id=&#8221; custom_class=&#8221; template_class=&#8221; av_uid=&#8221; sc_version=&#8217;1.0&#8242; admin_preview_bg=&#8217;rgb(255, 255, 255)&#8217;][\/av_heading]<\/p>\n<p>[av_textblock size=&#8221; av-medium-font-size=&#8221; av-small-font-size=&#8221; av-mini-font-size=&#8221; font_color=&#8221; color=&#8221; id=&#8221; custom_class=&#8221; template_class=&#8221; av_uid=&#8221; sc_version=&#8217;1.0&#8242; admin_preview_bg=&#8221;]<\/p>\n<p class=\"p1\">Garantizar que todo nuestro equipo trabaja en un entorno de trabajo seguro y saludable es uno de nuestros principales compromisos.<\/p>\n<p>[\/av_textblock]<\/p>\n<p>[\/av_one_fourth][av_one_fourth min_height=&#8221; vertical_alignment=&#8221; space=&#8221; custom_margin=&#8221; margin=&#8217;0px&#8217; padding=&#8217;0px&#8217; border=&#8221; border_color=&#8221; radius=&#8217;0px&#8217; background_color=&#8221; src=&#8221; background_position=&#8217;top left&#8217; background_repeat=&#8217;no-repeat&#8217; animation=&#8221; mobile_display=&#8221; av_uid=&#8221;]<\/p>\n<p>[av_heading heading=&#8217;El Plan de Prevenci\u00f3n de Riesgos laborales&#8217; tag=&#8217;h3&#8242; style=&#8217;blockquote modern-quote&#8217; subheading_active=&#8221; show_icon=&#8221; icon=&#8217;ue800&#8242; font=&#8217;entypo-fontello&#8217; size=&#8217;30&#8217; av-medium-font-size-title=&#8221; av-small-font-size-title=&#8221; av-mini-font-size-title=&#8221; subheading_size=&#8217;15&#8217; av-medium-font-size=&#8221; av-small-font-size=&#8221; av-mini-font-size=&#8221; icon_size=&#8221; av-medium-font-size-1=&#8221; av-small-font-size-1=&#8221; av-mini-font-size-1=&#8221; color=&#8221; custom_font=&#8221; subheading_color=&#8221; seperator_color=&#8221; icon_color=&#8221; margin=&#8221; margin_sync=&#8217;true&#8217; padding=&#8217;0&#8242; icon_padding=&#8217;10&#8217; link=&#8221; link_target=&#8221; id=&#8221; custom_class=&#8221; template_class=&#8221; av_uid=&#8221; sc_version=&#8217;1.0&#8242; admin_preview_bg=&#8217;rgb(255, 255, 255)&#8217;][\/av_heading]<\/p>\n<p>[av_textblock size=&#8221; av-medium-font-size=&#8221; av-small-font-size=&#8221; av-mini-font-size=&#8221; font_color=&#8221; color=&#8221; id=&#8221; custom_class=&#8221; template_class=&#8221; av_uid=&#8221; sc_version=&#8217;1.0&#8242; admin_preview_bg=&#8221;]<\/p>\n<p class=\"p1\">Es gestionado a trav\u00e9s de servicios de prevenci\u00f3n externos y con el concierto de todas las especialidades necesarias: seguridad en el trabajo, higiene, medicina del trabajo, ergonom\u00eda y psicosociolog\u00eda aplicada.<\/p>\n<p>[\/av_textblock]<\/p>\n<p>[\/av_one_fourth][av_one_fourth min_height=&#8217;av-equal-height-column&#8217; vertical_alignment=&#8217;av-align-middle&#8217; space=&#8221; margin=&#8217;0px&#8217; margin_sync=&#8217;true&#8217; padding=&#8217;0px&#8217; padding_sync=&#8217;true&#8217; border=&#8221; border_color=&#8221; radius=&#8217;0px&#8217; radius_sync=&#8217;true&#8217; background_color=&#8221; src=&#8221; attachment=&#8221; attachment_size=&#8221; background_position=&#8217;top left&#8217; background_repeat=&#8217;no-repeat&#8217; animation=&#8221; mobile_display=&#8221; av_uid=&#8221;]<\/p>\n<p>[av_heading heading=&#8217;Auditoria de seguimiento de la certificaci\u00f3n ISO 45001&#8242; tag=&#8217;h3&#8242; style=&#8217;blockquote modern-quote&#8217; subheading_active=&#8221; show_icon=&#8221; icon=&#8217;ue800&#8242; font=&#8217;entypo-fontello&#8217; size=&#8217;30&#8217; av-medium-font-size-title=&#8221; av-small-font-size-title=&#8221; av-mini-font-size-title=&#8221; subheading_size=&#8217;15&#8217; av-medium-font-size=&#8221; av-small-font-size=&#8221; av-mini-font-size=&#8221; icon_size=&#8221; av-medium-font-size-1=&#8221; av-small-font-size-1=&#8221; av-mini-font-size-1=&#8221; color=&#8221; custom_font=&#8221; subheading_color=&#8221; seperator_color=&#8221; icon_color=&#8221; margin=&#8221; margin_sync=&#8217;true&#8217; padding=&#8217;0&#8242; icon_padding=&#8217;10&#8217; link=&#8221; link_target=&#8221; id=&#8221; custom_class=&#8221; template_class=&#8221; av_uid=&#8221; sc_version=&#8217;1.0&#8242; admin_preview_bg=&#8217;rgb(255, 255, 255)&#8217;][\/av_heading]<\/p>\n<p>[av_textblock size=&#8221; av-medium-font-size=&#8221; av-small-font-size=&#8221; av-mini-font-size=&#8221; font_color=&#8221; color=&#8221; id=&#8221; custom_class=&#8221; template_class=&#8221; av_uid=&#8221; sc_version=&#8217;1.0&#8242; admin_preview_bg=&#8221;]<\/p>\n<p class=\"p1\">Se verificaron los est\u00e1ndares del Sistema de Gesti\u00f3n de Seguridad y Salud en el Trabajo<\/p>\n<p>[\/av_textblock]<\/p>\n<p>[\/av_one_fourth][av_one_fourth min_height=&#8221; vertical_alignment=&#8221; space=&#8221; custom_margin=&#8221; margin=&#8217;0px&#8217; padding=&#8217;0px&#8217; border=&#8221; border_color=&#8221; radius=&#8217;0px&#8217; background_color=&#8221; src=&#8221; background_position=&#8217;top left&#8217; background_repeat=&#8217;no-repeat&#8217; animation=&#8221; mobile_display=&#8221; av_uid=&#8221;]<\/p>\n<p>[av_heading heading=&#8217;El Comit\u00e9 de Seguridad y Salud en el Trabajo&#8217; tag=&#8217;h3&#8242; style=&#8217;blockquote modern-quote&#8217; subheading_active=&#8221; show_icon=&#8221; icon=&#8217;ue800&#8242; font=&#8217;entypo-fontello&#8217; size=&#8217;30&#8217; av-medium-font-size-title=&#8221; av-small-font-size-title=&#8221; av-mini-font-size-title=&#8221; subheading_size=&#8217;15&#8217; av-medium-font-size=&#8221; av-small-font-size=&#8221; av-mini-font-size=&#8221; icon_size=&#8221; av-medium-font-size-1=&#8221; av-small-font-size-1=&#8221; av-mini-font-size-1=&#8221; color=&#8221; custom_font=&#8221; subheading_color=&#8221; seperator_color=&#8221; icon_color=&#8221; margin=&#8221; margin_sync=&#8217;true&#8217; padding=&#8217;0&#8242; icon_padding=&#8217;10&#8217; link=&#8221; link_target=&#8221; id=&#8221; custom_class=&#8221; template_class=&#8221; av_uid=&#8221; sc_version=&#8217;1.0&#8242; admin_preview_bg=&#8217;rgb(255, 255, 255)&#8217;][\/av_heading]<\/p>\n<p>[av_textblock size=&#8221; av-medium-font-size=&#8221; av-small-font-size=&#8221; av-mini-font-size=&#8221; font_color=&#8221; color=&#8221; id=&#8221; custom_class=&#8221; template_class=&#8221; av_uid=&#8221; sc_version=&#8217;1.0&#8242; admin_preview_bg=&#8221;]<\/p>\n<p class=\"p1\">(Comite SST), el cual vela por el cumplimiento de las acciones en materia de seguridad y salud, mantuvo una serie de reuniones a lo largo del a\u00f1o para hacer seguimiento de los objetivos establecidos en materia de seguridad y salud.<\/p>\n<p>[\/av_textblock]<\/p>\n<p>[\/av_one_fourth][\/av_tab_sub_section][av_tab_sub_section tab_title=&#8221; icon_select=&#8217;image_top&#8217; icon=&#8217;ue800&#8242; font=&#8217;entypo-fontello&#8217; tab_image=&#8217;43501&#8242; tab_image_style=&#8221; vertical_align=&#8217;top&#8217; color=&#8221; background_color=&#8221; src=&#8221; attachment=&#8221; attachment_size=&#8221; background_attachment=&#8217;scroll&#8217; background_position=&#8217;top left&#8217; background_repeat=&#8217;no-repeat&#8217; custom_class=&#8221; template_class=&#8221; av_uid=&#8221; sc_version=&#8217;1.0&#8242;]<\/p>\n<p>[av_one_fourth first min_height=&#8221; vertical_alignment=&#8221; space=&#8221; custom_margin=&#8221; margin=&#8217;0px&#8217; padding=&#8217;0px&#8217; border=&#8221; border_color=&#8221; radius=&#8217;0px&#8217; background_color=&#8221; src=&#8221; background_position=&#8217;top left&#8217; background_repeat=&#8217;no-repeat&#8217; animation=&#8221; mobile_display=&#8221; av_uid=&#8221;]<\/p>\n<p>[\/av_one_fourth][av_one_half min_height=&#8221; vertical_alignment=&#8221; space=&#8221; custom_margin=&#8221; margin=&#8217;0px&#8217; padding=&#8217;0px&#8217; border=&#8221; border_color=&#8221; radius=&#8217;0px&#8217; background_color=&#8221; src=&#8221; background_position=&#8217;top left&#8217; background_repeat=&#8217;no-repeat&#8217; animation=&#8221; mobile_display=&#8221; av_uid=&#8221;]<\/p>\n<p>[av_heading heading=&#8217;Formaci\u00f3n&#8217; tag=&#8217;h3&#8242; style=&#8217;blockquote modern-quote&#8217; subheading_active=&#8221; show_icon=&#8221; icon=&#8217;ue800&#8242; font=&#8217;entypo-fontello&#8217; size=&#8217;30&#8217; av-medium-font-size-title=&#8221; av-small-font-size-title=&#8221; av-mini-font-size-title=&#8221; subheading_size=&#8217;15&#8217; av-medium-font-size=&#8221; av-small-font-size=&#8221; av-mini-font-size=&#8221; icon_size=&#8221; av-medium-font-size-1=&#8221; av-small-font-size-1=&#8221; av-mini-font-size-1=&#8221; color=&#8221; custom_font=&#8221; subheading_color=&#8221; seperator_color=&#8221; icon_color=&#8221; margin=&#8221; margin_sync=&#8217;true&#8217; padding=&#8217;0&#8242; icon_padding=&#8217;10&#8217; link=&#8221; link_target=&#8221; id=&#8221; custom_class=&#8221; template_class=&#8221; av_uid=&#8221; sc_version=&#8217;1.0&#8242; admin_preview_bg=&#8217;rgb(255, 255, 255)&#8217;][\/av_heading]<\/p>\n<p>[av_textblock size=&#8221; av-medium-font-size=&#8221; av-small-font-size=&#8221; av-mini-font-size=&#8221; font_color=&#8221; color=&#8221; id=&#8221; custom_class=&#8221; template_class=&#8221; av_uid=&#8221; sc_version=&#8217;1.0&#8242; admin_preview_bg=&#8221;]<\/p>\n<p class=\"p1\">Valoramos la formaci\u00f3n como un eje fundamental para el desarrollo personal y profesional de empleados y empleadas.<\/p>\n<p class=\"p1\">Reconocemos que la capacitaci\u00f3n es una inversi\u00f3n en conocimiento acumulado en la organizaci\u00f3n, buscando dos objetivos principales: garantizar un servicio excelente a los clientes y promover el desarrollo del talento como parte de nuestro plan de Responsabilidad Social Corporativa.<\/p>\n<p>[\/av_textblock]<\/p>\n<p>[\/av_one_half][av_one_fourth min_height=&#8221; vertical_alignment=&#8221; space=&#8221; custom_margin=&#8221; margin=&#8217;0px&#8217; padding=&#8217;0px&#8217; border=&#8221; border_color=&#8221; radius=&#8217;0px&#8217; background_color=&#8221; src=&#8221; background_position=&#8217;top left&#8217; background_repeat=&#8217;no-repeat&#8217; animation=&#8221; mobile_display=&#8221; av_uid=&#8221;]<\/p>\n<p>[\/av_one_fourth][\/av_tab_sub_section][av_tab_sub_section tab_title=&#8221; icon_select=&#8217;image_top&#8217; icon=&#8217;ue800&#8242; font=&#8217;entypo-fontello&#8217; tab_image=&#8217;43506&#8242; tab_image_style=&#8221; vertical_align=&#8217;top&#8217; color=&#8221; background_color=&#8221; src=&#8221; attachment=&#8221; attachment_size=&#8221; background_attachment=&#8217;scroll&#8217; background_position=&#8217;top left&#8217; background_repeat=&#8217;no-repeat&#8217; custom_class=&#8221; template_class=&#8221; av_uid=&#8221; sc_version=&#8217;1.0&#8242;]<\/p>\n<p>[av_one_fourth first min_height=&#8221; vertical_alignment=&#8221; space=&#8221; custom_margin=&#8221; margin=&#8217;0px&#8217; padding=&#8217;0px&#8217; border=&#8221; border_color=&#8221; radius=&#8217;0px&#8217; background_color=&#8221; src=&#8221; background_position=&#8217;top left&#8217; background_repeat=&#8217;no-repeat&#8217; animation=&#8221; mobile_display=&#8221; av_uid=&#8221;]<\/p>\n<p>[\/av_one_fourth][av_one_half min_height=&#8221; vertical_alignment=&#8221; space=&#8221; custom_margin=&#8221; margin=&#8217;0px&#8217; padding=&#8217;0px&#8217; border=&#8221; border_color=&#8221; radius=&#8217;0px&#8217; background_color=&#8221; src=&#8221; background_position=&#8217;top left&#8217; background_repeat=&#8217;no-repeat&#8217; animation=&#8221; mobile_display=&#8221; av_uid=&#8221;]<\/p>\n<p>[av_heading heading=&#8217;Igualdad de oportunidades&#8217; tag=&#8217;h3&#8242; style=&#8217;blockquote modern-quote&#8217; subheading_active=&#8221; show_icon=&#8221; icon=&#8217;ue800&#8242; font=&#8217;entypo-fontello&#8217; size=&#8217;30&#8217; av-medium-font-size-title=&#8221; av-small-font-size-title=&#8221; av-mini-font-size-title=&#8221; subheading_size=&#8217;15&#8217; av-medium-font-size=&#8221; av-small-font-size=&#8221; av-mini-font-size=&#8221; icon_size=&#8221; av-medium-font-size-1=&#8221; av-small-font-size-1=&#8221; av-mini-font-size-1=&#8221; color=&#8221; custom_font=&#8221; subheading_color=&#8221; seperator_color=&#8221; icon_color=&#8221; margin=&#8221; margin_sync=&#8217;true&#8217; padding=&#8217;0&#8242; icon_padding=&#8217;10&#8217; link=&#8221; link_target=&#8221; id=&#8221; custom_class=&#8221; template_class=&#8221; av_uid=&#8221; sc_version=&#8217;1.0&#8242; admin_preview_bg=&#8217;rgb(255, 255, 255)&#8217;][\/av_heading]<\/p>\n<p>[av_textblock size=&#8221; av-medium-font-size=&#8221; av-small-font-size=&#8221; av-mini-font-size=&#8221; font_color=&#8221; color=&#8221; id=&#8221; custom_class=&#8221; template_class=&#8221; av_uid=&#8221; sc_version=&#8217;1.0&#8242; admin_preview_bg=&#8221;]<\/p>\n<p class=\"p1\">Somos una empresa comprometida con la igualdad de oportunidades entre hombres y mujeres; trabajamos continuamente en promover la paridad de g\u00e9nero en todos los niveles de la organizaci\u00f3n.<\/p>\n<p class=\"p1\">Nuestra visi\u00f3n es construir una cultura empresarial inclusiva y libre de prejuicios, donde todas las voces sean escuchadas y valoradas por igual.<\/p>\n<p>[\/av_textblock]<\/p>\n<p>[\/av_one_half][av_one_fourth min_height=&#8221; vertical_alignment=&#8221; space=&#8221; custom_margin=&#8221; margin=&#8217;0px&#8217; padding=&#8217;0px&#8217; border=&#8221; border_color=&#8221; radius=&#8217;0px&#8217; background_color=&#8221; src=&#8221; background_position=&#8217;top left&#8217; background_repeat=&#8217;no-repeat&#8217; animation=&#8221; mobile_display=&#8221; av_uid=&#8221;]<\/p>\n<p>[\/av_one_fourth][\/av_tab_sub_section][av_tab_sub_section tab_title=&#8221; icon_select=&#8217;image_top&#8217; icon=&#8217;ue800&#8242; font=&#8217;entypo-fontello&#8217; tab_image=&#8217;43511&#8242; tab_image_style=&#8221; vertical_align=&#8217;top&#8217; color=&#8221; background_color=&#8221; src=&#8221; attachment=&#8221; attachment_size=&#8221; background_attachment=&#8217;scroll&#8217; background_position=&#8217;top left&#8217; background_repeat=&#8217;no-repeat&#8217; custom_class=&#8221; template_class=&#8221; av_uid=&#8221; sc_version=&#8217;1.0&#8242;]<\/p>\n<p>[av_one_half first min_height=&#8217;av-equal-height-column&#8217; vertical_alignment=&#8217;av-align-middle&#8217; space=&#8221; margin=&#8217;0px&#8217; margin_sync=&#8217;true&#8217; padding=&#8217;0px&#8217; padding_sync=&#8217;true&#8217; border=&#8221; border_color=&#8221; radius=&#8217;0px&#8217; radius_sync=&#8217;true&#8217; background_color=&#8221; src=&#8221; attachment=&#8221; attachment_size=&#8221; background_position=&#8217;top left&#8217; background_repeat=&#8217;no-repeat&#8217; animation=&#8221; mobile_display=&#8221; av_uid=&#8221;]<\/p>\n<p>[av_heading heading=&#8217;Empleo&#8217; tag=&#8217;h3&#8242; style=&#8217;blockquote modern-quote&#8217; subheading_active=&#8221; show_icon=&#8221; icon=&#8217;ue800&#8242; font=&#8217;entypo-fontello&#8217; size=&#8217;30&#8217; av-medium-font-size-title=&#8221; av-small-font-size-title=&#8221; av-mini-font-size-title=&#8221; subheading_size=&#8217;15&#8217; av-medium-font-size=&#8221; av-small-font-size=&#8221; av-mini-font-size=&#8221; icon_size=&#8221; av-medium-font-size-1=&#8221; av-small-font-size-1=&#8221; av-mini-font-size-1=&#8221; color=&#8221; custom_font=&#8221; subheading_color=&#8221; seperator_color=&#8221; icon_color=&#8221; margin=&#8221; margin_sync=&#8217;true&#8217; padding=&#8217;0&#8242; icon_padding=&#8217;10&#8217; link=&#8221; link_target=&#8221; id=&#8221; custom_class=&#8221; template_class=&#8221; av_uid=&#8221; sc_version=&#8217;1.0&#8242; admin_preview_bg=&#8217;rgb(255, 255, 255)&#8217;][\/av_heading]<\/p>\n<p>[av_textblock size=&#8221; av-medium-font-size=&#8221; av-small-font-size=&#8221; av-mini-font-size=&#8221; font_color=&#8221; color=&#8221; id=&#8221; custom_class=&#8221; template_class=&#8221; av_uid=&#8221; sc_version=&#8217;1.0&#8242; admin_preview_bg=&#8221;]<\/p>\n<p class=\"p1\">En Andamur apostamos por la estabilidad laboral de nuestros trabajadores.<\/p>\n<p class=\"p1\">El 94% de las contrataciones realizadas en 2022 en la empresa fueron contratos indefinidos, lo que refleja un enfoque en la estabilidad laboral para los nuevos empleados.<\/p>\n<p class=\"p1\">Hay que se\u00f1alar tambi\u00e9n que el 96% de las jornadas laborales son a tiempo completo. Esto puede ser beneficioso tanto para los empleados, al brindarles una mayor estabilidad financiera, como para la empresa misma.<\/p>\n<p class=\"p1\">Respecto al ejercicio corresponsable de los derechos de la vida personal, familiar y laboral, en Andamur apostamos por garantizar a nuestra plantilla el disfrute de medidas de conciliaci\u00f3n como, por ejemplo, la flexibilidad horaria y el teletrabajo.<\/p>\n<p>[\/av_textblock]<\/p>\n<p>[\/av_one_half][av_one_half min_height=&#8221; vertical_alignment=&#8221; space=&#8221; custom_margin=&#8221; margin=&#8217;0px&#8217; padding=&#8217;0px&#8217; border=&#8221; border_color=&#8221; radius=&#8217;0px&#8217; background_color=&#8221; src=&#8221; background_position=&#8217;top left&#8217; background_repeat=&#8217;no-repeat&#8217; animation=&#8221; mobile_display=&#8221; av_uid=&#8221;]<\/p>\n<p>[av_heading heading=&#8217;M\u00e1s equipo Andamur&#8217; tag=&#8217;h3&#8242; style=&#8217;blockquote modern-quote&#8217; subheading_active=&#8221; show_icon=&#8221; icon=&#8217;ue800&#8242; font=&#8217;entypo-fontello&#8217; size=&#8217;30&#8217; av-medium-font-size-title=&#8221; av-small-font-size-title=&#8221; av-mini-font-size-title=&#8221; subheading_size=&#8217;15&#8217; av-medium-font-size=&#8221; av-small-font-size=&#8221; av-mini-font-size=&#8221; icon_size=&#8221; av-medium-font-size-1=&#8221; av-small-font-size-1=&#8221; av-mini-font-size-1=&#8221; color=&#8221; custom_font=&#8221; subheading_color=&#8221; seperator_color=&#8221; icon_color=&#8221; margin=&#8221; margin_sync=&#8217;true&#8217; padding=&#8217;0&#8242; icon_padding=&#8217;10&#8217; link=&#8221; link_target=&#8221; id=&#8221; custom_class=&#8221; template_class=&#8221; av_uid=&#8221; sc_version=&#8217;1.0&#8242; admin_preview_bg=&#8217;rgb(255, 255, 255)&#8217;][\/av_heading]<\/p>\n<p>[av_textblock size=&#8221; av-medium-font-size=&#8221; av-small-font-size=&#8221; av-mini-font-size=&#8221; font_color=&#8221; color=&#8221; id=&#8221; custom_class=&#8221; template_class=&#8221; av_uid=&#8221; sc_version=&#8217;1.0&#8242; admin_preview_bg=&#8221;]<\/p>\n<p class=\"p1\">Organizamos m\u00faltiples jornadas y encuentros para fomentar la uni\u00f3n y sentido de pertenencia de nuestro equipo:<\/p>\n<p class=\"p1\">Comida anual de empresa y Premios Maria Dolores. Jornadas para la cohesi\u00f3n del equipo Dia de los ni\u00f1os\/as<\/p>\n<p>[\/av_textblock]<\/p>\n<p>[\/av_one_half][\/av_tab_sub_section][av_tab_sub_section tab_title=&#8221; icon_select=&#8217;image_top&#8217; icon=&#8217;ue800&#8242; font=&#8217;entypo-fontello&#8217; tab_image=&#8217;43656&#8242; tab_image_style=&#8221; vertical_align=&#8217;top&#8217; color=&#8221; background_color=&#8221; src=&#8221; attachment=&#8221; attachment_size=&#8221; background_attachment=&#8217;scroll&#8217; background_position=&#8217;top left&#8217; background_repeat=&#8217;no-repeat&#8217; custom_class=&#8221; template_class=&#8221; av_uid=&#8221; sc_version=&#8217;1.0&#8242;]<\/p>\n<p>[av_one_fourth first min_height=&#8221; vertical_alignment=&#8221; space=&#8221; custom_margin=&#8221; margin=&#8217;0px&#8217; padding=&#8217;0px&#8217; border=&#8221; border_color=&#8221; radius=&#8217;0px&#8217; background_color=&#8221; src=&#8221; background_position=&#8217;top left&#8217; background_repeat=&#8217;no-repeat&#8217; animation=&#8221; mobile_display=&#8221; av_uid=&#8221;]<\/p>\n<p>[\/av_one_fourth][av_one_half min_height=&#8221; vertical_alignment=&#8221; space=&#8221; custom_margin=&#8221; margin=&#8217;0px&#8217; padding=&#8217;0px&#8217; border=&#8221; border_color=&#8221; radius=&#8217;0px&#8217; background_color=&#8221; src=&#8221; background_position=&#8217;top left&#8217; background_repeat=&#8217;no-repeat&#8217; animation=&#8221; mobile_display=&#8221; av_uid=&#8221;]<\/p>\n<p>[av_heading heading=&#8217;Diversidad y entorno laboral inclusivo&#8217; tag=&#8217;h3&#8242; style=&#8217;blockquote modern-quote&#8217; subheading_active=&#8221; show_icon=&#8221; icon=&#8217;ue800&#8242; font=&#8217;entypo-fontello&#8217; size=&#8217;30&#8217; av-medium-font-size-title=&#8221; av-small-font-size-title=&#8221; av-mini-font-size-title=&#8221; subheading_size=&#8217;15&#8217; av-medium-font-size=&#8221; av-small-font-size=&#8221; av-mini-font-size=&#8221; icon_size=&#8221; av-medium-font-size-1=&#8221; av-small-font-size-1=&#8221; av-mini-font-size-1=&#8221; color=&#8221; custom_font=&#8221; subheading_color=&#8221; seperator_color=&#8221; icon_color=&#8221; margin=&#8221; margin_sync=&#8217;true&#8217; padding=&#8217;0&#8242; icon_padding=&#8217;10&#8217; link=&#8221; link_target=&#8221; id=&#8221; custom_class=&#8221; template_class=&#8221; av_uid=&#8221; sc_version=&#8217;1.0&#8242; admin_preview_bg=&#8217;rgb(255, 255, 255)&#8217;][\/av_heading]<\/p>\n<p>[av_textblock size=&#8221; av-medium-font-size=&#8221; av-small-font-size=&#8221; av-mini-font-size=&#8221; font_color=&#8221; color=&#8221; id=&#8221; custom_class=&#8221; template_class=&#8221; av_uid=&#8221; sc_version=&#8217;1.0&#8242; admin_preview_bg=&#8221;]<\/p>\n<p class=\"p1\">La no discriminaci\u00f3n y el respeto a la diversidad son los principios fundamentales que rigen las relaciones laborales en Andamur.<\/p>\n<p class=\"p1\">Valoramos el acceso igualitario al empleo, la formaci\u00f3n, la promoci\u00f3n profesional, la conciliaci\u00f3n y la equiparaci\u00f3n de las condiciones de trabajo como elementos clave para alcanzar la plena igualdad en nuestro entorno laboral.<\/p>\n<p>[\/av_textblock]<\/p>\n<p>[\/av_one_half][av_one_fourth min_height=&#8221; vertical_alignment=&#8221; space=&#8221; custom_margin=&#8221; margin=&#8217;0px&#8217; padding=&#8217;0px&#8217; border=&#8221; border_color=&#8221; radius=&#8217;0px&#8217; background_color=&#8221; src=&#8221; background_position=&#8217;top left&#8217; background_repeat=&#8217;no-repeat&#8217; animation=&#8221; mobile_display=&#8221; av_uid=&#8221;]<\/p>\n<p>[\/av_one_fourth][\/av_tab_sub_section]<br \/>\n[\/av_tab_section]<\/p>\n<p>[av_section min_height=&#8221; min_height_px=&#8217;500px&#8217; padding=&#8217;default&#8217; shadow=&#8217;no-border-styling&#8217; bottom_border=&#8217;border-extra-arrow-down&#8217; bottom_border_diagonal_color=&#8217;#333333&#8242; bottom_border_diagonal_direction=&#8221; bottom_border_style=&#8221; id=&#8221; color=&#8217;main_color&#8217; custom_bg=&#8217;#162862&#8242; src=&#8221; attachment=&#8221; attachment_size=&#8221; attach=&#8217;scroll&#8217; position=&#8217;top left&#8217; repeat=&#8217;no-repeat&#8217; video=&#8221; video_ratio=&#8217;16:9&#8242; overlay_opacity=&#8217;0.5&#8242; overlay_color=&#8221; overlay_pattern=&#8221; overlay_custom_pattern=&#8221; av_element_hidden_in_editor=&#8217;0&#8242; av_uid=&#8221;]<br \/>\n[av_hr class=&#8217;invisible&#8217; height=&#8217;5&#8242; shadow=&#8217;no-shadow&#8217; position=&#8217;center&#8217; custom_border=&#8217;av-border-thin&#8217; custom_width=&#8217;50px&#8217; custom_border_color=&#8221; custom_margin_top=&#8217;30px&#8217; custom_margin_bottom=&#8217;30px&#8217; icon_select=&#8217;yes&#8217; custom_icon_color=&#8221; icon=&#8217;ue808&#8242; font=&#8217;entypo-fontello&#8217; admin_preview_bg=&#8221; av_uid=&#8221;]<\/p>\n<p>[av_heading heading=&#8217;<strong>\u00daLTIMAS ACTUACIONES EN RSC<\/strong>&#8216; tag=&#8217;h1&#8242; style=&#8217;blockquote modern-quote modern-centered&#8217; size=&#8221; subheading_active=&#8217;subheading_below&#8217; subheading_size=&#8217;15&#8217; padding=&#8217;10&#8217; color=&#8217;custom-color-heading&#8217; custom_font=&#8217;#ffffff&#8217; admin_preview_bg=&#8221; av_uid=&#8221;]<br \/>\nComprometidos socialmente, en Andamur cuidamos lo que importa y nos implicamos en un mundo mejor para cuantos nos rodean.<br \/>\n[\/av_heading]<\/p>\n<p>[av_hr class=&#8217;invisible&#8217; height=&#8217;20&#8217; shadow=&#8217;no-shadow&#8217; position=&#8217;center&#8217; custom_border=&#8217;av-border-thin&#8217; custom_width=&#8217;50px&#8217; custom_border_color=&#8221; custom_margin_top=&#8217;30px&#8217; custom_margin_bottom=&#8217;30px&#8217; icon_select=&#8217;yes&#8217; custom_icon_color=&#8221; icon=&#8217;ue808&#8242; font=&#8217;entypo-fontello&#8217; admin_preview_bg=&#8221; av_uid=&#8221;]<br \/>\n[\/av_section]<\/p>\n<p>[av_postslider link=&#8217;category,53&#8242; columns=&#8217;3&#8242; items=&#8217;6&#8242; offset=&#8217;0&#8242; contents=&#8217;title&#8217; preview_mode=&#8217;auto&#8217; image_size=&#8217;portfolio&#8217; autoplay=&#8217;yes&#8217; interval=&#8217;10&#8217; av_uid=&#8221;]<\/p>\n","protected":false},"excerpt":{"rendered":"<p>[av_submenu which_menu=&#8221; menu=&#8217;257&#8242; position=&#8217;right&#8217; sticky=&#8217;aviaTBsticky&#8217; color=&#8217;header_color&#8217; mobile=&#8217;disabled&#8217; mobile_switch=&#8217;av-switch-768&#8242; alb_description=&#8221; id=&#8221; custom_class=&#8221; template_class=&#8221; av_uid=&#8221; sc_version=&#8217;1.0&#8242;] [av_submenu_item title=&#8217;airCODE&#8217; link=&#8217;page,6703&#8242; linktarget=&#8221; button_style=&#8221; av_uid=&#8221; sc_version=&#8217;1.0&#8242;] [av_submenu_item title=&#8217;Tarjetas de Combustible&#8216; link=&#8217;page,4130&#8242; linktarget=&#8221; button_style=&#8221; av_uid=&#8221; sc_version=&#8217;1.0&#8242;] [av_submenu_item title=&#8217;Peajes&#8217; link=&#8217;page,4546&#8242; linktarget=&#8221; button_style=&#8221; av_uid=&#8221; sc_version=&#8217;1.0&#8242;] [av_submenu_item title=&#8217;Recuperaci\u00f3n de impuestos&#8217; link=&#8217;page,3966&#8242; linktarget=&#8221; button_style=&#8221; av_uid=&#8221; sc_version=&#8217;1.0&#8242;] [\/av_submenu] [av_section min_height=&#8221; min_height_pc=&#8217;25&#8217; min_height_px=&#8217;500px&#8217; padding=&#8217;large&#8217; margin=&#8217;aviaTBmargin&#8217; custom_margin=&#8217;-20px,0&#8242; svg_div_top=&#8221; [&hellip;]<\/p>\n","protected":false},"author":1,"featured_media":0,"parent":7263,"menu_order":0,"comment_status":"closed","ping_status":"closed","template":"","meta":{"_acf_changed":false,"footnotes":""},"class_list":["post-34210","page","type-page","status-publish","hentry"],"acf":[],"yoast_head":"<!-- This site is optimized with the Yoast SEO plugin v25.4 - https:\/\/yoast.com\/wordpress\/plugins\/seo\/ -->\n<title>Pessoas - Andamur<\/title>\n<meta name=\"robots\" content=\"index, follow, max-snippet:-1, max-image-preview:large, max-video-preview:-1\" \/>\n<link rel=\"canonical\" href=\"https:\/\/www.andamur.com\/responsabilidad-social-3\/personas\/\" \/>\n<meta property=\"og:locale\" content=\"pt_PT\" \/>\n<meta property=\"og:type\" content=\"article\" \/>\n<meta property=\"og:title\" content=\"Pessoas - Andamur\" \/>\n<meta property=\"og:description\" content=\"[av_submenu which_menu=&#8221; menu=&#8217;257&#8242; position=&#8217;right&#8217; sticky=&#8217;aviaTBsticky&#8217; color=&#8217;header_color&#8217; mobile=&#8217;disabled&#8217; mobile_switch=&#8217;av-switch-768&#8242; alb_description=&#8221; id=&#8221; custom_class=&#8221; template_class=&#8221; av_uid=&#8221; sc_version=&#8217;1.0&#8242;] [av_submenu_item title=&#8217;airCODE&#8217; link=&#8217;page,6703&#8242; linktarget=&#8221; button_style=&#8221; av_uid=&#8221; sc_version=&#8217;1.0&#8242;] [av_submenu_item title=&#8217;Tarjetas de Combustible&#8216; link=&#8217;page,4130&#8242; linktarget=&#8221; button_style=&#8221; av_uid=&#8221; sc_version=&#8217;1.0&#8242;] [av_submenu_item title=&#8217;Peajes&#8217; link=&#8217;page,4546&#8242; linktarget=&#8221; button_style=&#8221; av_uid=&#8221; sc_version=&#8217;1.0&#8242;] [av_submenu_item title=&#8217;Recuperaci\u00f3n de impuestos&#8217; link=&#8217;page,3966&#8242; linktarget=&#8221; button_style=&#8221; av_uid=&#8221; sc_version=&#8217;1.0&#8242;] [\/av_submenu] [av_section min_height=&#8221; min_height_pc=&#8217;25&#8217; min_height_px=&#8217;500px&#8217; padding=&#8217;large&#8217; margin=&#8217;aviaTBmargin&#8217; custom_margin=&#8217;-20px,0&#8242; svg_div_top=&#8221; [&hellip;]\" \/>\n<meta property=\"og:url\" content=\"https:\/\/www.andamur.com\/responsabilidad-social-3\/personas\/\" \/>\n<meta property=\"og:site_name\" content=\"Andamur\" \/>\n<meta property=\"article:publisher\" content=\"https:\/\/www.facebook.com\/AndamurEurope\/\" \/>\n<meta property=\"article:modified_time\" content=\"2023-10-20T17:33:44+00:00\" \/>\n<meta property=\"og:image\" content=\"https:\/\/www.andamur.com\/wp-content\/uploads\/2024\/02\/andamurogpic.jpg\" \/>\n\t<meta property=\"og:image:width\" content=\"1200\" \/>\n\t<meta property=\"og:image:height\" content=\"630\" \/>\n\t<meta property=\"og:image:type\" content=\"image\/jpeg\" \/>\n<meta name=\"twitter:card\" content=\"summary_large_image\" \/>\n<meta name=\"twitter:site\" content=\"@andamur_es\" \/>\n<meta name=\"twitter:label1\" content=\"Est. reading time\" \/>\n\t<meta name=\"twitter:data1\" content=\"10 minutes\" \/>\n<script type=\"application\/ld+json\" class=\"yoast-schema-graph\">{\"@context\":\"https:\/\/schema.org\",\"@graph\":[{\"@type\":\"WebPage\",\"@id\":\"https:\/\/www.andamur.com\/responsabilidad-social-3\/personas\/\",\"url\":\"https:\/\/www.andamur.com\/responsabilidad-social-3\/personas\/\",\"name\":\"Pessoas - Andamur\",\"isPartOf\":{\"@id\":\"https:\/\/www.andamur.com\/#website\"},\"datePublished\":\"2022-09-30T06:42:02+00:00\",\"dateModified\":\"2023-10-20T17:33:44+00:00\",\"breadcrumb\":{\"@id\":\"https:\/\/www.andamur.com\/responsabilidad-social-3\/personas\/#breadcrumb\"},\"inLanguage\":\"pt-PT\",\"potentialAction\":[{\"@type\":\"ReadAction\",\"target\":[\"https:\/\/www.andamur.com\/responsabilidad-social-3\/personas\/\"]}]},{\"@type\":\"BreadcrumbList\",\"@id\":\"https:\/\/www.andamur.com\/responsabilidad-social-3\/personas\/#breadcrumb\",\"itemListElement\":[{\"@type\":\"ListItem\",\"position\":1,\"name\":\"Portada\",\"item\":\"https:\/\/www.andamur.com\/pt-pt\/\"},{\"@type\":\"ListItem\",\"position\":2,\"name\":\"Responsabilidade Social\",\"item\":\"https:\/\/www.andamur.com\/pt-pt\/responsabilidade-social\/\"},{\"@type\":\"ListItem\",\"position\":3,\"name\":\"Pessoas\"}]},{\"@type\":\"WebSite\",\"@id\":\"https:\/\/www.andamur.com\/#website\",\"url\":\"https:\/\/www.andamur.com\/\",\"name\":\"Andamur\",\"description\":\"Cada viaje importa\",\"publisher\":{\"@id\":\"https:\/\/www.andamur.com\/#organization\"},\"inLanguage\":\"pt-PT\"},{\"@type\":\"Organization\",\"@id\":\"https:\/\/www.andamur.com\/#organization\",\"name\":\"Andamur\",\"url\":\"https:\/\/www.andamur.com\/\",\"logo\":{\"@type\":\"ImageObject\",\"inLanguage\":\"pt-PT\",\"@id\":\"https:\/\/www.andamur.com\/#\/schema\/logo\/image\/\",\"url\":\"https:\/\/www.andamur.com\/wp-content\/uploads\/2024\/02\/andamurogpic.jpg\",\"contentUrl\":\"https:\/\/www.andamur.com\/wp-content\/uploads\/2024\/02\/andamurogpic.jpg\",\"width\":1200,\"height\":630,\"caption\":\"Andamur\"},\"image\":{\"@id\":\"https:\/\/www.andamur.com\/#\/schema\/logo\/image\/\"},\"sameAs\":[\"https:\/\/www.facebook.com\/AndamurEurope\/\",\"https:\/\/x.com\/andamur_es\",\"https:\/\/www.instagram.com\/andamureurope\/\",\"https:\/\/www.youtube.com\/channel\/UCWP1SBl8J8SjUCcWBo_Uu1w\"]}]}<\/script>\n<!-- \/ Yoast SEO plugin. -->","yoast_head_json":{"title":"Pessoas - Andamur","robots":{"index":"index","follow":"follow","max-snippet":"max-snippet:-1","max-image-preview":"max-image-preview:large","max-video-preview":"max-video-preview:-1"},"canonical":"https:\/\/www.andamur.com\/responsabilidad-social-3\/personas\/","og_locale":"pt_PT","og_type":"article","og_title":"Pessoas - Andamur","og_description":"[av_submenu which_menu=&#8221; menu=&#8217;257&#8242; position=&#8217;right&#8217; sticky=&#8217;aviaTBsticky&#8217; color=&#8217;header_color&#8217; mobile=&#8217;disabled&#8217; mobile_switch=&#8217;av-switch-768&#8242; alb_description=&#8221; id=&#8221; custom_class=&#8221; template_class=&#8221; av_uid=&#8221; sc_version=&#8217;1.0&#8242;] [av_submenu_item title=&#8217;airCODE&#8217; link=&#8217;page,6703&#8242; linktarget=&#8221; button_style=&#8221; av_uid=&#8221; sc_version=&#8217;1.0&#8242;] [av_submenu_item title=&#8217;Tarjetas de Combustible&#8216; link=&#8217;page,4130&#8242; linktarget=&#8221; button_style=&#8221; av_uid=&#8221; sc_version=&#8217;1.0&#8242;] [av_submenu_item title=&#8217;Peajes&#8217; link=&#8217;page,4546&#8242; linktarget=&#8221; button_style=&#8221; av_uid=&#8221; sc_version=&#8217;1.0&#8242;] [av_submenu_item title=&#8217;Recuperaci\u00f3n de impuestos&#8217; link=&#8217;page,3966&#8242; linktarget=&#8221; button_style=&#8221; av_uid=&#8221; sc_version=&#8217;1.0&#8242;] [\/av_submenu] [av_section min_height=&#8221; min_height_pc=&#8217;25&#8217; min_height_px=&#8217;500px&#8217; padding=&#8217;large&#8217; margin=&#8217;aviaTBmargin&#8217; custom_margin=&#8217;-20px,0&#8242; svg_div_top=&#8221; [&hellip;]","og_url":"https:\/\/www.andamur.com\/responsabilidad-social-3\/personas\/","og_site_name":"Andamur","article_publisher":"https:\/\/www.facebook.com\/AndamurEurope\/","article_modified_time":"2023-10-20T17:33:44+00:00","og_image":[{"width":1200,"height":630,"url":"https:\/\/www.andamur.com\/wp-content\/uploads\/2024\/02\/andamurogpic.jpg","type":"image\/jpeg"}],"twitter_card":"summary_large_image","twitter_site":"@andamur_es","twitter_misc":{"Est. reading time":"10 minutes"},"schema":{"@context":"https:\/\/schema.org","@graph":[{"@type":"WebPage","@id":"https:\/\/www.andamur.com\/responsabilidad-social-3\/personas\/","url":"https:\/\/www.andamur.com\/responsabilidad-social-3\/personas\/","name":"Pessoas - Andamur","isPartOf":{"@id":"https:\/\/www.andamur.com\/#website"},"datePublished":"2022-09-30T06:42:02+00:00","dateModified":"2023-10-20T17:33:44+00:00","breadcrumb":{"@id":"https:\/\/www.andamur.com\/responsabilidad-social-3\/personas\/#breadcrumb"},"inLanguage":"pt-PT","potentialAction":[{"@type":"ReadAction","target":["https:\/\/www.andamur.com\/responsabilidad-social-3\/personas\/"]}]},{"@type":"BreadcrumbList","@id":"https:\/\/www.andamur.com\/responsabilidad-social-3\/personas\/#breadcrumb","itemListElement":[{"@type":"ListItem","position":1,"name":"Portada","item":"https:\/\/www.andamur.com\/pt-pt\/"},{"@type":"ListItem","position":2,"name":"Responsabilidade Social","item":"https:\/\/www.andamur.com\/pt-pt\/responsabilidade-social\/"},{"@type":"ListItem","position":3,"name":"Pessoas"}]},{"@type":"WebSite","@id":"https:\/\/www.andamur.com\/#website","url":"https:\/\/www.andamur.com\/","name":"Andamur","description":"Cada viaje importa","publisher":{"@id":"https:\/\/www.andamur.com\/#organization"},"inLanguage":"pt-PT"},{"@type":"Organization","@id":"https:\/\/www.andamur.com\/#organization","name":"Andamur","url":"https:\/\/www.andamur.com\/","logo":{"@type":"ImageObject","inLanguage":"pt-PT","@id":"https:\/\/www.andamur.com\/#\/schema\/logo\/image\/","url":"https:\/\/www.andamur.com\/wp-content\/uploads\/2024\/02\/andamurogpic.jpg","contentUrl":"https:\/\/www.andamur.com\/wp-content\/uploads\/2024\/02\/andamurogpic.jpg","width":1200,"height":630,"caption":"Andamur"},"image":{"@id":"https:\/\/www.andamur.com\/#\/schema\/logo\/image\/"},"sameAs":["https:\/\/www.facebook.com\/AndamurEurope\/","https:\/\/x.com\/andamur_es","https:\/\/www.instagram.com\/andamureurope\/","https:\/\/www.youtube.com\/channel\/UCWP1SBl8J8SjUCcWBo_Uu1w"]}]}},"_links":{"self":[{"href":"https:\/\/www.andamur.com\/pt-pt\/wp-json\/wp\/v2\/pages\/34210","targetHints":{"allow":["GET"]}}],"collection":[{"href":"https:\/\/www.andamur.com\/pt-pt\/wp-json\/wp\/v2\/pages"}],"about":[{"href":"https:\/\/www.andamur.com\/pt-pt\/wp-json\/wp\/v2\/types\/page"}],"author":[{"embeddable":true,"href":"https:\/\/www.andamur.com\/pt-pt\/wp-json\/wp\/v2\/users\/1"}],"replies":[{"embeddable":true,"href":"https:\/\/www.andamur.com\/pt-pt\/wp-json\/wp\/v2\/comments?post=34210"}],"version-history":[{"count":0,"href":"https:\/\/www.andamur.com\/pt-pt\/wp-json\/wp\/v2\/pages\/34210\/revisions"}],"up":[{"embeddable":true,"href":"https:\/\/www.andamur.com\/pt-pt\/wp-json\/wp\/v2\/pages\/7263"}],"wp:attachment":[{"href":"https:\/\/www.andamur.com\/pt-pt\/wp-json\/wp\/v2\/media?parent=34210"}],"curies":[{"name":"wp","href":"https:\/\/api.w.org\/{rel}","templated":true}]}}