{"id":28260,"date":"2022-01-20T11:46:40","date_gmt":"2022-01-20T10:46:40","guid":{"rendered":"https:\/\/www.andamur.com\/?page_id=28260"},"modified":"2022-01-20T11:46:40","modified_gmt":"2022-01-20T10:46:40","slug":"politica-de-proteccao-de-dados-do-canal-responsavel","status":"publish","type":"page","link":"https:\/\/www.andamur.com\/pt-pt\/politica-de-proteccao-de-dados-do-canal-responsavel\/","title":{"rendered":"Pol\u00edtica de protec\u00e7\u00e3o de dados do canal respons\u00e1vel"},"content":{"rendered":"<p><strong>CANAL \u00c9TICO<\/strong><\/p>\n<p><strong>Informa\u00e7\u00e3o de tratamento<\/strong><\/p>\n<p><strong>Quem \u00e9 respons\u00e1vel pelo tratamento dos dados pessoais?<\/strong><\/p>\n<p>GP LIMITE ANDAMUR S.L. \u00e9 Respons\u00e1vel pelo tratamento dos dados pessoais do Interessado e informa que esses dados ser\u00e3o tratados de acordo com o disposto no Regulamento (UE) 2016\/679, de 27 de abril (RGPD), e na Lei Org\u00e2nica 3\/2018 , de 5 de dezembro (LOPDGDD), para o qual s\u00e3o fornecidas as seguintes informa\u00e7\u00f5es de tratamento:<\/p>\n<p><strong>Finalidades do tratamento, porque tratamos os seus dados pessoais?<\/strong><\/p>\n<p>Para a gest\u00e3o adequada do nosso canal de \u00e9tica, processando as irregularidades correspondentes notificadas atrav\u00e9s dele e decidindo sobre a conveni\u00eancia de iniciar uma investiga\u00e7\u00e3o, a fim de detetar poss\u00edveis crimes e evitar a imposi\u00e7\u00e3o de qualquer tipo de responsabilidade \u00e0 GP LIMITE ANDAMUR SL, bem como de modo a evitar qualquer tipo de conduta contr\u00e1ria aos regulamentos internos ou externos da entidade.<\/p>\n<p><strong>Legitima\u00e7\u00e3o do tratamento, porque motivo podemos tratar os seus dados pessoais?<\/strong><\/p>\n<p>Com base na exist\u00eancia de um interesse p\u00fablico (artigo 6.1.e RGPD) na preven\u00e7\u00e3o de condutas contr\u00e1rias aos regulamentos.<\/p>\n<p><strong>Crit\u00e9rios de reten\u00e7\u00e3o de dados, por quanto tempo manteremos os seus dados pessoais?<\/strong><\/p>\n<p>Conservaremos os seus dados por um per\u00edodo m\u00e1ximo de seis meses ap\u00f3s a notifica\u00e7\u00e3o da irregularidade caso os factos n\u00e3o tenham sido comprovados e desde que n\u00e3o sejam necess\u00e1rios para outros fins ou para efeitos de comprova\u00e7\u00e3o do devido controlo e fiscaliza\u00e7\u00e3o na preven\u00e7\u00e3o de crimes. Caso os factos sejam comprovados ou com provas suficientes, os dados ser\u00e3o conservados enquanto for necess\u00e1rio \u00e0 entidade exercer os seus direitos perante os tribunais de justi\u00e7a, e quando j\u00e1 n\u00e3o for necess\u00e1rio faz\u00ea-lo, ser\u00e3o exclu\u00eddos, com medidas de seguran\u00e7a adequadas para garantir a anonimiza\u00e7\u00e3o dos dados ou a destrui\u00e7\u00e3o total dos mesmos.<\/p>\n<p><strong>Comunica\u00e7\u00e3o de dados, a quem fornecemos os seus dados pessoais?<\/strong><\/p>\n<p>Salvo obriga\u00e7\u00e3o legal, os seus dados apenas ser\u00e3o comunicados \u00e0s seguintes categorias de destinat\u00e1rios:<\/p>\n<ul>\n<li>Juizados\u00a0e Tribunais, bem como outros poss\u00edveis \u00f3rg\u00e3os de resolu\u00e7\u00e3o de conflitos.<\/li>\n<li>For\u00e7as e \u00d3rg\u00e3os de Seguran\u00e7a do Estado.<\/li>\n<li>Not\u00e1rios e registradores.<\/li>\n<\/ul>\n<p>Com os prestadores que necessitem de aceder aos seus dados pessoais para a presta\u00e7\u00e3o dos servi\u00e7os que contratamos ou que devido ao funcionamento dos nossos servi\u00e7os eletr\u00f3nicos (p\u00e1gina web e emails) possam ter acesso a determinados dados pessoais, assinamos os contratos de confidencialidade e tratamento personalizado de dados pessoais necess\u00e1rios e exigidos pelos regulamentos para proteger a sua privacidade (artigo 28.3 RGPD).<\/p>\n<p><strong>Direitos que o assistem, quais s\u00e3o os seus direitos ao abrigo do RGPD?<\/strong><\/p>\n<ul>\n<li>Direito de acesso, retifica\u00e7\u00e3o, portabilidade e elimina\u00e7\u00e3o dos seus dados e limita\u00e7\u00e3o ou oposi\u00e7\u00e3o ao seu tratamento.<\/li>\n<li>Direito de apresentar uma reclama\u00e7\u00e3o junto da Autoridade de Controlo (www.aepd.es) se considerar que o tratamento n\u00e3o est\u00e1 em conformidade com os regulamentos em vigor.<\/li>\n<\/ul>\n<p>Dados de contacto para exercer os seus direitos: GP LIMITE ANDAMUR S.L., POL\u00cdGONO INDUSTRIAL SAPRELORCA, CENTRO DE NEGOCIOS ANDAMUR. 30817 LORCA (M\u00daRCIA). E-mail: info@andamur.com<\/p>\n<p>&nbsp;<\/p>\n","protected":false},"excerpt":{"rendered":"<p>CANAL \u00c9TICO Informa\u00e7\u00e3o de tratamento Quem \u00e9 respons\u00e1vel pelo tratamento dos dados pessoais? GP LIMITE ANDAMUR S.L. \u00e9 Respons\u00e1vel pelo tratamento dos dados pessoais do Interessado e informa que esses dados ser\u00e3o tratados de acordo com o disposto no Regulamento (UE) 2016\/679, de 27 de abril (RGPD), e na Lei Org\u00e2nica 3\/2018 , de 5 [&hellip;]<\/p>\n","protected":false},"author":1,"featured_media":0,"parent":0,"menu_order":0,"comment_status":"closed","ping_status":"closed","template":"","meta":{"_acf_changed":false,"footnotes":""},"class_list":["post-28260","page","type-page","status-publish","hentry"],"acf":[],"yoast_head":"<!-- This site is optimized with the Yoast SEO plugin v25.4 - https:\/\/yoast.com\/wordpress\/plugins\/seo\/ -->\n<title>Pol\u00edtica de protec\u00e7\u00e3o de dados do canal respons\u00e1vel - Andamur<\/title>\n<meta name=\"robots\" content=\"index, follow, max-snippet:-1, max-image-preview:large, max-video-preview:-1\" \/>\n<link rel=\"canonical\" href=\"https:\/\/www.andamur.com\/politica-de-proteccion-de-datos-de-canal-responsable\/\" \/>\n<meta property=\"og:locale\" content=\"pt_PT\" \/>\n<meta property=\"og:type\" content=\"article\" \/>\n<meta property=\"og:title\" content=\"Pol\u00edtica de protec\u00e7\u00e3o de dados do canal respons\u00e1vel - Andamur\" \/>\n<meta property=\"og:description\" content=\"CANAL \u00c9TICO Informa\u00e7\u00e3o de tratamento Quem \u00e9 respons\u00e1vel pelo tratamento dos dados pessoais? GP LIMITE ANDAMUR S.L. \u00e9 Respons\u00e1vel pelo tratamento dos dados pessoais do Interessado e informa que esses dados ser\u00e3o tratados de acordo com o disposto no Regulamento (UE) 2016\/679, de 27 de abril (RGPD), e na Lei Org\u00e2nica 3\/2018 , de 5 [&hellip;]\" \/>\n<meta property=\"og:url\" content=\"https:\/\/www.andamur.com\/politica-de-proteccion-de-datos-de-canal-responsable\/\" \/>\n<meta property=\"og:site_name\" content=\"Andamur\" \/>\n<meta property=\"article:publisher\" content=\"https:\/\/www.facebook.com\/AndamurEurope\/\" \/>\n<meta property=\"og:image\" content=\"https:\/\/www.andamur.com\/wp-content\/uploads\/2024\/02\/andamurogpic.jpg\" \/>\n\t<meta property=\"og:image:width\" content=\"1200\" \/>\n\t<meta property=\"og:image:height\" content=\"630\" \/>\n\t<meta property=\"og:image:type\" content=\"image\/jpeg\" \/>\n<meta name=\"twitter:card\" content=\"summary_large_image\" \/>\n<meta name=\"twitter:site\" content=\"@andamur_es\" \/>\n<meta name=\"twitter:label1\" content=\"Est. reading time\" \/>\n\t<meta name=\"twitter:data1\" content=\"3 minutes\" \/>\n<script type=\"application\/ld+json\" class=\"yoast-schema-graph\">{\"@context\":\"https:\/\/schema.org\",\"@graph\":[{\"@type\":\"WebPage\",\"@id\":\"https:\/\/www.andamur.com\/politica-de-proteccion-de-datos-de-canal-responsable\/\",\"url\":\"https:\/\/www.andamur.com\/politica-de-proteccion-de-datos-de-canal-responsable\/\",\"name\":\"Pol\u00edtica de protec\u00e7\u00e3o de dados do canal respons\u00e1vel - Andamur\",\"isPartOf\":{\"@id\":\"https:\/\/www.andamur.com\/#website\"},\"datePublished\":\"2022-01-20T10:46:40+00:00\",\"breadcrumb\":{\"@id\":\"https:\/\/www.andamur.com\/politica-de-proteccion-de-datos-de-canal-responsable\/#breadcrumb\"},\"inLanguage\":\"pt-PT\",\"potentialAction\":[{\"@type\":\"ReadAction\",\"target\":[\"https:\/\/www.andamur.com\/politica-de-proteccion-de-datos-de-canal-responsable\/\"]}]},{\"@type\":\"BreadcrumbList\",\"@id\":\"https:\/\/www.andamur.com\/politica-de-proteccion-de-datos-de-canal-responsable\/#breadcrumb\",\"itemListElement\":[{\"@type\":\"ListItem\",\"position\":1,\"name\":\"Portada\",\"item\":\"https:\/\/www.andamur.com\/pt-pt\/\"},{\"@type\":\"ListItem\",\"position\":2,\"name\":\"Pol\u00edtica de protec\u00e7\u00e3o de dados do canal respons\u00e1vel\"}]},{\"@type\":\"WebSite\",\"@id\":\"https:\/\/www.andamur.com\/#website\",\"url\":\"https:\/\/www.andamur.com\/\",\"name\":\"Andamur\",\"description\":\"Cada viaje importa\",\"publisher\":{\"@id\":\"https:\/\/www.andamur.com\/#organization\"},\"inLanguage\":\"pt-PT\"},{\"@type\":\"Organization\",\"@id\":\"https:\/\/www.andamur.com\/#organization\",\"name\":\"Andamur\",\"url\":\"https:\/\/www.andamur.com\/\",\"logo\":{\"@type\":\"ImageObject\",\"inLanguage\":\"pt-PT\",\"@id\":\"https:\/\/www.andamur.com\/#\/schema\/logo\/image\/\",\"url\":\"https:\/\/www.andamur.com\/wp-content\/uploads\/2024\/02\/andamurogpic.jpg\",\"contentUrl\":\"https:\/\/www.andamur.com\/wp-content\/uploads\/2024\/02\/andamurogpic.jpg\",\"width\":1200,\"height\":630,\"caption\":\"Andamur\"},\"image\":{\"@id\":\"https:\/\/www.andamur.com\/#\/schema\/logo\/image\/\"},\"sameAs\":[\"https:\/\/www.facebook.com\/AndamurEurope\/\",\"https:\/\/x.com\/andamur_es\",\"https:\/\/www.instagram.com\/andamureurope\/\",\"https:\/\/www.youtube.com\/channel\/UCWP1SBl8J8SjUCcWBo_Uu1w\"]}]}<\/script>\n<!-- \/ Yoast SEO plugin. -->","yoast_head_json":{"title":"Pol\u00edtica de protec\u00e7\u00e3o de dados do canal respons\u00e1vel - Andamur","robots":{"index":"index","follow":"follow","max-snippet":"max-snippet:-1","max-image-preview":"max-image-preview:large","max-video-preview":"max-video-preview:-1"},"canonical":"https:\/\/www.andamur.com\/politica-de-proteccion-de-datos-de-canal-responsable\/","og_locale":"pt_PT","og_type":"article","og_title":"Pol\u00edtica de protec\u00e7\u00e3o de dados do canal respons\u00e1vel - Andamur","og_description":"CANAL \u00c9TICO Informa\u00e7\u00e3o de tratamento Quem \u00e9 respons\u00e1vel pelo tratamento dos dados pessoais? GP LIMITE ANDAMUR S.L. \u00e9 Respons\u00e1vel pelo tratamento dos dados pessoais do Interessado e informa que esses dados ser\u00e3o tratados de acordo com o disposto no Regulamento (UE) 2016\/679, de 27 de abril (RGPD), e na Lei Org\u00e2nica 3\/2018 , de 5 [&hellip;]","og_url":"https:\/\/www.andamur.com\/politica-de-proteccion-de-datos-de-canal-responsable\/","og_site_name":"Andamur","article_publisher":"https:\/\/www.facebook.com\/AndamurEurope\/","og_image":[{"width":1200,"height":630,"url":"https:\/\/www.andamur.com\/wp-content\/uploads\/2024\/02\/andamurogpic.jpg","type":"image\/jpeg"}],"twitter_card":"summary_large_image","twitter_site":"@andamur_es","twitter_misc":{"Est. reading time":"3 minutes"},"schema":{"@context":"https:\/\/schema.org","@graph":[{"@type":"WebPage","@id":"https:\/\/www.andamur.com\/politica-de-proteccion-de-datos-de-canal-responsable\/","url":"https:\/\/www.andamur.com\/politica-de-proteccion-de-datos-de-canal-responsable\/","name":"Pol\u00edtica de protec\u00e7\u00e3o de dados do canal respons\u00e1vel - Andamur","isPartOf":{"@id":"https:\/\/www.andamur.com\/#website"},"datePublished":"2022-01-20T10:46:40+00:00","breadcrumb":{"@id":"https:\/\/www.andamur.com\/politica-de-proteccion-de-datos-de-canal-responsable\/#breadcrumb"},"inLanguage":"pt-PT","potentialAction":[{"@type":"ReadAction","target":["https:\/\/www.andamur.com\/politica-de-proteccion-de-datos-de-canal-responsable\/"]}]},{"@type":"BreadcrumbList","@id":"https:\/\/www.andamur.com\/politica-de-proteccion-de-datos-de-canal-responsable\/#breadcrumb","itemListElement":[{"@type":"ListItem","position":1,"name":"Portada","item":"https:\/\/www.andamur.com\/pt-pt\/"},{"@type":"ListItem","position":2,"name":"Pol\u00edtica de protec\u00e7\u00e3o de dados do canal respons\u00e1vel"}]},{"@type":"WebSite","@id":"https:\/\/www.andamur.com\/#website","url":"https:\/\/www.andamur.com\/","name":"Andamur","description":"Cada viaje importa","publisher":{"@id":"https:\/\/www.andamur.com\/#organization"},"inLanguage":"pt-PT"},{"@type":"Organization","@id":"https:\/\/www.andamur.com\/#organization","name":"Andamur","url":"https:\/\/www.andamur.com\/","logo":{"@type":"ImageObject","inLanguage":"pt-PT","@id":"https:\/\/www.andamur.com\/#\/schema\/logo\/image\/","url":"https:\/\/www.andamur.com\/wp-content\/uploads\/2024\/02\/andamurogpic.jpg","contentUrl":"https:\/\/www.andamur.com\/wp-content\/uploads\/2024\/02\/andamurogpic.jpg","width":1200,"height":630,"caption":"Andamur"},"image":{"@id":"https:\/\/www.andamur.com\/#\/schema\/logo\/image\/"},"sameAs":["https:\/\/www.facebook.com\/AndamurEurope\/","https:\/\/x.com\/andamur_es","https:\/\/www.instagram.com\/andamureurope\/","https:\/\/www.youtube.com\/channel\/UCWP1SBl8J8SjUCcWBo_Uu1w"]}]}},"_links":{"self":[{"href":"https:\/\/www.andamur.com\/pt-pt\/wp-json\/wp\/v2\/pages\/28260","targetHints":{"allow":["GET"]}}],"collection":[{"href":"https:\/\/www.andamur.com\/pt-pt\/wp-json\/wp\/v2\/pages"}],"about":[{"href":"https:\/\/www.andamur.com\/pt-pt\/wp-json\/wp\/v2\/types\/page"}],"author":[{"embeddable":true,"href":"https:\/\/www.andamur.com\/pt-pt\/wp-json\/wp\/v2\/users\/1"}],"replies":[{"embeddable":true,"href":"https:\/\/www.andamur.com\/pt-pt\/wp-json\/wp\/v2\/comments?post=28260"}],"version-history":[{"count":0,"href":"https:\/\/www.andamur.com\/pt-pt\/wp-json\/wp\/v2\/pages\/28260\/revisions"}],"wp:attachment":[{"href":"https:\/\/www.andamur.com\/pt-pt\/wp-json\/wp\/v2\/media?parent=28260"}],"curies":[{"name":"wp","href":"https:\/\/api.w.org\/{rel}","templated":true}]}}