{"id":8737,"date":"2017-02-02T12:28:56","date_gmt":"2017-02-02T12:28:56","guid":{"rendered":"https:\/\/www.andamur.com\/politica-de-privacidad\/"},"modified":"2025-07-24T06:39:50","modified_gmt":"2025-07-24T05:39:50","slug":"polityka-prywatnosci","status":"publish","type":"page","link":"https:\/\/www.andamur.com\/pl\/polityka-prywatnosci\/","title":{"rendered":"Polityka prywatno\u015bci"},"content":{"rendered":"<ol>\n<li><strong>Wst\u0119p.<\/strong><\/li>\n<\/ol>\n<p>Mocno anga\u017cujemy si\u0119\u00a0ochron\u0119 prywatno\u015bci os\u00f3b fizycznych, dlatego ochrona danych osobowych jest dla nas bardzo wa\u017cna.<\/p>\n<p>Przetwarzamy dane osobowe zgodnie z przepisami Og\u00f3lnego Rozporz\u0105dzenia o Ochronie Danych Osobowych UE 2016\/679 (RODO) i Ustawy Organicznej 3\/2018 o Ochronie Danych Osobowych i Gwarancji Praw Cyfrowych oraz zgodnie z innymi obowi\u0105zuj\u0105cymi przepisami.<\/p>\n<p>Niniejsza Polityka prywatno\u015bci zosta\u0142a zaktualizowania w lipiec 2025 r. w celu zapewnienia zgodno\u015bci z obowi\u0105zuj\u0105cymi przepisami dotycz\u0105cymi informacji, przejrzysto\u015bci strony internetowej i innych obowi\u0105zk\u00f3w og\u00f3lnych administratora. Dzi\u0119ki temu zapewniamy dost\u0119p do warunk\u00f3w og\u00f3lnych wszystkim zainteresowanym stronom, a nie tylko u\u017cytkownikom witryny. Do czasu kolejnej aktualizacji mog\u0105 istnie\u0107 r\u00f3\u017cne wersje tego dokumentu.<\/p>\n<p>Niniejsze warunki dotycz\u0105 administratora danych lub g\u0142\u00f3wnego podmiotu przetwarzaj\u0105cego dane, jak i innych administrator\u00f3w\/wsp\u00f3\u0142administrator\u00f3w wchodz\u0105cych w sk\u0142ad organizacji g\u0142\u00f3wnego podmiotu przetwarzaj\u0105cego.<\/p>\n<ol start=\"2\">\n<li><strong>Kto jest administratorem Pa\u0144stwa danych?<\/strong><\/li>\n<\/ol>\n<p>G\u0142\u00f3wny administrator danych:<\/p>\n<p><strong>Administrator danych:<\/strong><span>\u00a0<\/span>GP LIMITE ANDAMUR S.L.<\/p>\n<p><strong>NIP:<\/strong><span>\u00a0<\/span>B30424162<\/p>\n<p><strong>Adres:<\/strong><span>\u00a0<\/span>POL. IND. SAPRELORCA, CENTRO DE NEGOCIOS ANDAMUR. 30817 LORCA (MURCIA)<\/p>\n<p><strong>E-mail:<\/strong><span>\u00a0<\/span>info@andamur.com<\/p>\n<p>Inni administratorzy\/wsp\u00f3\u0142administratorzy danych, kt\u00f3rych dotyczy niniejsza Polityka prywatno\u015bci:<\/p>\n<p><strong>Administrator danych:<\/strong><span>\u00a0<\/span>ROAD SOLUTION S.L.U.<\/p>\n<p><strong>NIP:<\/strong><span>\u00a0<\/span>B01910677<\/p>\n<p><strong>Adres:<\/strong><span>\u00a0<\/span>POL. IND. SAPRELORCA, CENTRO DE NEGOCIOS ANDAMUR. 30817 LORCA (MURCIA)<\/p>\n<p><strong>E-mail:<\/strong><span>\u00a0<\/span>info@andamur.com<\/p>\n<p><strong>\u00a0<\/strong><\/p>\n<p><strong>Administrator danych:<\/strong><span>\u00a0<\/span>ANDAMUR EUROPE S.A.<\/p>\n<p><strong>NIP:<\/strong><span>\u00a0<\/span>A04181640<\/p>\n<p><strong>Adres:<\/strong><span>\u00a0<\/span>CTRA. NACIONAL 340, EL LIMITE. 04600 HUERCAL-OVERA (ALMERIA)<\/p>\n<p><strong>E-mail:<\/strong><span>\u00a0<\/span>info@andamur.com<\/p>\n<ol start=\"3\">\n<li><strong>Jakie jest pochodzenie i rodzaj danych, kt\u00f3re przetwarzamy?<\/strong><\/li>\n<\/ol>\n<p>Przetwarzane dane mog\u0105\u00a0pochodzi\u0107 z nast\u0119puj\u0105cych kategorii:<\/p>\n<ul>\n<li>Formularze w formie pisemnej, elektronicznej lub cyfrowej.<\/li>\n<li>Systemy komunikacji i komunikatory: e-mail, komunikator i telefon itp.<\/li>\n<li>Inne legalne \u017ar\u00f3d\u0142a informacji.<\/li>\n<\/ul>\n<p>Inne dane, kt\u00f3re mo\u017cemy przetwarza\u0107 w zale\u017cno\u015bci od rodzaju zainteresowanej strony, (u\u017cytkownik, klient, dostawca, pracownik itp.), charakteru dzia\u0142alno\u015bci administratora oraz sposobu przetwarzania danych to:<\/p>\n<ul>\n<li>Dane identyfikacyjne, np.: imi\u0119 i nazwisko, logo.<\/li>\n<li>Kody identyfikacyjne lub has\u0142a, np.: nazwa u\u017cytkownika, kod pracownika.<\/li>\n<li>Adresy pocztowe lub elektroniczne do cel\u00f3w kontaktowych, np.: telefon, e-mail, profile spo\u0142eczno\u015bciowe.<\/li>\n<li>Dane osobiste i zawodowe, np.: wiek, data urodzenia, wykszta\u0142cenie, do\u015bwiadczenie zawodowe lub CV.<\/li>\n<li>Dane ekonomiczne, finansowe i ubezpieczeniowe, np.: dane bankowe, informacje dotycz\u0105ce kart kredytowych itp.<\/li>\n<li>Dane finansowe i poza finansowe dotycz\u0105ce p\u0142ac oraz inne informacje o charakterze zawodowym, np.: stanowisko pracy, odcinek p\u0142acowy itp.<\/li>\n<li>Dane dotycz\u0105ce transakcji, np.: dostarczonych i otrzymanych towar\u00f3w i us\u0142ug.<\/li>\n<li>Dane specjalne dotycz\u0105ce m.in.: stanu zdrowia, przynale\u017cno\u015bci do zwi\u0105zk\u00f3w zawodowych, pochodzenia rasowego.<\/li>\n<li>Inne dane i informacje niezb\u0119dne lub dorozumiane do cel\u00f3w zwi\u0105zanych z realizacj\u0105\u00a0naszej dzia\u0142alno\u015bci, jej przedmiotu i us\u0142ug.<\/li>\n<\/ul>\n<ol start=\"4\">\n<li><strong>Jaki jest cel przetwarzania danych osobowych?<\/strong><\/li>\n<\/ol>\n<p>Zasadniczo dane s\u0105 przetwarzane w celu skutecznego wykonywania codziennych zada\u0144 zwi\u0105zanych z dzia\u0142alno\u015bci\u0105 administratora. Mo\u017cemy jednak okre\u015bli\u0107 r\u00f3\u017cne cele przetwarzania w zale\u017cno\u015bci od os\u00f3b, kt\u00f3rych dane dotycz\u0105:<\/p>\n<ul>\n<li>Klienci i potencjalni klienci: zarz\u0105dzanie i utrzymanie stosunk\u00f3w handlowych (przedumownych i umownych); administracja wewn\u0119trzna; zarz\u0105dzanie finansami; reklama i marketing, obs\u0142uga klienta.<\/li>\n<li>Partnerzy, wierzyciele i dostawcy: zarz\u0105dzanie i utrzymanie stosunk\u00f3w handlowych, administracja wewn\u0119trzna i zarz\u0105dzanie gospodarcze.<\/li>\n<li>Pracownicy: zarz\u0105dzanie umowami, rozw\u00f3j i utrzymanie stosunku pracy, zarz\u0105dzanie zasobami ludzkimi, korespondencja, szkolenia, zapobieganie ryzyku zawodowemu, rejestracja czasu pracy i inne cele wynikaj\u0105ce z obowi\u0105zk\u00f3w prawnych i umowy o prac\u0119.<\/li>\n<li>Kandydaci: zarz\u0105dzanie otrzymanymi CV, ofertami pracy i rekrutacja personelu.<\/li>\n<li>U\u017cytkownicy sieci i medi\u00f3w spo\u0142eczno\u015bciowych: obs\u0142uga u\u017cytkownik\u00f3w i zarz\u0105dzanie komunikacj\u0105 mi\u0119dzy stronami.<\/li>\n<li>Odwiedzaj\u0105cy: obs\u0142uga os\u00f3b odwiedzaj\u0105cych i kontrola dost\u0119pu na teren obiekt\u00f3w.<\/li>\n<li>Dane dotycz\u0105ce innych zainteresowanych stron b\u0119d\u0105\u00a0przetwarzane w ramach dzia\u0142alno\u015bci administratora danych zgodnie z obowi\u0105zuj\u0105cymi przepisami i warunkami niniejszej Polityki prywatno\u015bci.<\/li>\n<\/ul>\n<p>Inne cele og\u00f3lne, kt\u00f3re administrator danych mo\u017ce wdro\u017cy\u0107\u00a0to:<\/p>\n<ul>\n<li>Opracowanie profilu handlowego w celu poprawy satysfakcji klienta poprzez wysy\u0142ane spersonalizowanych ofert i korespondencji. Profil nie b\u0119dzie u\u017cywany do podejmowania zindywidualizowanych decyzji, a dzia\u0142ania podejmowane b\u0119d\u0105 na podstawie uzasadnionego interesu prawnego.<\/li>\n<li>System monitoringu wideo, aby zapewni\u0107 bezpiecze\u0144stwo d\u00f3br i os\u00f3b, a tak\u017ce odpowiedni\u0105 kontrol\u0119 nad pracownikami na podstawie uzasadnionego interesu prawnego.<\/li>\n<li>Centrala telefoniczna w celu rejestrowania komunikacji, aby zapewni\u0107 bezpiecze\u0144stwo, gwarancje i najlepsz\u0105 obs\u0142ug\u0119 na podstawie uzasadnionego interesu prawnego.<\/li>\n<li>Analiza ryzyka finansowego i kontrola zobowi\u0105za\u0144 pieni\u0119\u017cnych. Aby m\u00f3c analizowa\u0107 zam\u00f3wione us\u0142ugi. W przypadku d\u0142u\u017cnik\u00f3w maj\u0105cych nale\u017cne i wymagalne oczekuj\u0105ce p\u0142atno\u015bci administrator mo\u017ce o tym powiadomi\u0107 biura informacji kredytowej, krajowy rejestr zad\u0142u\u017conych, firmy windykacyjne lub zarz\u0105dzaj\u0105ce d\u0142ugami na podstawie uzasadnionego interesu prawnego.<\/li>\n<li>Korespondencja i marketing: opracowywanie korespondencji i wysy\u0142ane jej za po\u015brednictwem dost\u0119pnych \u015brodk\u00f3w komunikacji (e-mail, komunikatory internetowe itp.) do interesariuszy wewn\u0119trznych (pracownicy) oraz interesariuszy zewn\u0119trznych (klienci, potencjalni partnerzy, dostawcy itp.). Korespondencja mo\u017ce mie\u0107 charakter informacyjny, organizacyjny, handlowy i reklamowy w zale\u017cno\u015bci od wyra\u017conej zgody i uzasadnionego interesu administratora danych. W celu promowania dzia\u0142alno\u015bci administratora, a tak\u017ce zwi\u0119kszenia lojalno\u015bci zainteresowanych stron, mo\u017cemy r\u00f3wnie\u017c wdra\u017ca\u0107 inne dzia\u0142ania marketingowe, np. loterie, promocje itp.<\/li>\n<\/ul>\n<p>Dane mog\u0105 by\u0107 przetwarzanie za pomoc\u0105 \u015brodk\u00f3w i aplikacji udost\u0119pnianych u\u017cytkownikom w celu poprawy jako\u015bci us\u0142ug, utrzymania relacji handlowych i dzia\u0142a\u0144 marketingowych. Przetwarzanie danych mo\u017ce r\u00f3wnie\u017c obejmowa\u0107 inne wymienione cele.<\/p>\n<ul>\n<li>Loterie, konkursy i promocje: opracowywanie i zarz\u0105dzanie akcjami promocyjnymi, loteriami i konkursami to dzia\u0142ania marketingowe wymagaj\u0105ce przekazania danych kontaktowych przez zainteresowane strony. Zgadzaj\u0105c si\u0119 na udzia\u0142, u\u017cytkownicy wyra\u017caj\u0105 zgod\u0119 na podanie danych kontaktowych, kt\u00f3rych promotor akcji u\u017cyje do wysy\u0142ania korespondencji handlowej. Z takiej korespondencji mo\u017cna zrezygnowa\u0107 w dowolnym momencie i zastosowanie b\u0119d\u0105 mia\u0142y postanowienia zawarte w punkcie 10 niniejszej polityki.<\/li>\n<li>Geolokalizacja za po\u015brednictwem specjalnie zleconych system\u00f3w bezpiecze\u0144stwa, kontroli i optymalizacji zasob\u00f3w ludzkich i materialnych.<\/li>\n<li>Inne cele wynikaj\u0105ce z charakteru administratora danych zwi\u0105zane z normalnym rozwojem i wykonywaniem dzia\u0142alno\u015bci na wa\u017cnej podstawie prawnej.<\/li>\n<\/ul>\n<ol start=\"5\">\n<li><strong>Jak d\u0142ugo dane osobowe b\u0119d\u0105 przechowywane?<\/strong><\/li>\n<\/ol>\n<p>Zasadniczo dane osobowe b\u0119d\u0105 przechowywane co najmniej przez czas trwania relacji z zainteresowan\u0105 stron\u0105 (o ile nie za\u017c\u0105da si\u0119 ich usuni\u0119cia), przez okres istnienia obowi\u0105zk\u00f3w prawnych lub przez czas okre\u015blony w innych przepisach prawnych dotycz\u0105cych ich przechowywania.<\/p>\n<p>W odniesieniu do danych kandydat\u00f3w i os\u00f3b ubiegaj\u0105cych si\u0119 o prac\u0119 zostan\u0105 one natychmiast usuni\u0119te, gdy administrator danych uzna je za niepotrzebne. W przeciwnym wypadku dane te zostan\u0105 odpowiednio zabezpieczone i zablokowane, i b\u0119d\u0105 wykorzystywane tylko w okresach rekrutacji personelu.<\/p>\n<p>Dane klient\u00f3w, z kt\u00f3rymi stosunki handlowe zosta\u0142y przerwane, mog\u0105 by\u0107 przechowywane w celu oferowania us\u0142ug i warunk\u00f3w, je\u015bli jest to zgodne z prawem.<\/p>\n<p>Dane zarejestrowane przez systemy monitoringu wideo b\u0119d\u0105 przechowywane przez okres do trzydziestu (30) dni. Z wyj\u0105tkiem przypadk\u00f3w przewidzianych przez prawo umo\u017cliwiaj\u0105cych przechowywanie zablokowanych plik\u00f3w przez d\u0142u\u017cszy czas.<\/p>\n<p>Ponadto dane pochodz\u0105ce z rejestru odwiedzaj\u0105cych, kontroli dost\u0119pu i innych \u015brodk\u00f3w bezpiecze\u0144stwa prywatnego b\u0119d\u0105 przechowywane przez okres do trzydziestu (30) dni lub d\u0142u\u017cej, je\u015bli b\u0119dzie to wymagane przez obowi\u0105zuj\u0105ce przepisy. W tym czasie zostan\u0105\u00a0zablokowane i oddane do dyspozycji w\u0142a\u015bciwych organ\u00f3w.<\/p>\n<p>Plan ochrony danych zawiera wykaz okres\u00f3w przechowywania, kt\u00f3rych administrator przestrzega w celu zarz\u0105dzania wymaganymi okresami przechowywania.<\/p>\n<p>W ka\u017cdym przypadku usuni\u0119cie danych odbywa si\u0119 z zapewnieniem ich poufno\u015bci.<\/p>\n<ol start=\"6\">\n<li><strong>Na jakiej podstawie dane s\u0105 przetwarzane?<\/strong><\/li>\n<\/ol>\n<p>Administrator przestrzega i wykorzystuje r\u00f3\u017cne podstawy prawne w stosunku do ka\u017cdego celu przetwarzania danych. Nale\u017c\u0105\u00a0do nich:<\/p>\n<ol>\n<li>\u015awiadoma zgoda osoby, kt\u00f3rej dane dotycz\u0105.<\/li>\n<li>Zobowi\u0105zania przedumowne lub umowne.<\/li>\n<li>Uzasadniony interes administratora lub os\u00f3b trzecich.<\/li>\n<li>Stosowne zobowi\u0105zania prawne.<\/li>\n<li>Inne przewidziane przez prawo podstawy prawne.<\/li>\n<\/ol>\n<ol start=\"7\">\n<li><strong>Komu przekazujemy dane osobowe?<\/strong><\/li>\n<\/ol>\n<p>Dane interesariuszy nie b\u0119d\u0105 domy\u015blnie przekazywane innym stronom trzecim z wyj\u0105tkiem: a) sp\u00f3\u0142ek zale\u017cnych nale\u017c\u0105cych do wsp\u00f3lnik\u00f3w lub do tej samej grupy kapita\u0142owej, co administrator danych, kt\u00f3re mog\u0105 dzia\u0142a\u0107 jako: administrator, wsp\u00f3\u0142administrator, a tak\u017ce jako podmiot przetwarzaj\u0105cy dane; b) instytucje bankowe, w kt\u00f3rych realizowane s\u0105 polecenia zap\u0142aty; c) firm, z kt\u00f3rymi administrator zawar\u0142 umow\u0119 \u015bwiadczenia us\u0142ug dot. informacji kredytowej, raport\u00f3w dot. ryzyka i raport\u00f3w handlowych, w tym rejestr\u00f3w zobowi\u0105za\u0144 pieni\u0119\u017cnych; d) upowa\u017cnionych podmiot\u00f3w przetwarzaj\u0105cych dane i us\u0142ugi dodatkowe zwi\u0105zane z dostarczaniem towar\u00f3w i us\u0142ug; e) innych uprawnionych podmiot\u00f3w lub os\u00f3b trzecich przewidzianych w przepisach prawnych; f) w\u0142adz i organ\u00f3w administracji publicznej w ramach wykonywania ich kompetencji.<\/p>\n<p>W przypadku podmiot\u00f3w zewn\u0119trznych \u015bwiadcz\u0105cych nasze us\u0142ugi (dostawc\u00f3w, us\u0142ug dodatkowych itp.), kt\u00f3re maj\u0105 siedzib\u0119 poza granicami Hiszpanii, dane b\u0119d\u0105\u00a0przetwarzane w obr\u0119bie Europejskiego Obszaru Gospodarczego przy zapewnieniu odpowiednich gwarancji. Podmioty te zobowi\u0105zuj\u0105 si\u0119 do przestrzegania i stosowania europejskich przepis\u00f3w o ochronie prywatno\u015bci.<\/p>\n<ol start=\"8\">\n<li><strong>Z jakich praw mo\u017cna skorzysta\u0107 w przypadku przekazania lub przetwarzania danych osobowych?<\/strong><\/li>\n<\/ol>\n<p>Jako zainteresowana strona, kt\u00f3rej dane dotycz\u0105, mo\u017cesz w dowolnym momencie skorzysta\u0107 z nast\u0119puj\u0105cych praw do ochrony danych:<\/p>\n<ul>\n<li>Dost\u0119pu do danych osobowych w celu uzyskania potwierdzenia, czy dane s\u0105 przetwarzane oraz dalszych informacji na temat procesu przetwarzania.<\/li>\n<li>Sprostowania lub usuni\u0119cia danych osobowych, je\u015bli s\u0105 one niedok\u0142adne lub nie s\u0105 ju\u017c potrzebne do cel\u00f3w, dla kt\u00f3rych zosta\u0142y zebrane.<\/li>\n<li>Ograniczenia przetwarzania danych osobowych w okre\u015blonych okoliczno\u015bciach. W tym przypadku b\u0119d\u0105 one przechowywane wy\u0142\u0105cznie w celu dochodzenia lub obrony roszcze\u0144, w celu ochrony praw os\u00f3b trzecich lub ze wzgl\u0119du na interes publiczny.<\/li>\n<li>Otrzymania wcze\u015bniej przekazanych danych osobowych w ustrukturyzowanym formacie, je\u015bli istnieje taka mo\u017cliwo\u015b\u0107. (Przeniesienie danych).<\/li>\n<li>Wniesienia sprzeciwu wobec przetwarzania danych osobowych w okre\u015blonych okoliczno\u015bciach i z przyczyn wynikaj\u0105cych ze szczeg\u00f3lnych sytuacji. Sp\u00f3\u0142ka przestanie przetwarza\u0107 dane osobowe, z wyj\u0105tkiem przypadk\u00f3w uzasadnionych przez prawo, dochodzenia lub obrony ewentualnych roszcze\u0144.<\/li>\n<li>Wycofania zgody, co mo\u017ce prowadzi\u0107 do uniewa\u017cnienia lub anulowania stosunku handlowego lub umownego, je\u015bli dotyczy. Bez uszczerbku dla danych przetworzonych przed wycofaniem zgody.<\/li>\n<\/ul>\n<p>Aby skorzysta\u0107 z tych praw, wystarczy skontaktowa\u0107 si\u0119 z nami za po\u015brednictwem e-maila lub adresu pocztowego wskazanego we wst\u0119pie.<\/p>\n<p>Aby uzyska\u0107 wi\u0119cej informacji lub za\u017c\u0105da\u0107 ich egzekwowania przez organy kontrolne, mo\u017cna r\u00f3wnie\u017c skontaktowa\u0107 si\u0119 z wyznaczonym przez nas<span>\u00a0<\/span><a href=\"https:\/\/www.auditta.es\/\" target=\"_blank\" rel=\"noopener\">Inspektorem ds. ochrony danych osobowych<\/a><span>\u00a0<\/span>lub z<span>\u00a0<\/span><a href=\"https:\/\/www.aepd.es\/\" target=\"_blank\" rel=\"noopener\">Agencj\u0105 ochrony danych<\/a>.<\/p>\n<ol start=\"9\">\n<li><strong>Bezpiecze\u0144stwo danych<\/strong><\/li>\n<\/ol>\n<p>W naszym systemie informacyjnym stosujemy niezb\u0119dne \u015brodki techniczne i organizacyjne, aby zagwarantowa\u0107 odpowiedni poziom poufno\u015bci, integralno\u015bci, dost\u0119pno\u015bci i trwa\u0142o\u015bci danych.<\/p>\n<p>Jednak zgodnie z obowi\u0105zuj\u0105cymi przepisami prawa nie ponosimy odpowiedzialno\u015bci za szkody lub zak\u0142\u00f3cenia w naszym systemie informatycznym spowodowane przez osoby trzecie. Wszelkie naruszenia bezpiecze\u0144stwa b\u0119d\u0105 nale\u017cycie i niezw\u0142ocznie zg\u0142aszane w\u0142a\u015bciwym w\u0142adzom lub publicznym organom bezpiecze\u0144stwa.<\/p>\n<ol start=\"10\">\n<li><strong>Wysy\u0142anie korespondencji lub informacji<\/strong><\/li>\n<\/ol>\n<p>Nasza polityka dotycz\u0105ca korespondencji wysy\u0142anej za pomoc\u0105 \u015brodk\u00f3w telematycznych (przez e-mail, komunikatory internetowe itp.) ogranicza si\u0119 do wysy\u0142ania wy\u0142\u0105cznie wiadomo\u015bci zwi\u0105zanych z dzia\u0142alno\u015bci\u0105 firmy, kt\u00f3re wed\u0142ug nas mog\u0105 zainteresowa\u0107 naszych u\u017cytkownik\u00f3w i zainteresowane strony lub na kt\u00f3re wyra\u017cono zgod\u0119.<\/p>\n<p>U\u017cytkownicy, kt\u00f3rzy nie chc\u0105 otrzymywa\u0107 tych wiadomo\u015bci, mog\u0105 skorzysta\u0107 z prawa do anulowania i rezygnacji z korespondencji zgodnie z postanowieniami tytu\u0142u III, art. 22 ustawy 34\/2002 o Us\u0142ugach Spo\u0142ecze\u0144stwa informacyjnego i Handlu Elektronicznego.<\/p>\n<ol start=\"11\">\n<li><strong>Sieci spo\u0142eczno\u015bciowe<\/strong><\/li>\n<\/ol>\n<p>Administrator danych mo\u017ce by\u0107 obecny w sieciach spo\u0142eczno\u015bciowych za po\u015brednictwem odpowiednich profili. Dane u\u017cytkownik\u00f3w obserwuj\u0105cych lub odwiedzaj\u0105cych te profile b\u0119d\u0105\u00a0przetwarzane zgodnie z postanowieniami zawartymi tej sekcji oraz innymi obowi\u0105zuj\u0105cymi warunkami dotycz\u0105cymi prywatno\u015bci u\u017cytkownik\u00f3w tej strony internetowej.<\/p>\n<p>Administrator danych wykorzysta ww. profile do cel\u00f3w komunikacyjnych, handlowych, marketingowych i reklamowych.<\/p>\n<p>U\u017cytkownicy, kt\u00f3rzy obserwuj\u0105 nasze profile lub s\u0105 ich cz\u0142onkami, nie mog\u0105:<\/p>\n<ol>\n<li>Publikowa\u0107 tre\u015bci lub informacji sprzecznych z prawem, etyk\u0105\u00a0i dobrymi obyczajami. Wszelkie nielegalne, uci\u0105\u017cliwe, niew\u0142a\u015bciwe dzia\u0142ania lub zachowania mog\u0105ce generowa\u0107 negatywne opinie o profilu lub naruszaj\u0105ce prawa os\u00f3b fizycznych s\u0105 niedozwolone.<\/li>\n<li>\u0141ama\u0107 zasad legalno\u015bci, uczciwo\u015bci, odpowiedzialno\u015bci, ochrony godno\u015bci ludzkiej, ochrony nieletnich, ochrony porz\u0105dku publicznego, ochrony \u017cycia prywatnego, ochrony konsument\u00f3w oraz praw w\u0142asno\u015bci intelektualnej i przemys\u0142owej.<\/li>\n<\/ol>\n<p>Administrator zastrzega sobie prawo do wycofania bez uprzedzenia wszelkich tre\u015bci, kt\u00f3re uzna za nieodpowiednie. Podobnie jest zwolniony z wszelkiej odpowiedzialno\u015bci w odniesieniu do zabezpiecze\u0144 ka\u017cdej platformy. U\u017cytkownik na w\u0142asny rachunek jest zobowi\u0105zany do zapoznania si\u0119\u00a0z nimi, jak i z regulaminem i warunkami korzystania z tych platform.<\/p>\n<ol start=\"12\">\n<li><strong>Kana\u0142 raportowania<\/strong><\/li>\n<\/ol>\n<p>Dane przekazane przez zainteresowane strony za po\u015brednictwem procedur dost\u0119pnych w naszym Kanale raportowania b\u0119d\u0105 przetwarzane na podstawie \u015bwiadomej zgody, uzasadnionego interesu administratora i zgodnie z obowi\u0105zuj\u0105cymi przepisami.<\/p>\n<p>Celem przetwarzania b\u0119dzie zarz\u0105dzanie i obs\u0142uga ewentualnej korespondencji i skarg zgodnie z warunkami Kana\u0142u raportowania.<\/p>\n<p>Dane wszystkich zainteresowanych lub poszkodowanych, os\u00f3b sk\u0142adaj\u0105cych skargi\u00a0lub zg\u0142oszenia, pracownik\u00f3w i os\u00f3b trzecich b\u0119d\u0105 przechowywane wy\u0142\u0105cznie przez czas niezb\u0119dny do podj\u0119cia decyzji, czy nale\u017cy podj\u0105\u0107 dzia\u0142ania dochodzeniowe. W ka\u017cdym przypadku przekazane informacje zostan\u0105 usuni\u0119te z zachowaniem poufno\u015bci po up\u0142ywie ustawowych okres\u00f3w przechowywania lub przetrzymywania dowod\u00f3w.<\/p>\n<p>Zgromadzone informacje i dane nie b\u0119d\u0105 wykorzystywane do podejmowania zautomatyzowanych decyzji ani tworzenia profili.<\/p>\n<p>Mo\u017cemy udost\u0119pnia\u0107 dane stronom trzecim, je\u015bli b\u0119dzie to konieczne do\u00a0podj\u0119cia \u015brodk\u00f3w dyscyplinarnych lub do wszcz\u0119cia ewentualnego post\u0119powania s\u0105dowego.<\/p>\n<p>Ka\u017cda zainteresowana strona mo\u017ce skorzysta\u0107 ze swoich praw do ochrony danych zgodnie z warunkami okre\u015blonymi w niniejszej Polityce prywatno\u015bci.<\/p>\n<p>U\u017cytkownicy powinni mie\u0107 \u015bwiadomo\u015b\u0107, \u017ce podane informacje i dane maj\u0105 charakter poufny i s\u0105 strze\u017cone.<\/p>\n<ol start=\"13\">\n<li><strong>Pracuj z nami<\/strong><\/li>\n<\/ol>\n<p>Osoby zainteresowane dost\u0119pem do ofert pracy mog\u0105 przekaza\u0107 swoje dane i informacje zawodowe za pomoc\u0105 r\u00f3\u017cnych kana\u0142\u00f3w, a najlepiej poprzez sekcj\u0119 \u201epracuj z nami\u201d na stronie administratora.<\/p>\n<p>Dane te b\u0119d\u0105 przetwarzane zgodnie z warunkami niniejszej Polityki prywatno\u015bci w celu zarz\u0105dzania aplikacjami na wolne stanowiska pracy z\u0142o\u017conymi do administratora i wszelkich powi\u0105zanych sp\u00f3\u0142ek lub sp\u00f3\u0142ek nale\u017c\u0105cych do tej samej grupy kapita\u0142owej.<\/p>\n<p>Dane b\u0119d\u0105 przetwarzane na podstawie \u015bwiadomej zgody zainteresowanej strony lub na innej podstawie prawnej.<\/p>\n<p>Przekazane dane zostan\u0105 usuni\u0119te z zachowaniem ich poufno\u015bci, je\u015bli nie b\u0119d\u0105\u00a0ju\u017c potrzebne lub przestan\u0105\u00a0by\u0107\u00a0niezb\u0119dne do cel\u00f3w, dla kt\u00f3rych zosta\u0142y zebrane.<\/p>\n<p>Ka\u017cda zainteresowana strona mo\u017ce wycofa\u0107 zgod\u0119 na przetwarzanie danych i skorzysta\u0107 z praw do ochrony prywatno\u015bci ustalonych w niniejszej Polityce prywatno\u015bci.<\/p>\n","protected":false},"excerpt":{"rendered":"<p>Wst\u0119p. Mocno anga\u017cujemy si\u0119\u00a0ochron\u0119 prywatno\u015bci os\u00f3b fizycznych, dlatego ochrona danych osobowych jest dla nas bardzo wa\u017cna. Przetwarzamy dane osobowe zgodnie z przepisami Og\u00f3lnego Rozporz\u0105dzenia o Ochronie Danych Osobowych UE 2016\/679 (RODO) i Ustawy Organicznej 3\/2018 o Ochronie Danych Osobowych i Gwarancji Praw Cyfrowych oraz zgodnie z innymi obowi\u0105zuj\u0105cymi przepisami. Niniejsza Polityka prywatno\u015bci zosta\u0142a zaktualizowania w [&hellip;]<\/p>\n","protected":false},"author":1,"featured_media":0,"parent":0,"menu_order":0,"comment_status":"closed","ping_status":"closed","template":"","meta":{"_acf_changed":false,"footnotes":""},"class_list":["post-8737","page","type-page","status-publish","hentry"],"acf":[],"yoast_head":"<!-- This site is optimized with the Yoast SEO plugin v25.4 - https:\/\/yoast.com\/wordpress\/plugins\/seo\/ -->\n<title>Polityka prywatno\u015bci - Andamur<\/title>\n<meta name=\"robots\" content=\"index, follow, max-snippet:-1, max-image-preview:large, max-video-preview:-1\" \/>\n<link rel=\"canonical\" href=\"https:\/\/www.andamur.com\/pl\/polityka-prywatnosci\/\" \/>\n<meta property=\"og:locale\" content=\"pl_PL\" \/>\n<meta property=\"og:type\" content=\"article\" \/>\n<meta property=\"og:title\" content=\"Polityka prywatno\u015bci - Andamur\" \/>\n<meta property=\"og:description\" content=\"Wst\u0119p. Mocno anga\u017cujemy si\u0119\u00a0ochron\u0119 prywatno\u015bci os\u00f3b fizycznych, dlatego ochrona danych osobowych jest dla nas bardzo wa\u017cna. Przetwarzamy dane osobowe zgodnie z przepisami Og\u00f3lnego Rozporz\u0105dzenia o Ochronie Danych Osobowych UE 2016\/679 (RODO) i Ustawy Organicznej 3\/2018 o Ochronie Danych Osobowych i Gwarancji Praw Cyfrowych oraz zgodnie z innymi obowi\u0105zuj\u0105cymi przepisami. Niniejsza Polityka prywatno\u015bci zosta\u0142a zaktualizowania w [&hellip;]\" \/>\n<meta property=\"og:url\" content=\"https:\/\/www.andamur.com\/pl\/polityka-prywatnosci\/\" \/>\n<meta property=\"og:site_name\" content=\"Andamur\" \/>\n<meta property=\"article:publisher\" content=\"https:\/\/www.facebook.com\/AndamurEurope\/\" \/>\n<meta property=\"article:modified_time\" content=\"2025-07-24T05:39:50+00:00\" \/>\n<meta property=\"og:image\" content=\"https:\/\/www.andamur.com\/wp-content\/uploads\/2024\/02\/andamurogpic.jpg\" \/>\n\t<meta property=\"og:image:width\" content=\"1200\" \/>\n\t<meta property=\"og:image:height\" content=\"630\" \/>\n\t<meta property=\"og:image:type\" content=\"image\/jpeg\" \/>\n<meta name=\"twitter:card\" content=\"summary_large_image\" \/>\n<meta name=\"twitter:site\" content=\"@andamur_es\" \/>\n<meta name=\"twitter:label1\" content=\"Est. reading time\" \/>\n\t<meta name=\"twitter:data1\" content=\"10 minutes\" \/>\n<script type=\"application\/ld+json\" class=\"yoast-schema-graph\">{\"@context\":\"https:\/\/schema.org\",\"@graph\":[{\"@type\":\"WebPage\",\"@id\":\"https:\/\/www.andamur.com\/pl\/polityka-prywatnosci\/\",\"url\":\"https:\/\/www.andamur.com\/pl\/polityka-prywatnosci\/\",\"name\":\"Polityka prywatno\u015bci - Andamur\",\"isPartOf\":{\"@id\":\"https:\/\/www.andamur.com\/#website\"},\"datePublished\":\"2017-02-02T12:28:56+00:00\",\"dateModified\":\"2025-07-24T05:39:50+00:00\",\"breadcrumb\":{\"@id\":\"https:\/\/www.andamur.com\/pl\/polityka-prywatnosci\/#breadcrumb\"},\"inLanguage\":\"pl-PL\",\"potentialAction\":[{\"@type\":\"ReadAction\",\"target\":[\"https:\/\/www.andamur.com\/pl\/polityka-prywatnosci\/\"]}]},{\"@type\":\"BreadcrumbList\",\"@id\":\"https:\/\/www.andamur.com\/pl\/polityka-prywatnosci\/#breadcrumb\",\"itemListElement\":[{\"@type\":\"ListItem\",\"position\":1,\"name\":\"Portada\",\"item\":\"https:\/\/www.andamur.com\/pl\/\"},{\"@type\":\"ListItem\",\"position\":2,\"name\":\"Polityka prywatno\u015bci\"}]},{\"@type\":\"WebSite\",\"@id\":\"https:\/\/www.andamur.com\/#website\",\"url\":\"https:\/\/www.andamur.com\/\",\"name\":\"Andamur\",\"description\":\"Cada viaje importa\",\"publisher\":{\"@id\":\"https:\/\/www.andamur.com\/#organization\"},\"inLanguage\":\"pl-PL\"},{\"@type\":\"Organization\",\"@id\":\"https:\/\/www.andamur.com\/#organization\",\"name\":\"Andamur\",\"url\":\"https:\/\/www.andamur.com\/\",\"logo\":{\"@type\":\"ImageObject\",\"inLanguage\":\"pl-PL\",\"@id\":\"https:\/\/www.andamur.com\/#\/schema\/logo\/image\/\",\"url\":\"https:\/\/www.andamur.com\/wp-content\/uploads\/2024\/02\/andamurogpic.jpg\",\"contentUrl\":\"https:\/\/www.andamur.com\/wp-content\/uploads\/2024\/02\/andamurogpic.jpg\",\"width\":1200,\"height\":630,\"caption\":\"Andamur\"},\"image\":{\"@id\":\"https:\/\/www.andamur.com\/#\/schema\/logo\/image\/\"},\"sameAs\":[\"https:\/\/www.facebook.com\/AndamurEurope\/\",\"https:\/\/x.com\/andamur_es\",\"https:\/\/www.instagram.com\/andamureurope\/\",\"https:\/\/www.youtube.com\/channel\/UCWP1SBl8J8SjUCcWBo_Uu1w\"]}]}<\/script>\n<!-- \/ Yoast SEO plugin. -->","yoast_head_json":{"title":"Polityka prywatno\u015bci - Andamur","robots":{"index":"index","follow":"follow","max-snippet":"max-snippet:-1","max-image-preview":"max-image-preview:large","max-video-preview":"max-video-preview:-1"},"canonical":"https:\/\/www.andamur.com\/pl\/polityka-prywatnosci\/","og_locale":"pl_PL","og_type":"article","og_title":"Polityka prywatno\u015bci - Andamur","og_description":"Wst\u0119p. Mocno anga\u017cujemy si\u0119\u00a0ochron\u0119 prywatno\u015bci os\u00f3b fizycznych, dlatego ochrona danych osobowych jest dla nas bardzo wa\u017cna. Przetwarzamy dane osobowe zgodnie z przepisami Og\u00f3lnego Rozporz\u0105dzenia o Ochronie Danych Osobowych UE 2016\/679 (RODO) i Ustawy Organicznej 3\/2018 o Ochronie Danych Osobowych i Gwarancji Praw Cyfrowych oraz zgodnie z innymi obowi\u0105zuj\u0105cymi przepisami. Niniejsza Polityka prywatno\u015bci zosta\u0142a zaktualizowania w [&hellip;]","og_url":"https:\/\/www.andamur.com\/pl\/polityka-prywatnosci\/","og_site_name":"Andamur","article_publisher":"https:\/\/www.facebook.com\/AndamurEurope\/","article_modified_time":"2025-07-24T05:39:50+00:00","og_image":[{"width":1200,"height":630,"url":"https:\/\/www.andamur.com\/wp-content\/uploads\/2024\/02\/andamurogpic.jpg","type":"image\/jpeg"}],"twitter_card":"summary_large_image","twitter_site":"@andamur_es","twitter_misc":{"Est. reading time":"10 minutes"},"schema":{"@context":"https:\/\/schema.org","@graph":[{"@type":"WebPage","@id":"https:\/\/www.andamur.com\/pl\/polityka-prywatnosci\/","url":"https:\/\/www.andamur.com\/pl\/polityka-prywatnosci\/","name":"Polityka prywatno\u015bci - Andamur","isPartOf":{"@id":"https:\/\/www.andamur.com\/#website"},"datePublished":"2017-02-02T12:28:56+00:00","dateModified":"2025-07-24T05:39:50+00:00","breadcrumb":{"@id":"https:\/\/www.andamur.com\/pl\/polityka-prywatnosci\/#breadcrumb"},"inLanguage":"pl-PL","potentialAction":[{"@type":"ReadAction","target":["https:\/\/www.andamur.com\/pl\/polityka-prywatnosci\/"]}]},{"@type":"BreadcrumbList","@id":"https:\/\/www.andamur.com\/pl\/polityka-prywatnosci\/#breadcrumb","itemListElement":[{"@type":"ListItem","position":1,"name":"Portada","item":"https:\/\/www.andamur.com\/pl\/"},{"@type":"ListItem","position":2,"name":"Polityka prywatno\u015bci"}]},{"@type":"WebSite","@id":"https:\/\/www.andamur.com\/#website","url":"https:\/\/www.andamur.com\/","name":"Andamur","description":"Cada viaje importa","publisher":{"@id":"https:\/\/www.andamur.com\/#organization"},"inLanguage":"pl-PL"},{"@type":"Organization","@id":"https:\/\/www.andamur.com\/#organization","name":"Andamur","url":"https:\/\/www.andamur.com\/","logo":{"@type":"ImageObject","inLanguage":"pl-PL","@id":"https:\/\/www.andamur.com\/#\/schema\/logo\/image\/","url":"https:\/\/www.andamur.com\/wp-content\/uploads\/2024\/02\/andamurogpic.jpg","contentUrl":"https:\/\/www.andamur.com\/wp-content\/uploads\/2024\/02\/andamurogpic.jpg","width":1200,"height":630,"caption":"Andamur"},"image":{"@id":"https:\/\/www.andamur.com\/#\/schema\/logo\/image\/"},"sameAs":["https:\/\/www.facebook.com\/AndamurEurope\/","https:\/\/x.com\/andamur_es","https:\/\/www.instagram.com\/andamureurope\/","https:\/\/www.youtube.com\/channel\/UCWP1SBl8J8SjUCcWBo_Uu1w"]}]}},"_links":{"self":[{"href":"https:\/\/www.andamur.com\/pl\/wp-json\/wp\/v2\/pages\/8737","targetHints":{"allow":["GET"]}}],"collection":[{"href":"https:\/\/www.andamur.com\/pl\/wp-json\/wp\/v2\/pages"}],"about":[{"href":"https:\/\/www.andamur.com\/pl\/wp-json\/wp\/v2\/types\/page"}],"author":[{"embeddable":true,"href":"https:\/\/www.andamur.com\/pl\/wp-json\/wp\/v2\/users\/1"}],"replies":[{"embeddable":true,"href":"https:\/\/www.andamur.com\/pl\/wp-json\/wp\/v2\/comments?post=8737"}],"version-history":[{"count":0,"href":"https:\/\/www.andamur.com\/pl\/wp-json\/wp\/v2\/pages\/8737\/revisions"}],"wp:attachment":[{"href":"https:\/\/www.andamur.com\/pl\/wp-json\/wp\/v2\/media?parent=8737"}],"curies":[{"name":"wp","href":"https:\/\/api.w.org\/{rel}","templated":true}]}}