{"id":28295,"date":"2022-01-20T12:51:17","date_gmt":"2022-01-20T11:51:17","guid":{"rendered":"https:\/\/www.andamur.com\/?page_id=28295"},"modified":"2022-01-20T12:51:17","modified_gmt":"2022-01-20T11:51:17","slug":"polityka-ochrony-danych-w-kanale-odpowiedzialnym","status":"publish","type":"page","link":"https:\/\/www.andamur.com\/pl\/polityka-ochrony-danych-w-kanale-odpowiedzialnym\/","title":{"rendered":"Polityka ochrony danych w kanale odpowiedzialnym"},"content":{"rendered":"<p><strong>KANA\u0141 ETYCZNY<\/strong><\/p>\n<p><strong>Informacje o przetwarzaniu danych<\/strong><\/p>\n<p><strong>Kto jest odpowiedzialny za przetwarzanie danych osobowych?<\/strong><\/p>\n<p>GP LIMITE ANDAMUR S.L. jest odpowiedzialny za przetwarzanie danych osobowych zainteresowanej strony i informuje, \u017ce dane te b\u0119d\u0105 przetwarzane zgodnie z przepisami Rozporz\u0105dzenia Unii Europejskiej 2016\/679 z dnia 27 kwietnia (RODO) oraz Ustawy Organicznej o Ochronie Danych i Gwarancji Praw Cyfrowych 3\/2018 z dnia 5 grudnia (LOPDGDD). W zwi\u0105zku z tym udost\u0119pniane s\u0105\u00a0nast\u0119puj\u0105ce informacje:<\/p>\n<p><strong>Cel przetwarzania \u2013\u00a0w jakim celu przetwarzamy zebrane dane osobowe?<\/strong><\/p>\n<p>Przetwarzamy dane osobowe, aby odpowiednio zarz\u0105dza\u0107 naszym kana\u0142em etycznym, rozpatrywa\u0107 skargi o nieprawid\u0142owo\u015bciach zg\u0142oszone za jego po\u015brednictwem oraz podejmowa\u0107 decyzje o konieczno\u015bci wszcz\u0119cia \u015bledztwa, aby wykry\u0107 ewentualne przest\u0119pstwa i unikn\u0105\u0107 jakiejkolwiek odpowiedzialno\u015bci, kt\u00f3ra mog\u0142aby spa\u015b\u0107 na GP LIMITE ANDAMUR SL, a tak\u017ce zapobiega\u0107 wszelkiego rodzaju zachowaniom, kt\u00f3re nie s\u0105 zgodne z wewn\u0119trznymi lub zewn\u0119trznymi zasadami podmiotu.<\/p>\n<p><strong>Legalno\u015b\u0107 przetwarzania danych \u2013 dlaczego mo\u017cemy przetwarza\u0107 zebrane dane osobowe?<\/strong><\/p>\n<p>W celu ochrony interesu publicznego (art. 6.1.e RODO), aby zapobiega\u0107 zachowaniom sprzecznym z przepisami.<\/p>\n<p><strong>Czas przechowywania danych osobowych \u2013 jak d\u0142ugo b\u0119dziemy przechowywa\u0107 zebrane dane osobowe?<\/strong><\/p>\n<p>Dane osobowe b\u0119d\u0105\u00a0przechowywane przez okres maksymalnie sze\u015bciu miesi\u0119cy od zg\u0142oszenia nieprawid\u0142owo\u015bci w przypadku udowodnienia skargi i pod warunkiem, \u017ce nie b\u0119dzie to niezb\u0119dne do innych cel\u00f3w i do cel\u00f3w dowodowych lub kontrolnych w zakresie zapobiegania przest\u0119pstwom. W przypadku udowodnienia fakt\u00f3w lub przedstawienia wystarczaj\u0105cych dowod\u00f3w skargi, dane b\u0119d\u0105 przechowywane tak d\u0142ugo, jak b\u0119dzie to konieczne do realizacji przez podmiot praw przed organami s\u0105dowymi. Po tym czasie zostan\u0105 usuni\u0119te z zachowaniem odpowiednich \u015brodk\u00f3w bezpiecze\u0144stwa, aby zagwarantowa\u0107 anonimizacj\u0119 danych lub ca\u0142kowite ich zniszczenie.<\/p>\n<p><strong>Przekazywanie danych \u2013 komu udost\u0119pniamy zebrane dane osobowe?<\/strong><\/p>\n<p>Z wyj\u0105tkiem przypadk\u00f3w wynikaj\u0105cych z obowi\u0105zk\u00f3w prawnych zebrane dane osobowe b\u0119d\u0105 przekazywane wy\u0142\u0105cznie nast\u0119puj\u0105cym grupom odbiorc\u00f3w:<\/p>\n<ul>\n<li>S\u0105dom i trybuna\u0142om, a tak\u017ce innym organom zajmuj\u0105cym si\u0119 rozstrzyganiem spor\u00f3w.<\/li>\n<li>Pa\u0144stwowym si\u0142om i organom bezpiecze\u0144stwa.<\/li>\n<li>Notariuszom i osobom prowadz\u0105cym rejestry.<\/li>\n<\/ul>\n<p>Dostawcom us\u0142ug wymagaj\u0105cym\u00a0dost\u0119pu do zebranych danych osobowych w celu \u015bwiadczenia zleconych im przez nas us\u0142ug lub dostawcom odpowiedzialnym za odpowiednie dzia\u0142anie naszych us\u0142ug elektronicznych (strony internetowej i poczty e-mail). Mog\u0105 oni mie\u0107 dost\u0119p do niekt\u00f3rych danych osobowych i podpisali\u015bmy z nimi odpowiednie umowy poufno\u015bci i przetwarzania niezb\u0119dnych danych osobowych zgodnie z przepisami prawa w celu ochrony prywatno\u015bci (art. 28.3 RODO).<\/p>\n<p><strong>Przys\u0142uguj\u0105ce prawa \u2013 jakie prawa przys\u0142uguj\u0105 u\u017cytkownikom wed\u0142ug RODO?<\/strong><\/p>\n<ul>\n<li>Prawo dost\u0119pu, edycji, przekazania i usuni\u0119cia danych osobowych, jak i ograniczenia lub sprzeciwu wobec przetwarzania.<\/li>\n<li>Prawo do z\u0142o\u017cenia skargi do Urz\u0119du kontroli (www.aepd.es) w przypadku uznania, \u017ce \u200b\u200bprzetwarzanie danych nie jest zgodne z obowi\u0105zuj\u0105cymi przepisami.<\/li>\n<\/ul>\n<p>Dane kontaktowe w celu skorzystania z przys\u0142uguj\u0105cych praw: GP LIMITE ANDAMUR S.L., POL\u00cdGONO INDUSTRIAL SAPRELORCA, CENTRO DE NEGOCIOS ANDAMUR. 30817 LORCA (MURCJA). E-mail: info@andamur<\/p>\n<p>&nbsp;<\/p>\n","protected":false},"excerpt":{"rendered":"<p>KANA\u0141 ETYCZNY Informacje o przetwarzaniu danych Kto jest odpowiedzialny za przetwarzanie danych osobowych? GP LIMITE ANDAMUR S.L. jest odpowiedzialny za przetwarzanie danych osobowych zainteresowanej strony i informuje, \u017ce dane te b\u0119d\u0105 przetwarzane zgodnie z przepisami Rozporz\u0105dzenia Unii Europejskiej 2016\/679 z dnia 27 kwietnia (RODO) oraz Ustawy Organicznej o Ochronie Danych i Gwarancji Praw Cyfrowych 3\/2018 [&hellip;]<\/p>\n","protected":false},"author":1,"featured_media":0,"parent":0,"menu_order":0,"comment_status":"closed","ping_status":"closed","template":"","meta":{"_acf_changed":false,"footnotes":""},"class_list":["post-28295","page","type-page","status-publish","hentry"],"acf":[],"yoast_head":"<!-- This site is optimized with the Yoast SEO plugin v25.4 - https:\/\/yoast.com\/wordpress\/plugins\/seo\/ -->\n<title>Polityka ochrony danych w kanale odpowiedzialnym - Andamur<\/title>\n<meta name=\"robots\" content=\"index, follow, max-snippet:-1, max-image-preview:large, max-video-preview:-1\" \/>\n<link rel=\"canonical\" href=\"https:\/\/www.andamur.com\/pl\/polityka-ochrony-danych-w-kanale-odpowiedzialnym\/\" \/>\n<meta property=\"og:locale\" content=\"pl_PL\" \/>\n<meta property=\"og:type\" content=\"article\" \/>\n<meta property=\"og:title\" content=\"Polityka ochrony danych w kanale odpowiedzialnym - Andamur\" \/>\n<meta property=\"og:description\" content=\"KANA\u0141 ETYCZNY Informacje o przetwarzaniu danych Kto jest odpowiedzialny za przetwarzanie danych osobowych? GP LIMITE ANDAMUR S.L. jest odpowiedzialny za przetwarzanie danych osobowych zainteresowanej strony i informuje, \u017ce dane te b\u0119d\u0105 przetwarzane zgodnie z przepisami Rozporz\u0105dzenia Unii Europejskiej 2016\/679 z dnia 27 kwietnia (RODO) oraz Ustawy Organicznej o Ochronie Danych i Gwarancji Praw Cyfrowych 3\/2018 [&hellip;]\" \/>\n<meta property=\"og:url\" content=\"https:\/\/www.andamur.com\/pl\/polityka-ochrony-danych-w-kanale-odpowiedzialnym\/\" \/>\n<meta property=\"og:site_name\" content=\"Andamur\" \/>\n<meta property=\"article:publisher\" content=\"https:\/\/www.facebook.com\/AndamurEurope\/\" \/>\n<meta property=\"og:image\" content=\"https:\/\/www.andamur.com\/wp-content\/uploads\/2024\/02\/andamurogpic.jpg\" \/>\n\t<meta property=\"og:image:width\" content=\"1200\" \/>\n\t<meta property=\"og:image:height\" content=\"630\" \/>\n\t<meta property=\"og:image:type\" content=\"image\/jpeg\" \/>\n<meta name=\"twitter:card\" content=\"summary_large_image\" \/>\n<meta name=\"twitter:site\" content=\"@andamur_es\" \/>\n<meta name=\"twitter:label1\" content=\"Est. reading time\" \/>\n\t<meta name=\"twitter:data1\" content=\"3 minutes\" \/>\n<script type=\"application\/ld+json\" class=\"yoast-schema-graph\">{\"@context\":\"https:\/\/schema.org\",\"@graph\":[{\"@type\":\"WebPage\",\"@id\":\"https:\/\/www.andamur.com\/pl\/polityka-ochrony-danych-w-kanale-odpowiedzialnym\/\",\"url\":\"https:\/\/www.andamur.com\/pl\/polityka-ochrony-danych-w-kanale-odpowiedzialnym\/\",\"name\":\"Polityka ochrony danych w kanale odpowiedzialnym - Andamur\",\"isPartOf\":{\"@id\":\"https:\/\/www.andamur.com\/#website\"},\"datePublished\":\"2022-01-20T11:51:17+00:00\",\"breadcrumb\":{\"@id\":\"https:\/\/www.andamur.com\/pl\/polityka-ochrony-danych-w-kanale-odpowiedzialnym\/#breadcrumb\"},\"inLanguage\":\"pl-PL\",\"potentialAction\":[{\"@type\":\"ReadAction\",\"target\":[\"https:\/\/www.andamur.com\/pl\/polityka-ochrony-danych-w-kanale-odpowiedzialnym\/\"]}]},{\"@type\":\"BreadcrumbList\",\"@id\":\"https:\/\/www.andamur.com\/pl\/polityka-ochrony-danych-w-kanale-odpowiedzialnym\/#breadcrumb\",\"itemListElement\":[{\"@type\":\"ListItem\",\"position\":1,\"name\":\"Portada\",\"item\":\"https:\/\/www.andamur.com\/pl\/\"},{\"@type\":\"ListItem\",\"position\":2,\"name\":\"Polityka ochrony danych w kanale odpowiedzialnym\"}]},{\"@type\":\"WebSite\",\"@id\":\"https:\/\/www.andamur.com\/#website\",\"url\":\"https:\/\/www.andamur.com\/\",\"name\":\"Andamur\",\"description\":\"Cada viaje importa\",\"publisher\":{\"@id\":\"https:\/\/www.andamur.com\/#organization\"},\"inLanguage\":\"pl-PL\"},{\"@type\":\"Organization\",\"@id\":\"https:\/\/www.andamur.com\/#organization\",\"name\":\"Andamur\",\"url\":\"https:\/\/www.andamur.com\/\",\"logo\":{\"@type\":\"ImageObject\",\"inLanguage\":\"pl-PL\",\"@id\":\"https:\/\/www.andamur.com\/#\/schema\/logo\/image\/\",\"url\":\"https:\/\/www.andamur.com\/wp-content\/uploads\/2024\/02\/andamurogpic.jpg\",\"contentUrl\":\"https:\/\/www.andamur.com\/wp-content\/uploads\/2024\/02\/andamurogpic.jpg\",\"width\":1200,\"height\":630,\"caption\":\"Andamur\"},\"image\":{\"@id\":\"https:\/\/www.andamur.com\/#\/schema\/logo\/image\/\"},\"sameAs\":[\"https:\/\/www.facebook.com\/AndamurEurope\/\",\"https:\/\/x.com\/andamur_es\",\"https:\/\/www.instagram.com\/andamureurope\/\",\"https:\/\/www.youtube.com\/channel\/UCWP1SBl8J8SjUCcWBo_Uu1w\"]}]}<\/script>\n<!-- \/ Yoast SEO plugin. -->","yoast_head_json":{"title":"Polityka ochrony danych w kanale odpowiedzialnym - Andamur","robots":{"index":"index","follow":"follow","max-snippet":"max-snippet:-1","max-image-preview":"max-image-preview:large","max-video-preview":"max-video-preview:-1"},"canonical":"https:\/\/www.andamur.com\/pl\/polityka-ochrony-danych-w-kanale-odpowiedzialnym\/","og_locale":"pl_PL","og_type":"article","og_title":"Polityka ochrony danych w kanale odpowiedzialnym - Andamur","og_description":"KANA\u0141 ETYCZNY Informacje o przetwarzaniu danych Kto jest odpowiedzialny za przetwarzanie danych osobowych? GP LIMITE ANDAMUR S.L. jest odpowiedzialny za przetwarzanie danych osobowych zainteresowanej strony i informuje, \u017ce dane te b\u0119d\u0105 przetwarzane zgodnie z przepisami Rozporz\u0105dzenia Unii Europejskiej 2016\/679 z dnia 27 kwietnia (RODO) oraz Ustawy Organicznej o Ochronie Danych i Gwarancji Praw Cyfrowych 3\/2018 [&hellip;]","og_url":"https:\/\/www.andamur.com\/pl\/polityka-ochrony-danych-w-kanale-odpowiedzialnym\/","og_site_name":"Andamur","article_publisher":"https:\/\/www.facebook.com\/AndamurEurope\/","og_image":[{"width":1200,"height":630,"url":"https:\/\/www.andamur.com\/wp-content\/uploads\/2024\/02\/andamurogpic.jpg","type":"image\/jpeg"}],"twitter_card":"summary_large_image","twitter_site":"@andamur_es","twitter_misc":{"Est. reading time":"3 minutes"},"schema":{"@context":"https:\/\/schema.org","@graph":[{"@type":"WebPage","@id":"https:\/\/www.andamur.com\/pl\/polityka-ochrony-danych-w-kanale-odpowiedzialnym\/","url":"https:\/\/www.andamur.com\/pl\/polityka-ochrony-danych-w-kanale-odpowiedzialnym\/","name":"Polityka ochrony danych w kanale odpowiedzialnym - Andamur","isPartOf":{"@id":"https:\/\/www.andamur.com\/#website"},"datePublished":"2022-01-20T11:51:17+00:00","breadcrumb":{"@id":"https:\/\/www.andamur.com\/pl\/polityka-ochrony-danych-w-kanale-odpowiedzialnym\/#breadcrumb"},"inLanguage":"pl-PL","potentialAction":[{"@type":"ReadAction","target":["https:\/\/www.andamur.com\/pl\/polityka-ochrony-danych-w-kanale-odpowiedzialnym\/"]}]},{"@type":"BreadcrumbList","@id":"https:\/\/www.andamur.com\/pl\/polityka-ochrony-danych-w-kanale-odpowiedzialnym\/#breadcrumb","itemListElement":[{"@type":"ListItem","position":1,"name":"Portada","item":"https:\/\/www.andamur.com\/pl\/"},{"@type":"ListItem","position":2,"name":"Polityka ochrony danych w kanale odpowiedzialnym"}]},{"@type":"WebSite","@id":"https:\/\/www.andamur.com\/#website","url":"https:\/\/www.andamur.com\/","name":"Andamur","description":"Cada viaje importa","publisher":{"@id":"https:\/\/www.andamur.com\/#organization"},"inLanguage":"pl-PL"},{"@type":"Organization","@id":"https:\/\/www.andamur.com\/#organization","name":"Andamur","url":"https:\/\/www.andamur.com\/","logo":{"@type":"ImageObject","inLanguage":"pl-PL","@id":"https:\/\/www.andamur.com\/#\/schema\/logo\/image\/","url":"https:\/\/www.andamur.com\/wp-content\/uploads\/2024\/02\/andamurogpic.jpg","contentUrl":"https:\/\/www.andamur.com\/wp-content\/uploads\/2024\/02\/andamurogpic.jpg","width":1200,"height":630,"caption":"Andamur"},"image":{"@id":"https:\/\/www.andamur.com\/#\/schema\/logo\/image\/"},"sameAs":["https:\/\/www.facebook.com\/AndamurEurope\/","https:\/\/x.com\/andamur_es","https:\/\/www.instagram.com\/andamureurope\/","https:\/\/www.youtube.com\/channel\/UCWP1SBl8J8SjUCcWBo_Uu1w"]}]}},"_links":{"self":[{"href":"https:\/\/www.andamur.com\/pl\/wp-json\/wp\/v2\/pages\/28295","targetHints":{"allow":["GET"]}}],"collection":[{"href":"https:\/\/www.andamur.com\/pl\/wp-json\/wp\/v2\/pages"}],"about":[{"href":"https:\/\/www.andamur.com\/pl\/wp-json\/wp\/v2\/types\/page"}],"author":[{"embeddable":true,"href":"https:\/\/www.andamur.com\/pl\/wp-json\/wp\/v2\/users\/1"}],"replies":[{"embeddable":true,"href":"https:\/\/www.andamur.com\/pl\/wp-json\/wp\/v2\/comments?post=28295"}],"version-history":[{"count":0,"href":"https:\/\/www.andamur.com\/pl\/wp-json\/wp\/v2\/pages\/28295\/revisions"}],"wp:attachment":[{"href":"https:\/\/www.andamur.com\/pl\/wp-json\/wp\/v2\/media?parent=28295"}],"curies":[{"name":"wp","href":"https:\/\/api.w.org\/{rel}","templated":true}]}}